{"id":16844,"date":"2023-12-15T16:16:40","date_gmt":"2023-12-15T15:16:40","guid":{"rendered":"https:\/\/novaenergiaosona.cat\/nueva-energia-osona\/blog-neo\/"},"modified":"2024-05-13T12:46:10","modified_gmt":"2024-05-13T10:46:10","slug":"blog-neo","status":"publish","type":"page","link":"https:\/\/novaenergiaosona.cat\/es\/nova-energia-osona\/blog-neo\/","title":{"rendered":"Blog NEO"},"content":{"rendered":"\t\t<div data-elementor-type=\"wp-page\" data-elementor-id=\"16844\" class=\"elementor elementor-16844 elementor-16064\">\n\t\t\t\t<div class=\"wd-negative-gap elementor-element elementor-element-e4875e2 e-flex e-con-boxed wd-section-disabled e-con e-parent\" data-id=\"e4875e2\" data-element_type=\"container\">\n\t\t\t\t\t<div class=\"e-con-inner\">\n\t\t\t\t<div class=\"elementor-element elementor-element-679cca8 elementor-widget elementor-widget-wd_blog\" data-id=\"679cca8\" data-element_type=\"widget\" data-widget_type=\"wd_blog.default\">\n\t\t\t\t<div class=\"elementor-widget-container\">\n\t\t\t\t\t\t<link rel=\"stylesheet\" id=\"wd-blog-base-css\" href=\"https:\/\/novaenergiaosona.cat\/wp-content\/themes\/woodmart\/css\/parts\/blog-base.min.css?ver=7.3.4\" type=\"text\/css\" media=\"all\" \/> \t\t\t\t\t\t<link rel=\"stylesheet\" id=\"wd-blog-loop-base-old-css\" href=\"https:\/\/novaenergiaosona.cat\/wp-content\/themes\/woodmart\/css\/parts\/blog-loop-base-old.min.css?ver=7.3.4\" type=\"text\/css\" media=\"all\" \/> \t\t\t\t\t\t<link rel=\"stylesheet\" id=\"wd-blog-loop-design-masonry-css\" href=\"https:\/\/novaenergiaosona.cat\/wp-content\/themes\/woodmart\/css\/parts\/blog-loop-design-masonry.min.css?ver=7.3.4\" type=\"text\/css\" media=\"all\" \/> \t\t\t\t\t\t\t\t\t\t<div class=\"wd-blog-holder blog-shortcode blog-pagination- masonry-container wd-spacing-30 row\" id=\"69ee2d34d2142\" data-paged=\"1\" data-atts=\"{&quot;post_type&quot;:&quot;post&quot;,&quot;items_per_page&quot;:100,&quot;include&quot;:null,&quot;taxonomies&quot;:[&quot;71&quot;],&quot;offset&quot;:&quot;&quot;,&quot;orderby&quot;:&quot;&quot;,&quot;order&quot;:&quot;DESC&quot;,&quot;meta_key&quot;:null,&quot;exclude&quot;:&quot;&quot;,&quot;parts_media&quot;:true,&quot;parts_title&quot;:&quot;1&quot;,&quot;parts_meta&quot;:&quot;&quot;,&quot;parts_text&quot;:&quot;1&quot;,&quot;parts_btn&quot;:&quot;&quot;,&quot;img_size&quot;:&quot;large&quot;,&quot;blog_design&quot;:&quot;masonry&quot;,&quot;blog_carousel_design&quot;:null,&quot;blog_columns&quot;:{&quot;unit&quot;:&quot;px&quot;,&quot;size&quot;:3,&quot;sizes&quot;:[]},&quot;blog_columns_tablet&quot;:{&quot;size&quot;:&quot;&quot;},&quot;blog_columns_mobile&quot;:{&quot;size&quot;:&quot;&quot;},&quot;blog_spacing&quot;:30,&quot;pagination&quot;:&quot;&quot;,&quot;speed&quot;:null,&quot;slides_per_view&quot;:null,&quot;slides_per_view_tablet&quot;:{&quot;size&quot;:&quot;&quot;},&quot;slides_per_view_mobile&quot;:{&quot;size&quot;:&quot;&quot;},&quot;wrap&quot;:null,&quot;autoplay&quot;:null,&quot;hide_pagination_control&quot;:null,&quot;hide_prev_next_buttons&quot;:null,&quot;scroll_per_page&quot;:null,&quot;lazy_loading&quot;:&quot;no&quot;,&quot;scroll_carousel_init&quot;:null,&quot;ajax_page&quot;:&quot;&quot;,&quot;custom_sizes&quot;:false,&quot;elementor&quot;:true}\" data-source=\"shortcode\">\n\t\t\t\n\t\t\t\t\t\t\t\t\t\t\t\t\t\t\t\t\t\t\t\n<article id=\"post-18133\" class=\"blog-design-masonry blog-post-loop blog-style-bg wd-add-shadow  col-lg-4 col-md-4 col-sm-6 col-12 post-18133 post type-post status-publish format-standard has-post-thumbnail hentry category-noticias-neo category-noticias-otc category-noticies-neo category-noticies-otc\">\n\t<div class=\"article-inner\">\n\t\t\t\t\t<header class=\"entry-header\">\n\t\t\t\t\t\t\t\t\t\n\t\t\t\t\t<figure id=\"carousel-885\" class=\"entry-thumbnail\" data-owl-carousel data-hide_pagination_control=\"yes\" data-desktop=\"1\" data-tablet=\"1\" data-tablet_landscape=\"1\" data-mobile=\"1\">\n\t\t\t\t\t\t\n\t\t\t\t\t\t\t<div class=\"post-img-wrapp\">\n\t\t\t\t\t\t\t\t<a href=\"https:\/\/novaenergiaosona.cat\/es\/2025\/10\/06\/presentacion-de-la-guia-practica-de-participacion-en-comunidades-energeticas-en-alternat-2025\/\">\n\t\t\t\t\t\t\t\t\t<img fetchpriority=\"high\" decoding=\"async\" width=\"1067\" height=\"800\" src=\"https:\/\/novaenergiaosona.cat\/wp-content\/uploads\/2025\/10\/WhatsApp-Image-2025-10-06-at-08.14.43-1067x800.jpeg\" class=\"attachment-large size-large\" alt=\"\" srcset=\"https:\/\/novaenergiaosona.cat\/wp-content\/uploads\/2025\/10\/WhatsApp-Image-2025-10-06-at-08.14.43-1067x800.jpeg 1067w, https:\/\/novaenergiaosona.cat\/wp-content\/uploads\/2025\/10\/WhatsApp-Image-2025-10-06-at-08.14.43-400x300.jpeg 400w, https:\/\/novaenergiaosona.cat\/wp-content\/uploads\/2025\/10\/WhatsApp-Image-2025-10-06-at-08.14.43-768x576.jpeg 768w, https:\/\/novaenergiaosona.cat\/wp-content\/uploads\/2025\/10\/WhatsApp-Image-2025-10-06-at-08.14.43-1536x1152.jpeg 1536w, https:\/\/novaenergiaosona.cat\/wp-content\/uploads\/2025\/10\/WhatsApp-Image-2025-10-06-at-08.14.43-860x645.jpeg 860w, https:\/\/novaenergiaosona.cat\/wp-content\/uploads\/2025\/10\/WhatsApp-Image-2025-10-06-at-08.14.43-430x323.jpeg 430w, https:\/\/novaenergiaosona.cat\/wp-content\/uploads\/2025\/10\/WhatsApp-Image-2025-10-06-at-08.14.43-700x525.jpeg 700w, https:\/\/novaenergiaosona.cat\/wp-content\/uploads\/2025\/10\/WhatsApp-Image-2025-10-06-at-08.14.43-150x113.jpeg 150w, https:\/\/novaenergiaosona.cat\/wp-content\/uploads\/2025\/10\/WhatsApp-Image-2025-10-06-at-08.14.43.jpeg 1600w\" sizes=\"(max-width: 1067px) 100vw, 1067px\" \/>\t\t\t\t\t\t\t\t<\/a>\n\t\t\t\t\t\t\t<\/div>\n\t\t\t\t\t\t\t<div class=\"post-image-mask\">\n\t\t\t\t\t\t\t\t<span><\/span>\n\t\t\t\t\t\t\t<\/div>\n\n\t\t\t\t\t\t\n\t\t\t\t\t<\/figure>\n\t\t\t\t\n\t\t\t\t\t\t\t\t\t\t\t\t<div class=\"post-date wd-post-date wd-style-with-bg\" onclick=\"\">\n\t\t\t\t<span class=\"post-date-day\">\n\t\t\t\t\t06\t\t\t\t<\/span>\n\t\t\t\t<span class=\"post-date-month\">\n\t\t\t\t\tOct\t\t\t\t<\/span>\n\t\t\t<\/div>\n\t\t\t\t\t\t\n\t\t\t<\/header><!-- .entry-header -->\n\n\t\t<div class=\"article-body-container\">\n\t\t\t\n\t\t\t\t\n\t\t\t\t\t\t\t\t\t<h3 class=\"wd-entities-title title post-title\">\n\t\t\t\t\t\t<a href=\"https:\/\/novaenergiaosona.cat\/es\/2025\/10\/06\/presentacion-de-la-guia-practica-de-participacion-en-comunidades-energeticas-en-alternat-2025\/\" rel=\"bookmark\">Presentaci\u00f3n de la Gu\u00eda pr\u00e1ctica de participaci\u00f3n en comunidades energ\u00e9ticas en alTERna\u2019t 2025<\/a>\n\t\t\t\t\t<\/h3>\n\t\t\t\t\n\t\t\t\t\t\t\t\n\t\t\t\t\t\t\t\n\t\t\t\t                    <div class=\"entry-content wd-entry-content\">\n\t\t\t\t\t\t\n\t\t\t\t\t\t\t\t\t\t\t<\/div><!-- .entry-content -->\n\t\t\t\t\n\t\t\t\t\t\t\t\n\t\t\t\n\t\t\t\t\t<\/div>\n\t<\/div>\n<\/article><!-- #post -->\n\n\n\t\t\t\t\t\t\t\t\t\t\t\t\t\t\t\t\t\t\t\n<article id=\"post-18052\" class=\"blog-design-masonry blog-post-loop blog-style-bg wd-add-shadow  col-lg-4 col-md-4 col-sm-6 col-12 first  post-18052 post type-post status-publish format-standard has-post-thumbnail hentry category-noticias-neo category-noticias-otc category-noticies-neo category-noticies-otc\">\n\t<div class=\"article-inner\">\n\t\t\t\t\t<header class=\"entry-header\">\n\t\t\t\t\t\t\t\t\t\n\t\t\t\t\t<figure id=\"carousel-974\" class=\"entry-thumbnail\" data-owl-carousel data-hide_pagination_control=\"yes\" data-desktop=\"1\" data-tablet=\"1\" data-tablet_landscape=\"1\" data-mobile=\"1\">\n\t\t\t\t\t\t\n\t\t\t\t\t\t\t<div class=\"post-img-wrapp\">\n\t\t\t\t\t\t\t\t<a href=\"https:\/\/novaenergiaosona.cat\/es\/2025\/06\/14\/comunidades-energeticas-en-accion\/\">\n\t\t\t\t\t\t\t\t\t<img decoding=\"async\" width=\"1200\" height=\"800\" src=\"https:\/\/novaenergiaosona.cat\/wp-content\/uploads\/2025\/07\/Igualada-1200x800.jpg\" class=\"attachment-large size-large\" alt=\"\" srcset=\"https:\/\/novaenergiaosona.cat\/wp-content\/uploads\/2025\/07\/Igualada-1200x800.jpg 1200w, https:\/\/novaenergiaosona.cat\/wp-content\/uploads\/2025\/07\/Igualada-400x267.jpg 400w, https:\/\/novaenergiaosona.cat\/wp-content\/uploads\/2025\/07\/Igualada-768x512.jpg 768w, https:\/\/novaenergiaosona.cat\/wp-content\/uploads\/2025\/07\/Igualada-391x260.jpg 391w, https:\/\/novaenergiaosona.cat\/wp-content\/uploads\/2025\/07\/Igualada-860x573.jpg 860w, https:\/\/novaenergiaosona.cat\/wp-content\/uploads\/2025\/07\/Igualada-430x287.jpg 430w, https:\/\/novaenergiaosona.cat\/wp-content\/uploads\/2025\/07\/Igualada-700x467.jpg 700w, https:\/\/novaenergiaosona.cat\/wp-content\/uploads\/2025\/07\/Igualada-150x100.jpg 150w, https:\/\/novaenergiaosona.cat\/wp-content\/uploads\/2025\/07\/Igualada.jpg 1476w\" sizes=\"(max-width: 1200px) 100vw, 1200px\" \/>\t\t\t\t\t\t\t\t<\/a>\n\t\t\t\t\t\t\t<\/div>\n\t\t\t\t\t\t\t<div class=\"post-image-mask\">\n\t\t\t\t\t\t\t\t<span><\/span>\n\t\t\t\t\t\t\t<\/div>\n\n\t\t\t\t\t\t\n\t\t\t\t\t<\/figure>\n\t\t\t\t\n\t\t\t\t\t\t\t\t\t\t\t\t<div class=\"post-date wd-post-date wd-style-with-bg\" onclick=\"\">\n\t\t\t\t<span class=\"post-date-day\">\n\t\t\t\t\t14\t\t\t\t<\/span>\n\t\t\t\t<span class=\"post-date-month\">\n\t\t\t\t\tJun\t\t\t\t<\/span>\n\t\t\t<\/div>\n\t\t\t\t\t\t\n\t\t\t<\/header><!-- .entry-header -->\n\n\t\t<div class=\"article-body-container\">\n\t\t\t\n\t\t\t\t\n\t\t\t\t\t\t\t\t\t<h3 class=\"wd-entities-title title post-title\">\n\t\t\t\t\t\t<a href=\"https:\/\/novaenergiaosona.cat\/es\/2025\/06\/14\/comunidades-energeticas-en-accion\/\" rel=\"bookmark\">Comunidades energ\u00e9ticas en acci\u00f3n<\/a>\n\t\t\t\t\t<\/h3>\n\t\t\t\t\n\t\t\t\t\t\t\t\n\t\t\t\t\t\t\t\n\t\t\t\t                    <div class=\"entry-content wd-entry-content\">\n\t\t\t\t\t\t\n\t\t\t\t\t\t\t\t\t\t\t<\/div><!-- .entry-content -->\n\t\t\t\t\n\t\t\t\t\t\t\t\n\t\t\t\n\t\t\t\t\t<\/div>\n\t<\/div>\n<\/article><!-- #post -->\n\n\n\t\t\t\t\t\t\t\t\t\t\t\t\t\t\t\t\t\t\t\n<article id=\"post-17674\" class=\"blog-design-masonry blog-post-loop blog-style-bg wd-add-shadow  col-lg-4 col-md-4 col-sm-6 col-12 post-17674 post type-post status-publish format-standard has-post-thumbnail hentry category-noticias-neo category-noticias-otc tag-neonews-es\">\n\t<div class=\"article-inner\">\n\t\t\t\t\t<header class=\"entry-header\">\n\t\t\t\t\t\t\t\t\t\n\t\t\t\t\t<figure id=\"carousel-756\" class=\"entry-thumbnail\" data-owl-carousel data-hide_pagination_control=\"yes\" data-desktop=\"1\" data-tablet=\"1\" data-tablet_landscape=\"1\" data-mobile=\"1\">\n\t\t\t\t\t\t\n\t\t\t\t\t\t\t<div class=\"post-img-wrapp\">\n\t\t\t\t\t\t\t\t<a href=\"https:\/\/novaenergiaosona.cat\/es\/2024\/12\/19\/otono-formativo-caracteristicas-de-los-autoconsumos-como-servicio-para-comunidades-energeticas\/\">\n\t\t\t\t\t\t\t\t\t<img decoding=\"async\" width=\"566\" height=\"800\" src=\"https:\/\/novaenergiaosona.cat\/wp-content\/uploads\/2024\/09\/Formacions-per-comunitats-energetiques-2-566x800.jpg\" class=\"attachment-large size-large\" alt=\"\" srcset=\"https:\/\/novaenergiaosona.cat\/wp-content\/uploads\/2024\/09\/Formacions-per-comunitats-energetiques-2-566x800.jpg 566w, https:\/\/novaenergiaosona.cat\/wp-content\/uploads\/2024\/09\/Formacions-per-comunitats-energetiques-2-212x300.jpg 212w, https:\/\/novaenergiaosona.cat\/wp-content\/uploads\/2024\/09\/Formacions-per-comunitats-energetiques-2-768x1086.jpg 768w, https:\/\/novaenergiaosona.cat\/wp-content\/uploads\/2024\/09\/Formacions-per-comunitats-energetiques-2-1086x1536.jpg 1086w, https:\/\/novaenergiaosona.cat\/wp-content\/uploads\/2024\/09\/Formacions-per-comunitats-energetiques-2-1448x2048.jpg 1448w, https:\/\/novaenergiaosona.cat\/wp-content\/uploads\/2024\/09\/Formacions-per-comunitats-energetiques-2-860x1217.jpg 860w, https:\/\/novaenergiaosona.cat\/wp-content\/uploads\/2024\/09\/Formacions-per-comunitats-energetiques-2-430x608.jpg 430w, https:\/\/novaenergiaosona.cat\/wp-content\/uploads\/2024\/09\/Formacions-per-comunitats-energetiques-2-700x990.jpg 700w, https:\/\/novaenergiaosona.cat\/wp-content\/uploads\/2024\/09\/Formacions-per-comunitats-energetiques-2-150x212.jpg 150w, https:\/\/novaenergiaosona.cat\/wp-content\/uploads\/2024\/09\/Formacions-per-comunitats-energetiques-2.jpg 1587w\" sizes=\"(max-width: 566px) 100vw, 566px\" \/>\t\t\t\t\t\t\t\t<\/a>\n\t\t\t\t\t\t\t<\/div>\n\t\t\t\t\t\t\t<div class=\"post-image-mask\">\n\t\t\t\t\t\t\t\t<span><\/span>\n\t\t\t\t\t\t\t<\/div>\n\n\t\t\t\t\t\t\n\t\t\t\t\t<\/figure>\n\t\t\t\t\n\t\t\t\t\t\t\t\t\t\t\t\t<div class=\"post-date wd-post-date wd-style-with-bg\" onclick=\"\">\n\t\t\t\t<span class=\"post-date-day\">\n\t\t\t\t\t19\t\t\t\t<\/span>\n\t\t\t\t<span class=\"post-date-month\">\n\t\t\t\t\tDic\t\t\t\t<\/span>\n\t\t\t<\/div>\n\t\t\t\t\t\t\n\t\t\t<\/header><!-- .entry-header -->\n\n\t\t<div class=\"article-body-container\">\n\t\t\t\n\t\t\t\t\n\t\t\t\t\t\t\t\t\t<h3 class=\"wd-entities-title title post-title\">\n\t\t\t\t\t\t<a href=\"https:\/\/novaenergiaosona.cat\/es\/2024\/12\/19\/otono-formativo-caracteristicas-de-los-autoconsumos-como-servicio-para-comunidades-energeticas\/\" rel=\"bookmark\">Oto\u00f1o formativo: Caracter\u00edsticas de los autoconsumos como servicio para comunidades energ\u00e9ticas<\/a>\n\t\t\t\t\t<\/h3>\n\t\t\t\t\n\t\t\t\t\t\t\t\n\t\t\t\t\t\t\t\n\t\t\t\t                    <div class=\"entry-content wd-entry-content\">\n\t\t\t\t\t\t\n\t\t\t\t\t\t\t\t\t\t\t<\/div><!-- .entry-content -->\n\t\t\t\t\n\t\t\t\t\t\t\t\n\t\t\t\n\t\t\t\t\t<\/div>\n\t<\/div>\n<\/article><!-- #post -->\n\n\n\t\t\t\t\t\t\t\t\t\t\t\t\t\t\t\t\t\t\t\n<article id=\"post-18150\" class=\"blog-design-masonry blog-post-loop blog-style-bg wd-add-shadow  col-lg-4 col-md-4 col-sm-6 col-12 last  post-18150 post type-post status-publish format-standard has-post-thumbnail hentry category-noticias-neo category-noticias-otc category-noticies-neo category-noticies-otc\">\n\t<div class=\"article-inner\">\n\t\t\t\t\t<header class=\"entry-header\">\n\t\t\t\t\t\t\t\t\t\n\t\t\t\t\t<figure id=\"carousel-257\" class=\"entry-thumbnail\" data-owl-carousel data-hide_pagination_control=\"yes\" data-desktop=\"1\" data-tablet=\"1\" data-tablet_landscape=\"1\" data-mobile=\"1\">\n\t\t\t\t\t\t\n\t\t\t\t\t\t\t<div class=\"post-img-wrapp\">\n\t\t\t\t\t\t\t\t<a href=\"https:\/\/novaenergiaosona.cat\/es\/2024\/05\/13\/primer-encuentro-virtual-otc\/\">\n\t\t\t\t\t\t\t\t\t<img loading=\"lazy\" decoding=\"async\" width=\"1300\" height=\"585\" src=\"https:\/\/novaenergiaosona.cat\/wp-content\/uploads\/2025\/10\/1er-encuentro-virtual-OTC.jpg\" class=\"attachment-large size-large\" alt=\"\" srcset=\"https:\/\/novaenergiaosona.cat\/wp-content\/uploads\/2025\/10\/1er-encuentro-virtual-OTC.jpg 1300w, https:\/\/novaenergiaosona.cat\/wp-content\/uploads\/2025\/10\/1er-encuentro-virtual-OTC-400x180.jpg 400w, https:\/\/novaenergiaosona.cat\/wp-content\/uploads\/2025\/10\/1er-encuentro-virtual-OTC-768x346.jpg 768w, https:\/\/novaenergiaosona.cat\/wp-content\/uploads\/2025\/10\/1er-encuentro-virtual-OTC-860x387.jpg 860w, https:\/\/novaenergiaosona.cat\/wp-content\/uploads\/2025\/10\/1er-encuentro-virtual-OTC-430x194.jpg 430w, https:\/\/novaenergiaosona.cat\/wp-content\/uploads\/2025\/10\/1er-encuentro-virtual-OTC-700x315.jpg 700w, https:\/\/novaenergiaosona.cat\/wp-content\/uploads\/2025\/10\/1er-encuentro-virtual-OTC-150x68.jpg 150w\" sizes=\"(max-width: 1300px) 100vw, 1300px\" \/>\t\t\t\t\t\t\t\t<\/a>\n\t\t\t\t\t\t\t<\/div>\n\t\t\t\t\t\t\t<div class=\"post-image-mask\">\n\t\t\t\t\t\t\t\t<span><\/span>\n\t\t\t\t\t\t\t<\/div>\n\n\t\t\t\t\t\t\n\t\t\t\t\t<\/figure>\n\t\t\t\t\n\t\t\t\t\t\t\t\t\t\t\t\t<div class=\"post-date wd-post-date wd-style-with-bg\" onclick=\"\">\n\t\t\t\t<span class=\"post-date-day\">\n\t\t\t\t\t13\t\t\t\t<\/span>\n\t\t\t\t<span class=\"post-date-month\">\n\t\t\t\t\tMay\t\t\t\t<\/span>\n\t\t\t<\/div>\n\t\t\t\t\t\t\n\t\t\t<\/header><!-- .entry-header -->\n\n\t\t<div class=\"article-body-container\">\n\t\t\t\n\t\t\t\t\n\t\t\t\t\t\t\t\t\t<h3 class=\"wd-entities-title title post-title\">\n\t\t\t\t\t\t<a href=\"https:\/\/novaenergiaosona.cat\/es\/2024\/05\/13\/primer-encuentro-virtual-otc\/\" rel=\"bookmark\">Primer encuentro virtual OTC<\/a>\n\t\t\t\t\t<\/h3>\n\t\t\t\t\n\t\t\t\t\t\t\t\n\t\t\t\t\t\t\t\n\t\t\t\t                    <div class=\"entry-content wd-entry-content\">\n\t\t\t\t\t\t\n\t\t\t\t\t\t\t\t\t\t\t<\/div><!-- .entry-content -->\n\t\t\t\t\n\t\t\t\t\t\t\t\n\t\t\t\n\t\t\t\t\t<\/div>\n\t<\/div>\n<\/article><!-- #post -->\n\n\n\t\t\t\t\t\t\t\t\t\t\t\t\t\t\t\t\t\t\t\n<article id=\"post-18148\" class=\"blog-design-masonry blog-post-loop blog-style-bg wd-add-shadow  col-lg-4 col-md-4 col-sm-6 col-12 first  post-18148 post type-post status-publish format-standard has-post-thumbnail hentry category-noticias-neo category-noticias-otc category-noticies-neo category-noticies-otc\">\n\t<div class=\"article-inner\">\n\t\t\t\t\t<header class=\"entry-header\">\n\t\t\t\t\t\t\t\t\t\n\t\t\t\t\t<figure id=\"carousel-634\" class=\"entry-thumbnail\" data-owl-carousel data-hide_pagination_control=\"yes\" data-desktop=\"1\" data-tablet=\"1\" data-tablet_landscape=\"1\" data-mobile=\"1\">\n\t\t\t\t\t\t\n\t\t\t\t\t\t\t<div class=\"post-img-wrapp\">\n\t\t\t\t\t\t\t\t<a href=\"https:\/\/novaenergiaosona.cat\/es\/2024\/04\/22\/reunion-de-coordinacion-entre-el-idae-y-las-otcs-aclaraciones-clave-sobre-la-justificacion-y-los-limites-de-actuacion\/\">\n\t\t\t\t\t\t\t\t\t<img loading=\"lazy\" decoding=\"async\" width=\"1300\" height=\"668\" src=\"https:\/\/novaenergiaosona.cat\/wp-content\/uploads\/2025\/10\/IDAE-preparacion-reunion-1300x668.jpg\" class=\"attachment-large size-large\" alt=\"\" srcset=\"https:\/\/novaenergiaosona.cat\/wp-content\/uploads\/2025\/10\/IDAE-preparacion-reunion-1300x668.jpg 1300w, https:\/\/novaenergiaosona.cat\/wp-content\/uploads\/2025\/10\/IDAE-preparacion-reunion-400x206.jpg 400w, https:\/\/novaenergiaosona.cat\/wp-content\/uploads\/2025\/10\/IDAE-preparacion-reunion-768x395.jpg 768w, https:\/\/novaenergiaosona.cat\/wp-content\/uploads\/2025\/10\/IDAE-preparacion-reunion-860x442.jpg 860w, https:\/\/novaenergiaosona.cat\/wp-content\/uploads\/2025\/10\/IDAE-preparacion-reunion-430x221.jpg 430w, https:\/\/novaenergiaosona.cat\/wp-content\/uploads\/2025\/10\/IDAE-preparacion-reunion-700x360.jpg 700w, https:\/\/novaenergiaosona.cat\/wp-content\/uploads\/2025\/10\/IDAE-preparacion-reunion-150x77.jpg 150w, https:\/\/novaenergiaosona.cat\/wp-content\/uploads\/2025\/10\/IDAE-preparacion-reunion.jpg 1354w\" sizes=\"(max-width: 1300px) 100vw, 1300px\" \/>\t\t\t\t\t\t\t\t<\/a>\n\t\t\t\t\t\t\t<\/div>\n\t\t\t\t\t\t\t<div class=\"post-image-mask\">\n\t\t\t\t\t\t\t\t<span><\/span>\n\t\t\t\t\t\t\t<\/div>\n\n\t\t\t\t\t\t\n\t\t\t\t\t<\/figure>\n\t\t\t\t\n\t\t\t\t\t\t\t\t\t\t\t\t<div class=\"post-date wd-post-date wd-style-with-bg\" onclick=\"\">\n\t\t\t\t<span class=\"post-date-day\">\n\t\t\t\t\t22\t\t\t\t<\/span>\n\t\t\t\t<span class=\"post-date-month\">\n\t\t\t\t\tAbr\t\t\t\t<\/span>\n\t\t\t<\/div>\n\t\t\t\t\t\t\n\t\t\t<\/header><!-- .entry-header -->\n\n\t\t<div class=\"article-body-container\">\n\t\t\t\n\t\t\t\t\n\t\t\t\t\t\t\t\t\t<h3 class=\"wd-entities-title title post-title\">\n\t\t\t\t\t\t<a href=\"https:\/\/novaenergiaosona.cat\/es\/2024\/04\/22\/reunion-de-coordinacion-entre-el-idae-y-las-otcs-aclaraciones-clave-sobre-la-justificacion-y-los-limites-de-actuacion\/\" rel=\"bookmark\">Reuni\u00f3n de coordinaci\u00f3n entre el IDAE y las OTCs: aclaraciones clave sobre la justificaci\u00f3n y los l\u00edmites de actuaci\u00f3n<\/a>\n\t\t\t\t\t<\/h3>\n\t\t\t\t\n\t\t\t\t\t\t\t\n\t\t\t\t\t\t\t\n\t\t\t\t                    <div class=\"entry-content wd-entry-content\">\n\t\t\t\t\t\t\n\t\t\t\t\t\t\t\t\t\t\t<\/div><!-- .entry-content -->\n\t\t\t\t\n\t\t\t\t\t\t\t\n\t\t\t\n\t\t\t\t\t<\/div>\n\t<\/div>\n<\/article><!-- #post -->\n\n\n\t\t\t\t\t\t\t\t\t\t\t\t\t\t\t\t\t\t\t\n<article id=\"post-16893\" class=\"blog-design-masonry blog-post-loop blog-style-bg wd-add-shadow  col-lg-4 col-md-4 col-sm-6 col-12 post-16893 post type-post status-publish format-standard has-post-thumbnail hentry category-noticias-neo tag-movilidad\">\n\t<div class=\"article-inner\">\n\t\t\t\t\t<header class=\"entry-header\">\n\t\t\t\t\t\t\t\t\t\n\t\t\t\t\t<figure id=\"carousel-383\" class=\"entry-thumbnail\" data-owl-carousel data-hide_pagination_control=\"yes\" data-desktop=\"1\" data-tablet=\"1\" data-tablet_landscape=\"1\" data-mobile=\"1\">\n\t\t\t\t\t\t\n\t\t\t\t\t\t\t<div class=\"post-img-wrapp\">\n\t\t\t\t\t\t\t\t<a href=\"https:\/\/novaenergiaosona.cat\/es\/2024\/04\/02\/osona-comarca-pionera-en-el-impulso-de-la-movilidad-electrica-compartida-y-la-transicion-energetica\/\">\n\t\t\t\t\t\t\t\t\t<img loading=\"lazy\" decoding=\"async\" width=\"1200\" height=\"500\" src=\"https:\/\/novaenergiaosona.cat\/wp-content\/uploads\/2024\/04\/Som-Mobilitat.jpg\" class=\"attachment-large size-large\" alt=\"\" srcset=\"https:\/\/novaenergiaosona.cat\/wp-content\/uploads\/2024\/04\/Som-Mobilitat.jpg 1200w, https:\/\/novaenergiaosona.cat\/wp-content\/uploads\/2024\/04\/Som-Mobilitat-400x167.jpg 400w, https:\/\/novaenergiaosona.cat\/wp-content\/uploads\/2024\/04\/Som-Mobilitat-768x320.jpg 768w, https:\/\/novaenergiaosona.cat\/wp-content\/uploads\/2024\/04\/Som-Mobilitat-860x358.jpg 860w, https:\/\/novaenergiaosona.cat\/wp-content\/uploads\/2024\/04\/Som-Mobilitat-430x179.jpg 430w, https:\/\/novaenergiaosona.cat\/wp-content\/uploads\/2024\/04\/Som-Mobilitat-700x292.jpg 700w, https:\/\/novaenergiaosona.cat\/wp-content\/uploads\/2024\/04\/Som-Mobilitat-150x63.jpg 150w\" sizes=\"(max-width: 1200px) 100vw, 1200px\" \/>\t\t\t\t\t\t\t\t<\/a>\n\t\t\t\t\t\t\t<\/div>\n\t\t\t\t\t\t\t<div class=\"post-image-mask\">\n\t\t\t\t\t\t\t\t<span><\/span>\n\t\t\t\t\t\t\t<\/div>\n\n\t\t\t\t\t\t\n\t\t\t\t\t<\/figure>\n\t\t\t\t\n\t\t\t\t\t\t\t\t\t\t\t\t<div class=\"post-date wd-post-date wd-style-with-bg\" onclick=\"\">\n\t\t\t\t<span class=\"post-date-day\">\n\t\t\t\t\t02\t\t\t\t<\/span>\n\t\t\t\t<span class=\"post-date-month\">\n\t\t\t\t\tAbr\t\t\t\t<\/span>\n\t\t\t<\/div>\n\t\t\t\t\t\t\n\t\t\t<\/header><!-- .entry-header -->\n\n\t\t<div class=\"article-body-container\">\n\t\t\t\n\t\t\t\t\n\t\t\t\t\t\t\t\t\t<h3 class=\"wd-entities-title title post-title\">\n\t\t\t\t\t\t<a href=\"https:\/\/novaenergiaosona.cat\/es\/2024\/04\/02\/osona-comarca-pionera-en-el-impulso-de-la-movilidad-electrica-compartida-y-la-transicion-energetica\/\" rel=\"bookmark\">OSONA, COMARCA PIONERA EN EL IMPULSO DE LA MOVILIDAD EL\u00c9CTRICA COMPARTIDA Y LA TRANSICI\u00d3N ENERG\u00c9TICA<\/a>\n\t\t\t\t\t<\/h3>\n\t\t\t\t\n\t\t\t\t\t\t\t\n\t\t\t\t\t\t\t\n\t\t\t\t                    <div class=\"entry-content wd-entry-content\">\n\t\t\t\t\t\t\n\t\t\t\t\t\t\t\t\t\t\t<\/div><!-- .entry-content -->\n\t\t\t\t\n\t\t\t\t\t\t\t\n\t\t\t\n\t\t\t\t\t<\/div>\n\t<\/div>\n<\/article><!-- #post -->\n\n\n\t\t\t\t\t\t\t\t\t\t\t\t\t\t\t\t\t\t\t\n<article id=\"post-16885\" class=\"blog-design-masonry blog-post-loop blog-style-bg wd-add-shadow  col-lg-4 col-md-4 col-sm-6 col-12 last  post-16885 post type-post status-publish format-standard has-post-thumbnail hentry category-noticias-neo category-noticias-otc tag-neonews-es\">\n\t<div class=\"article-inner\">\n\t\t\t\t\t<header class=\"entry-header\">\n\t\t\t\t\t\t\t\t\t\n\t\t\t\t\t<figure id=\"carousel-424\" class=\"entry-thumbnail\" data-owl-carousel data-hide_pagination_control=\"yes\" data-desktop=\"1\" data-tablet=\"1\" data-tablet_landscape=\"1\" data-mobile=\"1\">\n\t\t\t\t\t\t\n\t\t\t\t\t\t\t<div class=\"post-img-wrapp\">\n\t\t\t\t\t\t\t\t<a href=\"https:\/\/novaenergiaosona.cat\/es\/2024\/02\/15\/la-transicion-energetica-avanza-a-un-ritmo-desigual\/\">\n\t\t\t\t\t\t\t\t\t<img loading=\"lazy\" decoding=\"async\" width=\"1062\" height=\"800\" src=\"https:\/\/novaenergiaosona.cat\/wp-content\/uploads\/2024\/02\/Portada-NEONews-3-1062x800.jpg\" class=\"attachment-large size-large\" alt=\"\" srcset=\"https:\/\/novaenergiaosona.cat\/wp-content\/uploads\/2024\/02\/Portada-NEONews-3-1062x800.jpg 1062w, https:\/\/novaenergiaosona.cat\/wp-content\/uploads\/2024\/02\/Portada-NEONews-3-398x300.jpg 398w, https:\/\/novaenergiaosona.cat\/wp-content\/uploads\/2024\/02\/Portada-NEONews-3-768x579.jpg 768w, https:\/\/novaenergiaosona.cat\/wp-content\/uploads\/2024\/02\/Portada-NEONews-3-860x648.jpg 860w, https:\/\/novaenergiaosona.cat\/wp-content\/uploads\/2024\/02\/Portada-NEONews-3-430x324.jpg 430w, https:\/\/novaenergiaosona.cat\/wp-content\/uploads\/2024\/02\/Portada-NEONews-3-700x527.jpg 700w, https:\/\/novaenergiaosona.cat\/wp-content\/uploads\/2024\/02\/Portada-NEONews-3-150x113.jpg 150w, https:\/\/novaenergiaosona.cat\/wp-content\/uploads\/2024\/02\/Portada-NEONews-3.jpg 1412w\" sizes=\"(max-width: 1062px) 100vw, 1062px\" \/>\t\t\t\t\t\t\t\t<\/a>\n\t\t\t\t\t\t\t<\/div>\n\t\t\t\t\t\t\t<div class=\"post-image-mask\">\n\t\t\t\t\t\t\t\t<span><\/span>\n\t\t\t\t\t\t\t<\/div>\n\n\t\t\t\t\t\t\n\t\t\t\t\t<\/figure>\n\t\t\t\t\n\t\t\t\t\t\t\t\t\t\t\t\t<div class=\"post-date wd-post-date wd-style-with-bg\" onclick=\"\">\n\t\t\t\t<span class=\"post-date-day\">\n\t\t\t\t\t15\t\t\t\t<\/span>\n\t\t\t\t<span class=\"post-date-month\">\n\t\t\t\t\tFeb\t\t\t\t<\/span>\n\t\t\t<\/div>\n\t\t\t\t\t\t\n\t\t\t<\/header><!-- .entry-header -->\n\n\t\t<div class=\"article-body-container\">\n\t\t\t\n\t\t\t\t\n\t\t\t\t\t\t\t\t\t<h3 class=\"wd-entities-title title post-title\">\n\t\t\t\t\t\t<a href=\"https:\/\/novaenergiaosona.cat\/es\/2024\/02\/15\/la-transicion-energetica-avanza-a-un-ritmo-desigual\/\" rel=\"bookmark\">La transici\u00f3n energ\u00e9tica avanza a un ritmo desigual<\/a>\n\t\t\t\t\t<\/h3>\n\t\t\t\t\n\t\t\t\t\t\t\t\n\t\t\t\t\t\t\t\n\t\t\t\t                    <div class=\"entry-content wd-entry-content\">\n\t\t\t\t\t\t\n\t\t\t\t\t\t\t\t\t\t\t<\/div><!-- .entry-content -->\n\t\t\t\t\n\t\t\t\t\t\t\t\n\t\t\t\n\t\t\t\t\t<\/div>\n\t<\/div>\n<\/article><!-- #post -->\n\n\n\t\t\t\t\t\t\t\t\t\t\t\t\t\t\t\t\t\t\t\n<article id=\"post-16936\" class=\"blog-design-masonry blog-post-loop blog-style-bg wd-add-shadow  col-lg-4 col-md-4 col-sm-6 col-12 first  post-16936 post type-post status-publish format-standard has-post-thumbnail hentry category-noticias-neo category-noticias-otc tag-fecs-es\">\n\t<div class=\"article-inner\">\n\t\t\t\t\t<header class=\"entry-header\">\n\t\t\t\t\t\t\t\t\t\n\t\t\t\t\t<figure id=\"carousel-404\" class=\"entry-thumbnail\" data-owl-carousel data-hide_pagination_control=\"yes\" data-desktop=\"1\" data-tablet=\"1\" data-tablet_landscape=\"1\" data-mobile=\"1\">\n\t\t\t\t\t\t\n\t\t\t\t\t\t\t<div class=\"post-img-wrapp\">\n\t\t\t\t\t\t\t\t<a href=\"https:\/\/novaenergiaosona.cat\/es\/2024\/02\/12\/llega-una-nueva-edicion-de-la-feria-de-la-energia-y-la-construccion-sostenible\/\">\n\t\t\t\t\t\t\t\t\t<img loading=\"lazy\" decoding=\"async\" width=\"566\" height=\"800\" src=\"https:\/\/novaenergiaosona.cat\/wp-content\/uploads\/2024\/02\/FECS-2024-566x800.jpg\" class=\"attachment-large size-large\" alt=\"\" srcset=\"https:\/\/novaenergiaosona.cat\/wp-content\/uploads\/2024\/02\/FECS-2024-566x800.jpg 566w, https:\/\/novaenergiaosona.cat\/wp-content\/uploads\/2024\/02\/FECS-2024-212x300.jpg 212w, https:\/\/novaenergiaosona.cat\/wp-content\/uploads\/2024\/02\/FECS-2024-768x1085.jpg 768w, https:\/\/novaenergiaosona.cat\/wp-content\/uploads\/2024\/02\/FECS-2024-430x608.jpg 430w, https:\/\/novaenergiaosona.cat\/wp-content\/uploads\/2024\/02\/FECS-2024-700x989.jpg 700w, https:\/\/novaenergiaosona.cat\/wp-content\/uploads\/2024\/02\/FECS-2024-150x212.jpg 150w, https:\/\/novaenergiaosona.cat\/wp-content\/uploads\/2024\/02\/FECS-2024.jpg 843w\" sizes=\"(max-width: 566px) 100vw, 566px\" \/>\t\t\t\t\t\t\t\t<\/a>\n\t\t\t\t\t\t\t<\/div>\n\t\t\t\t\t\t\t<div class=\"post-image-mask\">\n\t\t\t\t\t\t\t\t<span><\/span>\n\t\t\t\t\t\t\t<\/div>\n\n\t\t\t\t\t\t\n\t\t\t\t\t<\/figure>\n\t\t\t\t\n\t\t\t\t\t\t\t\t\t\t\t\t<div class=\"post-date wd-post-date wd-style-with-bg\" onclick=\"\">\n\t\t\t\t<span class=\"post-date-day\">\n\t\t\t\t\t12\t\t\t\t<\/span>\n\t\t\t\t<span class=\"post-date-month\">\n\t\t\t\t\tFeb\t\t\t\t<\/span>\n\t\t\t<\/div>\n\t\t\t\t\t\t\n\t\t\t<\/header><!-- .entry-header -->\n\n\t\t<div class=\"article-body-container\">\n\t\t\t\n\t\t\t\t\n\t\t\t\t\t\t\t\t\t<h3 class=\"wd-entities-title title post-title\">\n\t\t\t\t\t\t<a href=\"https:\/\/novaenergiaosona.cat\/es\/2024\/02\/12\/llega-una-nueva-edicion-de-la-feria-de-la-energia-y-la-construccion-sostenible\/\" rel=\"bookmark\">Llega una nueva edici\u00f3n de la Feria de la Energ\u00eda y la Construcci\u00f3n Sostenible<\/a>\n\t\t\t\t\t<\/h3>\n\t\t\t\t\n\t\t\t\t\t\t\t\n\t\t\t\t\t\t\t\n\t\t\t\t                    <div class=\"entry-content wd-entry-content\">\n\t\t\t\t\t\t\nM\u00e1s informaci\u00f3n aqu\u00ed\n\n\t\t\t\t\t\t\t\t\t\t\t<\/div><!-- .entry-content -->\n\t\t\t\t\n\t\t\t\t\t\t\t\n\t\t\t\n\t\t\t\t\t<\/div>\n\t<\/div>\n<\/article><!-- #post -->\n\n\n\t\t\t\t\t\t\t\t\t\t\t\t\t\t\t\t\t\t\t\n<article id=\"post-16916\" class=\"blog-design-masonry blog-post-loop blog-style-bg wd-add-shadow  col-lg-4 col-md-4 col-sm-6 col-12 post-16916 post type-post status-publish format-standard has-post-thumbnail hentry category-noticias-neo tag-comunidades-energeticas tag-neo-es\">\n\t<div class=\"article-inner\">\n\t\t\t\t\t<header class=\"entry-header\">\n\t\t\t\t\t\t\t\t\t\n\t\t\t\t\t<figure id=\"carousel-631\" class=\"entry-thumbnail\" data-owl-carousel data-hide_pagination_control=\"yes\" data-desktop=\"1\" data-tablet=\"1\" data-tablet_landscape=\"1\" data-mobile=\"1\">\n\t\t\t\t\t\t\n\t\t\t\t\t\t\t<div class=\"post-img-wrapp\">\n\t\t\t\t\t\t\t\t<a href=\"https:\/\/novaenergiaosona.cat\/es\/2023\/11\/05\/osona-o-como-acelerar-la-transicion-energetica-desde-abajo\/\">\n\t\t\t\t\t\t\t\t\t<img loading=\"lazy\" decoding=\"async\" width=\"1024\" height=\"576\" src=\"https:\/\/novaenergiaosona.cat\/wp-content\/uploads\/2023\/11\/image-1-1024x576-1.png\" class=\"attachment-large size-large\" alt=\"\" srcset=\"https:\/\/novaenergiaosona.cat\/wp-content\/uploads\/2023\/11\/image-1-1024x576-1.png 1024w, https:\/\/novaenergiaosona.cat\/wp-content\/uploads\/2023\/11\/image-1-1024x576-1-430x242.png 430w, https:\/\/novaenergiaosona.cat\/wp-content\/uploads\/2023\/11\/image-1-1024x576-1-150x84.png 150w, https:\/\/novaenergiaosona.cat\/wp-content\/uploads\/2023\/11\/image-1-1024x576-1-700x394.png 700w, https:\/\/novaenergiaosona.cat\/wp-content\/uploads\/2023\/11\/image-1-1024x576-1-400x225.png 400w, https:\/\/novaenergiaosona.cat\/wp-content\/uploads\/2023\/11\/image-1-1024x576-1-768x432.png 768w, https:\/\/novaenergiaosona.cat\/wp-content\/uploads\/2023\/11\/image-1-1024x576-1-860x484.png 860w\" sizes=\"(max-width: 1024px) 100vw, 1024px\" \/>\t\t\t\t\t\t\t\t<\/a>\n\t\t\t\t\t\t\t<\/div>\n\t\t\t\t\t\t\t<div class=\"post-image-mask\">\n\t\t\t\t\t\t\t\t<span><\/span>\n\t\t\t\t\t\t\t<\/div>\n\n\t\t\t\t\t\t\n\t\t\t\t\t<\/figure>\n\t\t\t\t\n\t\t\t\t\t\t\t\t\t\t\t\t<div class=\"post-date wd-post-date wd-style-with-bg\" onclick=\"\">\n\t\t\t\t<span class=\"post-date-day\">\n\t\t\t\t\t05\t\t\t\t<\/span>\n\t\t\t\t<span class=\"post-date-month\">\n\t\t\t\t\tNov\t\t\t\t<\/span>\n\t\t\t<\/div>\n\t\t\t\t\t\t\n\t\t\t<\/header><!-- .entry-header -->\n\n\t\t<div class=\"article-body-container\">\n\t\t\t\n\t\t\t\t\n\t\t\t\t\t\t\t\t\t<h3 class=\"wd-entities-title title post-title\">\n\t\t\t\t\t\t<a href=\"https:\/\/novaenergiaosona.cat\/es\/2023\/11\/05\/osona-o-como-acelerar-la-transicion-energetica-desde-abajo\/\" rel=\"bookmark\">Osona o c\u00f3mo acelerar la transici\u00f3n energ\u00e9tica desde abajo<\/a>\n\t\t\t\t\t<\/h3>\n\t\t\t\t\n\t\t\t\t\t\t\t\n\t\t\t\t\t\t\t\n\t\t\t\t                    <div class=\"entry-content wd-entry-content\">\n\t\t\t\t\t\t\n\t\t\t\t\t\t\t\t\t\t\t<\/div><!-- .entry-content -->\n\t\t\t\t\n\t\t\t\t\t\t\t\n\t\t\t\n\t\t\t\t\t<\/div>\n\t<\/div>\n<\/article><!-- #post -->\n\n\n\t\t\t\t\t\t\t\t\t\t\t\t\t\t\t\t\t\t\t\n<article id=\"post-16894\" class=\"blog-design-masonry blog-post-loop blog-style-bg wd-add-shadow  col-lg-4 col-md-4 col-sm-6 col-12 last  post-16894 post type-post status-publish format-standard has-post-thumbnail hentry category-noticias-neo tag-comunidades-energeticas\">\n\t<div class=\"article-inner\">\n\t\t\t\t\t<header class=\"entry-header\">\n\t\t\t\t\t\t\t\t\t\n\t\t\t\t\t<figure id=\"carousel-628\" class=\"entry-thumbnail\" data-owl-carousel data-hide_pagination_control=\"yes\" data-desktop=\"1\" data-tablet=\"1\" data-tablet_landscape=\"1\" data-mobile=\"1\">\n\t\t\t\t\t\t\n\t\t\t\t\t\t\t<div class=\"post-img-wrapp\">\n\t\t\t\t\t\t\t\t<a href=\"https:\/\/novaenergiaosona.cat\/es\/2023\/10\/23\/comunidades-energeticas-mas-alla-del-autoconsumo-solar-compartido\/\">\n\t\t\t\t\t\t\t\t\t<img loading=\"lazy\" decoding=\"async\" width=\"1024\" height=\"576\" src=\"https:\/\/novaenergiaosona.cat\/wp-content\/uploads\/2023\/11\/image-1024x576-1.png\" class=\"attachment-large size-large\" alt=\"\" srcset=\"https:\/\/novaenergiaosona.cat\/wp-content\/uploads\/2023\/11\/image-1024x576-1.png 1024w, https:\/\/novaenergiaosona.cat\/wp-content\/uploads\/2023\/11\/image-1024x576-1-430x242.png 430w, https:\/\/novaenergiaosona.cat\/wp-content\/uploads\/2023\/11\/image-1024x576-1-150x84.png 150w, https:\/\/novaenergiaosona.cat\/wp-content\/uploads\/2023\/11\/image-1024x576-1-700x394.png 700w, https:\/\/novaenergiaosona.cat\/wp-content\/uploads\/2023\/11\/image-1024x576-1-400x225.png 400w, https:\/\/novaenergiaosona.cat\/wp-content\/uploads\/2023\/11\/image-1024x576-1-768x432.png 768w, https:\/\/novaenergiaosona.cat\/wp-content\/uploads\/2023\/11\/image-1024x576-1-860x484.png 860w\" sizes=\"(max-width: 1024px) 100vw, 1024px\" \/>\t\t\t\t\t\t\t\t<\/a>\n\t\t\t\t\t\t\t<\/div>\n\t\t\t\t\t\t\t<div class=\"post-image-mask\">\n\t\t\t\t\t\t\t\t<span><\/span>\n\t\t\t\t\t\t\t<\/div>\n\n\t\t\t\t\t\t\n\t\t\t\t\t<\/figure>\n\t\t\t\t\n\t\t\t\t\t\t\t\t\t\t\t\t<div class=\"post-date wd-post-date wd-style-with-bg\" onclick=\"\">\n\t\t\t\t<span class=\"post-date-day\">\n\t\t\t\t\t23\t\t\t\t<\/span>\n\t\t\t\t<span class=\"post-date-month\">\n\t\t\t\t\tOct\t\t\t\t<\/span>\n\t\t\t<\/div>\n\t\t\t\t\t\t\n\t\t\t<\/header><!-- .entry-header -->\n\n\t\t<div class=\"article-body-container\">\n\t\t\t\n\t\t\t\t\n\t\t\t\t\t\t\t\t\t<h3 class=\"wd-entities-title title post-title\">\n\t\t\t\t\t\t<a href=\"https:\/\/novaenergiaosona.cat\/es\/2023\/10\/23\/comunidades-energeticas-mas-alla-del-autoconsumo-solar-compartido\/\" rel=\"bookmark\">Comunidades energ\u00e9ticas, m\u00e1s all\u00e1 del autoconsumo solar compartido<\/a>\n\t\t\t\t\t<\/h3>\n\t\t\t\t\n\t\t\t\t\t\t\t\n\t\t\t\t\t\t\t\n\t\t\t\t                    <div class=\"entry-content wd-entry-content\">\n\t\t\t\t\t\t\n\t\t\t\t\t\t\t\t\t\t\t<\/div><!-- .entry-content -->\n\t\t\t\t\n\t\t\t\t\t\t\t\n\t\t\t\n\t\t\t\t\t<\/div>\n\t<\/div>\n<\/article><!-- #post -->\n\n\n\t\t\t\t\t\t\t\t\t\t\t\t\t\t\t\t\t\t\t\n<article id=\"post-16886\" class=\"blog-design-masonry blog-post-loop blog-style-bg wd-add-shadow  col-lg-4 col-md-4 col-sm-6 col-12 first  post-16886 post type-post status-publish format-standard has-post-thumbnail hentry category-noticias-neo tag-comunidades-energeticas\">\n\t<div class=\"article-inner\">\n\t\t\t\t\t<header class=\"entry-header\">\n\t\t\t\t\t\t\t\t\t\n\t\t\t\t\t<figure id=\"carousel-787\" class=\"entry-thumbnail\" data-owl-carousel data-hide_pagination_control=\"yes\" data-desktop=\"1\" data-tablet=\"1\" data-tablet_landscape=\"1\" data-mobile=\"1\">\n\t\t\t\t\t\t\n\t\t\t\t\t\t\t<div class=\"post-img-wrapp\">\n\t\t\t\t\t\t\t\t<a href=\"https:\/\/novaenergiaosona.cat\/es\/2023\/10\/20\/los-obstaculos-burocraticos-amenazan-la-transicion-energetica-ciudadana\/\">\n\t\t\t\t\t\t\t\t\t<img loading=\"lazy\" decoding=\"async\" width=\"1024\" height=\"722\" src=\"https:\/\/novaenergiaosona.cat\/wp-content\/uploads\/2023\/11\/20231020-Entrevista-9-TV-pdf-1024x722-1.jpg\" class=\"attachment-large size-large\" alt=\"\" srcset=\"https:\/\/novaenergiaosona.cat\/wp-content\/uploads\/2023\/11\/20231020-Entrevista-9-TV-pdf-1024x722-1.jpg 1024w, https:\/\/novaenergiaosona.cat\/wp-content\/uploads\/2023\/11\/20231020-Entrevista-9-TV-pdf-1024x722-1-430x303.jpg 430w, https:\/\/novaenergiaosona.cat\/wp-content\/uploads\/2023\/11\/20231020-Entrevista-9-TV-pdf-1024x722-1-150x106.jpg 150w, https:\/\/novaenergiaosona.cat\/wp-content\/uploads\/2023\/11\/20231020-Entrevista-9-TV-pdf-1024x722-1-700x494.jpg 700w, https:\/\/novaenergiaosona.cat\/wp-content\/uploads\/2023\/11\/20231020-Entrevista-9-TV-pdf-1024x722-1-400x282.jpg 400w, https:\/\/novaenergiaosona.cat\/wp-content\/uploads\/2023\/11\/20231020-Entrevista-9-TV-pdf-1024x722-1-768x542.jpg 768w, https:\/\/novaenergiaosona.cat\/wp-content\/uploads\/2023\/11\/20231020-Entrevista-9-TV-pdf-1024x722-1-860x606.jpg 860w\" sizes=\"(max-width: 1024px) 100vw, 1024px\" \/>\t\t\t\t\t\t\t\t<\/a>\n\t\t\t\t\t\t\t<\/div>\n\t\t\t\t\t\t\t<div class=\"post-image-mask\">\n\t\t\t\t\t\t\t\t<span><\/span>\n\t\t\t\t\t\t\t<\/div>\n\n\t\t\t\t\t\t\n\t\t\t\t\t<\/figure>\n\t\t\t\t\n\t\t\t\t\t\t\t\t\t\t\t\t<div class=\"post-date wd-post-date wd-style-with-bg\" onclick=\"\">\n\t\t\t\t<span class=\"post-date-day\">\n\t\t\t\t\t20\t\t\t\t<\/span>\n\t\t\t\t<span class=\"post-date-month\">\n\t\t\t\t\tOct\t\t\t\t<\/span>\n\t\t\t<\/div>\n\t\t\t\t\t\t\n\t\t\t<\/header><!-- .entry-header -->\n\n\t\t<div class=\"article-body-container\">\n\t\t\t\n\t\t\t\t\n\t\t\t\t\t\t\t\t\t<h3 class=\"wd-entities-title title post-title\">\n\t\t\t\t\t\t<a href=\"https:\/\/novaenergiaosona.cat\/es\/2023\/10\/20\/los-obstaculos-burocraticos-amenazan-la-transicion-energetica-ciudadana\/\" rel=\"bookmark\">Los obst\u00e1culos burocr\u00e1ticos amenazan la Transici\u00f3n Energ\u00e9tica ciudadana<\/a>\n\t\t\t\t\t<\/h3>\n\t\t\t\t\n\t\t\t\t\t\t\t\n\t\t\t\t\t\t\t\n\t\t\t\t                    <div class=\"entry-content wd-entry-content\">\n\t\t\t\t\t\t\n\t\t\t\t\t\t\t\t\t\t\t<\/div><!-- .entry-content -->\n\t\t\t\t\n\t\t\t\t\t\t\t\n\t\t\t\n\t\t\t\t\t<\/div>\n\t<\/div>\n<\/article><!-- #post -->\n\n\n\t\t\t\t\t\t\t\t\t\t\t\t\t\t\t\t\t\t\t\n<article id=\"post-16881\" class=\"blog-design-masonry blog-post-loop blog-style-bg wd-add-shadow  col-lg-4 col-md-4 col-sm-6 col-12 post-16881 post type-post status-publish format-standard has-post-thumbnail hentry category-noticias-neo tag-comunidades-energeticas tag-union-europea\">\n\t<div class=\"article-inner\">\n\t\t\t\t\t<header class=\"entry-header\">\n\t\t\t\t\t\t\t\t\t\n\t\t\t\t\t<figure id=\"carousel-710\" class=\"entry-thumbnail\" data-owl-carousel data-hide_pagination_control=\"yes\" data-desktop=\"1\" data-tablet=\"1\" data-tablet_landscape=\"1\" data-mobile=\"1\">\n\t\t\t\t\t\t\n\t\t\t\t\t\t\t<div class=\"post-img-wrapp\">\n\t\t\t\t\t\t\t\t<a href=\"https:\/\/novaenergiaosona.cat\/es\/2023\/07\/17\/de-osona-en-el-parlamento-europeo\/\">\n\t\t\t\t\t\t\t\t\t<img loading=\"lazy\" decoding=\"async\" width=\"1024\" height=\"724\" src=\"https:\/\/novaenergiaosona.cat\/wp-content\/uploads\/2023\/11\/Visita-al-Parlament-Europeu_page-0001-1024x724-1.jpg\" class=\"attachment-large size-large\" alt=\"\" srcset=\"https:\/\/novaenergiaosona.cat\/wp-content\/uploads\/2023\/11\/Visita-al-Parlament-Europeu_page-0001-1024x724-1.jpg 1024w, https:\/\/novaenergiaosona.cat\/wp-content\/uploads\/2023\/11\/Visita-al-Parlament-Europeu_page-0001-1024x724-1-430x304.jpg 430w, https:\/\/novaenergiaosona.cat\/wp-content\/uploads\/2023\/11\/Visita-al-Parlament-Europeu_page-0001-1024x724-1-150x106.jpg 150w, https:\/\/novaenergiaosona.cat\/wp-content\/uploads\/2023\/11\/Visita-al-Parlament-Europeu_page-0001-1024x724-1-700x495.jpg 700w, https:\/\/novaenergiaosona.cat\/wp-content\/uploads\/2023\/11\/Visita-al-Parlament-Europeu_page-0001-1024x724-1-400x283.jpg 400w, https:\/\/novaenergiaosona.cat\/wp-content\/uploads\/2023\/11\/Visita-al-Parlament-Europeu_page-0001-1024x724-1-768x543.jpg 768w, https:\/\/novaenergiaosona.cat\/wp-content\/uploads\/2023\/11\/Visita-al-Parlament-Europeu_page-0001-1024x724-1-860x608.jpg 860w\" sizes=\"(max-width: 1024px) 100vw, 1024px\" \/>\t\t\t\t\t\t\t\t<\/a>\n\t\t\t\t\t\t\t<\/div>\n\t\t\t\t\t\t\t<div class=\"post-image-mask\">\n\t\t\t\t\t\t\t\t<span><\/span>\n\t\t\t\t\t\t\t<\/div>\n\n\t\t\t\t\t\t\n\t\t\t\t\t<\/figure>\n\t\t\t\t\n\t\t\t\t\t\t\t\t\t\t\t\t<div class=\"post-date wd-post-date wd-style-with-bg\" onclick=\"\">\n\t\t\t\t<span class=\"post-date-day\">\n\t\t\t\t\t17\t\t\t\t<\/span>\n\t\t\t\t<span class=\"post-date-month\">\n\t\t\t\t\tJul\t\t\t\t<\/span>\n\t\t\t<\/div>\n\t\t\t\t\t\t\n\t\t\t<\/header><!-- .entry-header -->\n\n\t\t<div class=\"article-body-container\">\n\t\t\t\n\t\t\t\t\n\t\t\t\t\t\t\t\t\t<h3 class=\"wd-entities-title title post-title\">\n\t\t\t\t\t\t<a href=\"https:\/\/novaenergiaosona.cat\/es\/2023\/07\/17\/de-osona-en-el-parlamento-europeo\/\" rel=\"bookmark\">De Osona en el Parlamento Europeo<\/a>\n\t\t\t\t\t<\/h3>\n\t\t\t\t\n\t\t\t\t\t\t\t\n\t\t\t\t\t\t\t\n\t\t\t\t                    <div class=\"entry-content wd-entry-content\">\n\t\t\t\t\t\t\n\t\t\t\t\t\t\t\t\t\t\t<\/div><!-- .entry-content -->\n\t\t\t\t\n\t\t\t\t\t\t\t\n\t\t\t\n\t\t\t\t\t<\/div>\n\t<\/div>\n<\/article><!-- #post -->\n\n\n\t\t\t\t\t\t\t\t\t\t\t\t\t\t\t\t\t\t\t\n<article id=\"post-16948\" class=\"blog-design-masonry blog-post-loop blog-style-bg wd-add-shadow  col-lg-4 col-md-4 col-sm-6 col-12 last  post-16948 post type-post status-publish format-standard has-post-thumbnail hentry category-noticias-neo\">\n\t<div class=\"article-inner\">\n\t\t\t\t\t<header class=\"entry-header\">\n\t\t\t\t\t\t\t\t\t\n\t\t\t\t\t<figure id=\"carousel-373\" class=\"entry-thumbnail\" data-owl-carousel data-hide_pagination_control=\"yes\" data-desktop=\"1\" data-tablet=\"1\" data-tablet_landscape=\"1\" data-mobile=\"1\">\n\t\t\t\t\t\t\n\t\t\t\t\t\t\t<div class=\"post-img-wrapp\">\n\t\t\t\t\t\t\t\t<a href=\"https:\/\/novaenergiaosona.cat\/es\/2023\/06\/05\/jornada-nuevas-herramientas-para-la-transicion-energetica\/\">\n\t\t\t\t\t\t\t\t\t<img loading=\"lazy\" decoding=\"async\" width=\"650\" height=\"450\" src=\"https:\/\/novaenergiaosona.cat\/wp-content\/uploads\/2023\/11\/Jornada-eines-per-a-la-TE.jpg\" class=\"attachment-large size-large\" alt=\"\" srcset=\"https:\/\/novaenergiaosona.cat\/wp-content\/uploads\/2023\/11\/Jornada-eines-per-a-la-TE.jpg 650w, https:\/\/novaenergiaosona.cat\/wp-content\/uploads\/2023\/11\/Jornada-eines-per-a-la-TE-430x298.jpg 430w, https:\/\/novaenergiaosona.cat\/wp-content\/uploads\/2023\/11\/Jornada-eines-per-a-la-TE-150x104.jpg 150w, https:\/\/novaenergiaosona.cat\/wp-content\/uploads\/2023\/11\/Jornada-eines-per-a-la-TE-400x277.jpg 400w\" sizes=\"(max-width: 650px) 100vw, 650px\" \/>\t\t\t\t\t\t\t\t<\/a>\n\t\t\t\t\t\t\t<\/div>\n\t\t\t\t\t\t\t<div class=\"post-image-mask\">\n\t\t\t\t\t\t\t\t<span><\/span>\n\t\t\t\t\t\t\t<\/div>\n\n\t\t\t\t\t\t\n\t\t\t\t\t<\/figure>\n\t\t\t\t\n\t\t\t\t\t\t\t\t\t\t\t\t<div class=\"post-date wd-post-date wd-style-with-bg\" onclick=\"\">\n\t\t\t\t<span class=\"post-date-day\">\n\t\t\t\t\t05\t\t\t\t<\/span>\n\t\t\t\t<span class=\"post-date-month\">\n\t\t\t\t\tJun\t\t\t\t<\/span>\n\t\t\t<\/div>\n\t\t\t\t\t\t\n\t\t\t<\/header><!-- .entry-header -->\n\n\t\t<div class=\"article-body-container\">\n\t\t\t\n\t\t\t\t\n\t\t\t\t\t\t\t\t\t<h3 class=\"wd-entities-title title post-title\">\n\t\t\t\t\t\t<a href=\"https:\/\/novaenergiaosona.cat\/es\/2023\/06\/05\/jornada-nuevas-herramientas-para-la-transicion-energetica\/\" rel=\"bookmark\">Jornada \u00abNuevas herramientas para la transici\u00f3n energ\u00e9tica\u00bb<\/a>\n\t\t\t\t\t<\/h3>\n\t\t\t\t\n\t\t\t\t\t\t\t\n\t\t\t\t\t\t\t\n\t\t\t\t                    <div class=\"entry-content wd-entry-content\">\n\t\t\t\t\t\t\n\t\t\t\t\t\t\t\t\t\t\t<\/div><!-- .entry-content -->\n\t\t\t\t\n\t\t\t\t\t\t\t\n\t\t\t\n\t\t\t\t\t<\/div>\n\t<\/div>\n<\/article><!-- #post -->\n\n\n\t\t\t\t\t\t\t\t\t\t\t\t\t\t\t\t\t\t\t\n<article id=\"post-16934\" class=\"blog-design-masonry blog-post-loop blog-style-bg wd-add-shadow  col-lg-4 col-md-4 col-sm-6 col-12 first  post-16934 post type-post status-publish format-standard has-post-thumbnail hentry category-noticias-neo\">\n\t<div class=\"article-inner\">\n\t\t\t\t\t<header class=\"entry-header\">\n\t\t\t\t\t\t\t\t\t\n\t\t\t\t\t<figure id=\"carousel-378\" class=\"entry-thumbnail\" data-owl-carousel data-hide_pagination_control=\"yes\" data-desktop=\"1\" data-tablet=\"1\" data-tablet_landscape=\"1\" data-mobile=\"1\">\n\t\t\t\t\t\t\n\t\t\t\t\t\t\t<div class=\"post-img-wrapp\">\n\t\t\t\t\t\t\t\t<a href=\"https:\/\/novaenergiaosona.cat\/es\/2023\/05\/22\/la-ubicacion-de-los-parques-solares-a-debate\/\">\n\t\t\t\t\t\t\t\t\t<img loading=\"lazy\" decoding=\"async\" width=\"1024\" height=\"768\" src=\"https:\/\/novaenergiaosona.cat\/wp-content\/uploads\/2023\/11\/Cartell-pdf-1024x768-1.jpg\" class=\"attachment-large size-large\" alt=\"\" srcset=\"https:\/\/novaenergiaosona.cat\/wp-content\/uploads\/2023\/11\/Cartell-pdf-1024x768-1.jpg 1024w, https:\/\/novaenergiaosona.cat\/wp-content\/uploads\/2023\/11\/Cartell-pdf-1024x768-1-430x323.jpg 430w, https:\/\/novaenergiaosona.cat\/wp-content\/uploads\/2023\/11\/Cartell-pdf-1024x768-1-150x113.jpg 150w, https:\/\/novaenergiaosona.cat\/wp-content\/uploads\/2023\/11\/Cartell-pdf-1024x768-1-700x525.jpg 700w, https:\/\/novaenergiaosona.cat\/wp-content\/uploads\/2023\/11\/Cartell-pdf-1024x768-1-400x300.jpg 400w, https:\/\/novaenergiaosona.cat\/wp-content\/uploads\/2023\/11\/Cartell-pdf-1024x768-1-768x576.jpg 768w, https:\/\/novaenergiaosona.cat\/wp-content\/uploads\/2023\/11\/Cartell-pdf-1024x768-1-860x645.jpg 860w\" sizes=\"(max-width: 1024px) 100vw, 1024px\" \/>\t\t\t\t\t\t\t\t<\/a>\n\t\t\t\t\t\t\t<\/div>\n\t\t\t\t\t\t\t<div class=\"post-image-mask\">\n\t\t\t\t\t\t\t\t<span><\/span>\n\t\t\t\t\t\t\t<\/div>\n\n\t\t\t\t\t\t\n\t\t\t\t\t<\/figure>\n\t\t\t\t\n\t\t\t\t\t\t\t\t\t\t\t\t<div class=\"post-date wd-post-date wd-style-with-bg\" onclick=\"\">\n\t\t\t\t<span class=\"post-date-day\">\n\t\t\t\t\t22\t\t\t\t<\/span>\n\t\t\t\t<span class=\"post-date-month\">\n\t\t\t\t\tMay\t\t\t\t<\/span>\n\t\t\t<\/div>\n\t\t\t\t\t\t\n\t\t\t<\/header><!-- .entry-header -->\n\n\t\t<div class=\"article-body-container\">\n\t\t\t\n\t\t\t\t\n\t\t\t\t\t\t\t\t\t<h3 class=\"wd-entities-title title post-title\">\n\t\t\t\t\t\t<a href=\"https:\/\/novaenergiaosona.cat\/es\/2023\/05\/22\/la-ubicacion-de-los-parques-solares-a-debate\/\" rel=\"bookmark\">La ubicaci\u00f3n de los parques solares, a debate<\/a>\n\t\t\t\t\t<\/h3>\n\t\t\t\t\n\t\t\t\t\t\t\t\n\t\t\t\t\t\t\t\n\t\t\t\t                    <div class=\"entry-content wd-entry-content\">\n\t\t\t\t\t\t\nLa Generalidad de Catalu\u00f1a ha iniciado los trabaj...\n\t\t\t\t\t\t\t\t\t\t\t<\/div><!-- .entry-content -->\n\t\t\t\t\n\t\t\t\t\t\t\t\n\t\t\t\n\t\t\t\t\t<\/div>\n\t<\/div>\n<\/article><!-- #post -->\n\n\n\t\t\t\t\t\t\t\t\t\t\t\t\t\t\t\t\t\t\t\n<article id=\"post-16831\" class=\"blog-design-masonry blog-post-loop blog-style-bg wd-add-shadow  col-lg-4 col-md-4 col-sm-6 col-12 post-16831 post type-post status-publish format-standard has-post-thumbnail hentry category-noticias-neo tag-neonews-es\">\n\t<div class=\"article-inner\">\n\t\t\t\t\t<header class=\"entry-header\">\n\t\t\t\t\t\t\t\t\t\n\t\t\t\t\t<figure id=\"carousel-925\" class=\"entry-thumbnail\" data-owl-carousel data-hide_pagination_control=\"yes\" data-desktop=\"1\" data-tablet=\"1\" data-tablet_landscape=\"1\" data-mobile=\"1\">\n\t\t\t\t\t\t\n\t\t\t\t\t\t\t<div class=\"post-img-wrapp\">\n\t\t\t\t\t\t\t\t<a href=\"https:\/\/novaenergiaosona.cat\/es\/2023\/02\/15\/neonews-2-en-2022-en-cifras\/\">\n\t\t\t\t\t\t\t\t\t<img loading=\"lazy\" decoding=\"async\" width=\"1300\" height=\"788\" src=\"https:\/\/novaenergiaosona.cat\/wp-content\/uploads\/2023\/02\/Portada-NEONews-2_page-0001-1300x788.jpg\" class=\"attachment-large size-large\" alt=\"\" srcset=\"https:\/\/novaenergiaosona.cat\/wp-content\/uploads\/2023\/02\/Portada-NEONews-2_page-0001-1300x788.jpg 1300w, https:\/\/novaenergiaosona.cat\/wp-content\/uploads\/2023\/02\/Portada-NEONews-2_page-0001-400x243.jpg 400w, https:\/\/novaenergiaosona.cat\/wp-content\/uploads\/2023\/02\/Portada-NEONews-2_page-0001-768x466.jpg 768w, https:\/\/novaenergiaosona.cat\/wp-content\/uploads\/2023\/02\/Portada-NEONews-2_page-0001-1536x931.jpg 1536w, https:\/\/novaenergiaosona.cat\/wp-content\/uploads\/2023\/02\/Portada-NEONews-2_page-0001-860x521.jpg 860w, https:\/\/novaenergiaosona.cat\/wp-content\/uploads\/2023\/02\/Portada-NEONews-2_page-0001-430x261.jpg 430w, https:\/\/novaenergiaosona.cat\/wp-content\/uploads\/2023\/02\/Portada-NEONews-2_page-0001-700x424.jpg 700w, https:\/\/novaenergiaosona.cat\/wp-content\/uploads\/2023\/02\/Portada-NEONews-2_page-0001-150x91.jpg 150w, https:\/\/novaenergiaosona.cat\/wp-content\/uploads\/2023\/02\/Portada-NEONews-2_page-0001.jpg 1755w\" sizes=\"(max-width: 1300px) 100vw, 1300px\" \/>\t\t\t\t\t\t\t\t<\/a>\n\t\t\t\t\t\t\t<\/div>\n\t\t\t\t\t\t\t<div class=\"post-image-mask\">\n\t\t\t\t\t\t\t\t<span><\/span>\n\t\t\t\t\t\t\t<\/div>\n\n\t\t\t\t\t\t\n\t\t\t\t\t<\/figure>\n\t\t\t\t\n\t\t\t\t\t\t\t\t\t\t\t\t<div class=\"post-date wd-post-date wd-style-with-bg\" onclick=\"\">\n\t\t\t\t<span class=\"post-date-day\">\n\t\t\t\t\t15\t\t\t\t<\/span>\n\t\t\t\t<span class=\"post-date-month\">\n\t\t\t\t\tFeb\t\t\t\t<\/span>\n\t\t\t<\/div>\n\t\t\t\t\t\t\n\t\t\t<\/header><!-- .entry-header -->\n\n\t\t<div class=\"article-body-container\">\n\t\t\t\n\t\t\t\t\n\t\t\t\t\t\t\t\t\t<h3 class=\"wd-entities-title title post-title\">\n\t\t\t\t\t\t<a href=\"https:\/\/novaenergiaosona.cat\/es\/2023\/02\/15\/neonews-2-en-2022-en-cifras\/\" rel=\"bookmark\">NEONews 2, en 2022 en cifras<\/a>\n\t\t\t\t\t<\/h3>\n\t\t\t\t\n\t\t\t\t\t\t\t\n\t\t\t\t\t\t\t\n\t\t\t\t                    <div class=\"entry-content wd-entry-content\">\n\t\t\t\t\t\t\n\t\t\t\t\t\t\t\t\t\t\t<\/div><!-- .entry-content -->\n\t\t\t\t\n\t\t\t\t\t\t\t\n\t\t\t\n\t\t\t\t\t<\/div>\n\t<\/div>\n<\/article><!-- #post -->\n\n\n\t\t\t\t\t\t\t\t\t\t\t\t\t\t\t\t\t\t\t\n<article id=\"post-16819\" class=\"blog-design-masonry blog-post-loop blog-style-bg wd-add-shadow  col-lg-4 col-md-4 col-sm-6 col-12 last  post-16819 post type-post status-publish format-standard has-post-thumbnail hentry category-noticias-neo tag-fecs-es\">\n\t<div class=\"article-inner\">\n\t\t\t\t\t<header class=\"entry-header\">\n\t\t\t\t\t\t\t\t\t\n\t\t\t\t\t<figure id=\"carousel-751\" class=\"entry-thumbnail\" data-owl-carousel data-hide_pagination_control=\"yes\" data-desktop=\"1\" data-tablet=\"1\" data-tablet_landscape=\"1\" data-mobile=\"1\">\n\t\t\t\t\t\t\n\t\t\t\t\t\t\t<div class=\"post-img-wrapp\">\n\t\t\t\t\t\t\t\t<a href=\"https:\/\/novaenergiaosona.cat\/es\/2023\/02\/13\/llega-la-feria-de-la-energia-y-la-construccion-sostenible\/\">\n\t\t\t\t\t\t\t\t\t<img loading=\"lazy\" decoding=\"async\" width=\"1024\" height=\"441\" src=\"https:\/\/novaenergiaosona.cat\/wp-content\/uploads\/2023\/11\/Imatge-cartell-1024x441-1.gif\" class=\"attachment-large size-large\" alt=\"\" \/>\t\t\t\t\t\t\t\t<\/a>\n\t\t\t\t\t\t\t<\/div>\n\t\t\t\t\t\t\t<div class=\"post-image-mask\">\n\t\t\t\t\t\t\t\t<span><\/span>\n\t\t\t\t\t\t\t<\/div>\n\n\t\t\t\t\t\t\n\t\t\t\t\t<\/figure>\n\t\t\t\t\n\t\t\t\t\t\t\t\t\t\t\t\t<div class=\"post-date wd-post-date wd-style-with-bg\" onclick=\"\">\n\t\t\t\t<span class=\"post-date-day\">\n\t\t\t\t\t13\t\t\t\t<\/span>\n\t\t\t\t<span class=\"post-date-month\">\n\t\t\t\t\tFeb\t\t\t\t<\/span>\n\t\t\t<\/div>\n\t\t\t\t\t\t\n\t\t\t<\/header><!-- .entry-header -->\n\n\t\t<div class=\"article-body-container\">\n\t\t\t\n\t\t\t\t\n\t\t\t\t\t\t\t\t\t<h3 class=\"wd-entities-title title post-title\">\n\t\t\t\t\t\t<a href=\"https:\/\/novaenergiaosona.cat\/es\/2023\/02\/13\/llega-la-feria-de-la-energia-y-la-construccion-sostenible\/\" rel=\"bookmark\">Llega la Feria de la Energ\u00eda y la Construcci\u00f3n Sostenible<\/a>\n\t\t\t\t\t<\/h3>\n\t\t\t\t\n\t\t\t\t\t\t\t\n\t\t\t\t\t\t\t\n\t\t\t\t                    <div class=\"entry-content wd-entry-content\">\n\t\t\t\t\t\t\n\t\t\t\t\t\t\t\t\t\t\t<\/div><!-- .entry-content -->\n\t\t\t\t\n\t\t\t\t\t\t\t\n\t\t\t\n\t\t\t\t\t<\/div>\n\t<\/div>\n<\/article><!-- #post -->\n\n\n\t\t\t\t\t\t\t\t\t\t\t\t\t\t\t\t\t\t\t\n<article id=\"post-16790\" class=\"blog-design-masonry blog-post-loop blog-style-bg wd-add-shadow  col-lg-4 col-md-4 col-sm-6 col-12 first  post-16790 post type-post status-publish format-standard has-post-thumbnail hentry category-noticias-neo\">\n\t<div class=\"article-inner\">\n\t\t\t\t\t<header class=\"entry-header\">\n\t\t\t\t\t\t\t\t\t\n\t\t\t\t\t<figure id=\"carousel-965\" class=\"entry-thumbnail\" data-owl-carousel data-hide_pagination_control=\"yes\" data-desktop=\"1\" data-tablet=\"1\" data-tablet_landscape=\"1\" data-mobile=\"1\">\n\t\t\t\t\t\t\n\t\t\t\t\t\t\t<div class=\"post-img-wrapp\">\n\t\t\t\t\t\t\t\t<a href=\"https:\/\/novaenergiaosona.cat\/es\/2022\/10\/26\/osona-energia-gana-la-6a-edicion-del-germinador-social\/\">\n\t\t\t\t\t\t\t\t\t<img loading=\"lazy\" decoding=\"async\" width=\"1024\" height=\"749\" src=\"https:\/\/novaenergiaosona.cat\/wp-content\/uploads\/2023\/11\/20221022-Premi-Germinador-OsonaEnergia-1024x749-1.jpeg\" class=\"attachment-large size-large\" alt=\"\" srcset=\"https:\/\/novaenergiaosona.cat\/wp-content\/uploads\/2023\/11\/20221022-Premi-Germinador-OsonaEnergia-1024x749-1.jpeg 1024w, https:\/\/novaenergiaosona.cat\/wp-content\/uploads\/2023\/11\/20221022-Premi-Germinador-OsonaEnergia-1024x749-1-430x315.jpeg 430w, https:\/\/novaenergiaosona.cat\/wp-content\/uploads\/2023\/11\/20221022-Premi-Germinador-OsonaEnergia-1024x749-1-150x110.jpeg 150w, https:\/\/novaenergiaosona.cat\/wp-content\/uploads\/2023\/11\/20221022-Premi-Germinador-OsonaEnergia-1024x749-1-700x512.jpeg 700w, https:\/\/novaenergiaosona.cat\/wp-content\/uploads\/2023\/11\/20221022-Premi-Germinador-OsonaEnergia-1024x749-1-400x293.jpeg 400w, https:\/\/novaenergiaosona.cat\/wp-content\/uploads\/2023\/11\/20221022-Premi-Germinador-OsonaEnergia-1024x749-1-768x562.jpeg 768w, https:\/\/novaenergiaosona.cat\/wp-content\/uploads\/2023\/11\/20221022-Premi-Germinador-OsonaEnergia-1024x749-1-860x629.jpeg 860w\" sizes=\"(max-width: 1024px) 100vw, 1024px\" \/>\t\t\t\t\t\t\t\t<\/a>\n\t\t\t\t\t\t\t<\/div>\n\t\t\t\t\t\t\t<div class=\"post-image-mask\">\n\t\t\t\t\t\t\t\t<span><\/span>\n\t\t\t\t\t\t\t<\/div>\n\n\t\t\t\t\t\t\n\t\t\t\t\t<\/figure>\n\t\t\t\t\n\t\t\t\t\t\t\t\t\t\t\t\t<div class=\"post-date wd-post-date wd-style-with-bg\" onclick=\"\">\n\t\t\t\t<span class=\"post-date-day\">\n\t\t\t\t\t26\t\t\t\t<\/span>\n\t\t\t\t<span class=\"post-date-month\">\n\t\t\t\t\tOct\t\t\t\t<\/span>\n\t\t\t<\/div>\n\t\t\t\t\t\t\n\t\t\t<\/header><!-- .entry-header -->\n\n\t\t<div class=\"article-body-container\">\n\t\t\t\n\t\t\t\t\n\t\t\t\t\t\t\t\t\t<h3 class=\"wd-entities-title title post-title\">\n\t\t\t\t\t\t<a href=\"https:\/\/novaenergiaosona.cat\/es\/2022\/10\/26\/osona-energia-gana-la-6a-edicion-del-germinador-social\/\" rel=\"bookmark\">Osona Energ\u00eda gana la 6\u00aa edici\u00f3n del Germinador Social<\/a>\n\t\t\t\t\t<\/h3>\n\t\t\t\t\n\t\t\t\t\t\t\t\n\t\t\t\t\t\t\t\n\t\t\t\t                    <div class=\"entry-content wd-entry-content\">\n\t\t\t\t\t\t\n\t\t\t\t\t\t\t\t\t\t\t<\/div><!-- .entry-content -->\n\t\t\t\t\n\t\t\t\t\t\t\t\n\t\t\t\n\t\t\t\t\t<\/div>\n\t<\/div>\n<\/article><!-- #post -->\n\n\n\t\t\t\t\t\t\t\t\t\t\t\t\t\t\t\t\t\t\t\n<article id=\"post-16805\" class=\"blog-design-masonry blog-post-loop blog-style-bg wd-add-shadow  col-lg-4 col-md-4 col-sm-6 col-12 post-16805 post type-post status-publish format-standard has-post-thumbnail hentry category-noticias-neo\">\n\t<div class=\"article-inner\">\n\t\t\t\t\t<header class=\"entry-header\">\n\t\t\t\t\t\t\t\t\t\n\t\t\t\t\t<figure id=\"carousel-918\" class=\"entry-thumbnail\" data-owl-carousel data-hide_pagination_control=\"yes\" data-desktop=\"1\" data-tablet=\"1\" data-tablet_landscape=\"1\" data-mobile=\"1\">\n\t\t\t\t\t\t\n\t\t\t\t\t\t\t<div class=\"post-img-wrapp\">\n\t\t\t\t\t\t\t\t<a href=\"https:\/\/novaenergiaosona.cat\/es\/2022\/09\/30\/en-2023-una-decena-de-depuradoras-de-osona-ya-funcionaran-con-un-20-de-autoconsumo-de-energia-solar\/\">\n\t\t\t\t\t\t\t\t\t<img loading=\"lazy\" decoding=\"async\" width=\"1024\" height=\"768\" src=\"https:\/\/novaenergiaosona.cat\/wp-content\/uploads\/2023\/11\/Depuradores-Osona_plaques-1024x768-1.jpg\" class=\"attachment-large size-large\" alt=\"\" srcset=\"https:\/\/novaenergiaosona.cat\/wp-content\/uploads\/2023\/11\/Depuradores-Osona_plaques-1024x768-1.jpg 1024w, https:\/\/novaenergiaosona.cat\/wp-content\/uploads\/2023\/11\/Depuradores-Osona_plaques-1024x768-1-430x323.jpg 430w, https:\/\/novaenergiaosona.cat\/wp-content\/uploads\/2023\/11\/Depuradores-Osona_plaques-1024x768-1-150x113.jpg 150w, https:\/\/novaenergiaosona.cat\/wp-content\/uploads\/2023\/11\/Depuradores-Osona_plaques-1024x768-1-700x525.jpg 700w, https:\/\/novaenergiaosona.cat\/wp-content\/uploads\/2023\/11\/Depuradores-Osona_plaques-1024x768-1-400x300.jpg 400w, https:\/\/novaenergiaosona.cat\/wp-content\/uploads\/2023\/11\/Depuradores-Osona_plaques-1024x768-1-768x576.jpg 768w, https:\/\/novaenergiaosona.cat\/wp-content\/uploads\/2023\/11\/Depuradores-Osona_plaques-1024x768-1-860x645.jpg 860w\" sizes=\"(max-width: 1024px) 100vw, 1024px\" \/>\t\t\t\t\t\t\t\t<\/a>\n\t\t\t\t\t\t\t<\/div>\n\t\t\t\t\t\t\t<div class=\"post-image-mask\">\n\t\t\t\t\t\t\t\t<span><\/span>\n\t\t\t\t\t\t\t<\/div>\n\n\t\t\t\t\t\t\n\t\t\t\t\t<\/figure>\n\t\t\t\t\n\t\t\t\t\t\t\t\t\t\t\t\t<div class=\"post-date wd-post-date wd-style-with-bg\" onclick=\"\">\n\t\t\t\t<span class=\"post-date-day\">\n\t\t\t\t\t30\t\t\t\t<\/span>\n\t\t\t\t<span class=\"post-date-month\">\n\t\t\t\t\tSep\t\t\t\t<\/span>\n\t\t\t<\/div>\n\t\t\t\t\t\t\n\t\t\t<\/header><!-- .entry-header -->\n\n\t\t<div class=\"article-body-container\">\n\t\t\t\n\t\t\t\t\n\t\t\t\t\t\t\t\t\t<h3 class=\"wd-entities-title title post-title\">\n\t\t\t\t\t\t<a href=\"https:\/\/novaenergiaosona.cat\/es\/2022\/09\/30\/en-2023-una-decena-de-depuradoras-de-osona-ya-funcionaran-con-un-20-de-autoconsumo-de-energia-solar\/\" rel=\"bookmark\">En 2023 una decena de depuradoras de Osona ya funcionar\u00e1n con un 20% de autoconsumo de energ\u00eda solar<\/a>\n\t\t\t\t\t<\/h3>\n\t\t\t\t\n\t\t\t\t\t\t\t\n\t\t\t\t\t\t\t\n\t\t\t\t                    <div class=\"entry-content wd-entry-content\">\n\t\t\t\t\t\t\nEl Consejo Comarcal y Depuradoras de Osona trabaj...\n\t\t\t\t\t\t\t\t\t\t\t<\/div><!-- .entry-content -->\n\t\t\t\t\n\t\t\t\t\t\t\t\n\t\t\t\n\t\t\t\t\t<\/div>\n\t<\/div>\n<\/article><!-- #post -->\n\n\n\t\t\t\t\t\t\t\t\t\t\t\t\t\t\t\t\t\t\t\n<article id=\"post-16806\" class=\"blog-design-masonry blog-post-loop blog-style-bg wd-add-shadow  col-lg-4 col-md-4 col-sm-6 col-12 last  post-16806 post type-post status-publish format-standard has-post-thumbnail hentry category-noticias-neo\">\n\t<div class=\"article-inner\">\n\t\t\t\t\t<header class=\"entry-header\">\n\t\t\t\t\t\t\t\t\t\n\t\t\t\t\t<figure id=\"carousel-870\" class=\"entry-thumbnail\" data-owl-carousel data-hide_pagination_control=\"yes\" data-desktop=\"1\" data-tablet=\"1\" data-tablet_landscape=\"1\" data-mobile=\"1\">\n\t\t\t\t\t\t\n\t\t\t\t\t\t\t<div class=\"post-img-wrapp\">\n\t\t\t\t\t\t\t\t<a href=\"https:\/\/novaenergiaosona.cat\/es\/2022\/06\/29\/nace-osona-energia-sccl-un-paso-mas-en-la-transicion-energetica-de-la-comarca\/\">\n\t\t\t\t\t\t\t\t\t<img loading=\"lazy\" decoding=\"async\" width=\"1024\" height=\"576\" src=\"https:\/\/novaenergiaosona.cat\/wp-content\/uploads\/2023\/11\/Creacio-osona_energia_sccl-1024x576-1.jpg\" class=\"attachment-large size-large\" alt=\"\" srcset=\"https:\/\/novaenergiaosona.cat\/wp-content\/uploads\/2023\/11\/Creacio-osona_energia_sccl-1024x576-1.jpg 1024w, https:\/\/novaenergiaosona.cat\/wp-content\/uploads\/2023\/11\/Creacio-osona_energia_sccl-1024x576-1-430x242.jpg 430w, https:\/\/novaenergiaosona.cat\/wp-content\/uploads\/2023\/11\/Creacio-osona_energia_sccl-1024x576-1-150x84.jpg 150w, https:\/\/novaenergiaosona.cat\/wp-content\/uploads\/2023\/11\/Creacio-osona_energia_sccl-1024x576-1-700x394.jpg 700w, https:\/\/novaenergiaosona.cat\/wp-content\/uploads\/2023\/11\/Creacio-osona_energia_sccl-1024x576-1-400x225.jpg 400w, https:\/\/novaenergiaosona.cat\/wp-content\/uploads\/2023\/11\/Creacio-osona_energia_sccl-1024x576-1-768x432.jpg 768w, https:\/\/novaenergiaosona.cat\/wp-content\/uploads\/2023\/11\/Creacio-osona_energia_sccl-1024x576-1-860x484.jpg 860w\" sizes=\"(max-width: 1024px) 100vw, 1024px\" \/>\t\t\t\t\t\t\t\t<\/a>\n\t\t\t\t\t\t\t<\/div>\n\t\t\t\t\t\t\t<div class=\"post-image-mask\">\n\t\t\t\t\t\t\t\t<span><\/span>\n\t\t\t\t\t\t\t<\/div>\n\n\t\t\t\t\t\t\n\t\t\t\t\t<\/figure>\n\t\t\t\t\n\t\t\t\t\t\t\t\t\t\t\t\t<div class=\"post-date wd-post-date wd-style-with-bg\" onclick=\"\">\n\t\t\t\t<span class=\"post-date-day\">\n\t\t\t\t\t29\t\t\t\t<\/span>\n\t\t\t\t<span class=\"post-date-month\">\n\t\t\t\t\tJun\t\t\t\t<\/span>\n\t\t\t<\/div>\n\t\t\t\t\t\t\n\t\t\t<\/header><!-- .entry-header -->\n\n\t\t<div class=\"article-body-container\">\n\t\t\t\n\t\t\t\t\n\t\t\t\t\t\t\t\t\t<h3 class=\"wd-entities-title title post-title\">\n\t\t\t\t\t\t<a href=\"https:\/\/novaenergiaosona.cat\/es\/2022\/06\/29\/nace-osona-energia-sccl-un-paso-mas-en-la-transicion-energetica-de-la-comarca\/\" rel=\"bookmark\">Nace Osona Energ\u00eda SCCL, un paso m\u00e1s en la transici\u00f3n energ\u00e9tica de la comarca<\/a>\n\t\t\t\t\t<\/h3>\n\t\t\t\t\n\t\t\t\t\t\t\t\n\t\t\t\t\t\t\t\n\t\t\t\t                    <div class=\"entry-content wd-entry-content\">\n\t\t\t\t\t\t\n\t\t\t\t\t\t\t\t\t\t\t<\/div><!-- .entry-content -->\n\t\t\t\t\n\t\t\t\t\t\t\t\n\t\t\t\n\t\t\t\t\t<\/div>\n\t<\/div>\n<\/article><!-- #post -->\n\n\n\t\t\t\t\t\t\t\t\t\t\t\t\t\t\t\t\t\t\t\n<article id=\"post-16915\" class=\"blog-design-masonry blog-post-loop blog-style-bg wd-add-shadow  col-lg-4 col-md-4 col-sm-6 col-12 first  post-16915 post type-post status-publish format-standard has-post-thumbnail hentry category-noticias-neo\">\n\t<div class=\"article-inner\">\n\t\t\t\t\t<header class=\"entry-header\">\n\t\t\t\t\t\t\t\t\t\n\t\t\t\t\t<figure id=\"carousel-196\" class=\"entry-thumbnail\" data-owl-carousel data-hide_pagination_control=\"yes\" data-desktop=\"1\" data-tablet=\"1\" data-tablet_landscape=\"1\" data-mobile=\"1\">\n\t\t\t\t\t\t\n\t\t\t\t\t\t\t<div class=\"post-img-wrapp\">\n\t\t\t\t\t\t\t\t<a href=\"https:\/\/novaenergiaosona.cat\/es\/2022\/06\/08\/ayudas-europeas-para-la-rehabilitacion-en-la-mejora-de-la-eficiencia-energetica-de-las-viviendas\/\">\n\t\t\t\t\t\t\t\t\t<img loading=\"lazy\" decoding=\"async\" width=\"767\" height=\"432\" src=\"https:\/\/novaenergiaosona.cat\/wp-content\/uploads\/2023\/11\/Logotipcasab.jpg\" class=\"attachment-large size-large\" alt=\"\" srcset=\"https:\/\/novaenergiaosona.cat\/wp-content\/uploads\/2023\/11\/Logotipcasab.jpg 767w, https:\/\/novaenergiaosona.cat\/wp-content\/uploads\/2023\/11\/Logotipcasab-430x242.jpg 430w, https:\/\/novaenergiaosona.cat\/wp-content\/uploads\/2023\/11\/Logotipcasab-150x84.jpg 150w, https:\/\/novaenergiaosona.cat\/wp-content\/uploads\/2023\/11\/Logotipcasab-700x394.jpg 700w, https:\/\/novaenergiaosona.cat\/wp-content\/uploads\/2023\/11\/Logotipcasab-400x225.jpg 400w\" sizes=\"(max-width: 767px) 100vw, 767px\" \/>\t\t\t\t\t\t\t\t<\/a>\n\t\t\t\t\t\t\t<\/div>\n\t\t\t\t\t\t\t<div class=\"post-image-mask\">\n\t\t\t\t\t\t\t\t<span><\/span>\n\t\t\t\t\t\t\t<\/div>\n\n\t\t\t\t\t\t\n\t\t\t\t\t<\/figure>\n\t\t\t\t\n\t\t\t\t\t\t\t\t\t\t\t\t<div class=\"post-date wd-post-date wd-style-with-bg\" onclick=\"\">\n\t\t\t\t<span class=\"post-date-day\">\n\t\t\t\t\t08\t\t\t\t<\/span>\n\t\t\t\t<span class=\"post-date-month\">\n\t\t\t\t\tJun\t\t\t\t<\/span>\n\t\t\t<\/div>\n\t\t\t\t\t\t\n\t\t\t<\/header><!-- .entry-header -->\n\n\t\t<div class=\"article-body-container\">\n\t\t\t\n\t\t\t\t\n\t\t\t\t\t\t\t\t\t<h3 class=\"wd-entities-title title post-title\">\n\t\t\t\t\t\t<a href=\"https:\/\/novaenergiaosona.cat\/es\/2022\/06\/08\/ayudas-europeas-para-la-rehabilitacion-en-la-mejora-de-la-eficiencia-energetica-de-las-viviendas\/\" rel=\"bookmark\">Ayudas europeas para la rehabilitaci\u00f3n en la mejora de la eficiencia energ\u00e9tica de las viviendas<\/a>\n\t\t\t\t\t<\/h3>\n\t\t\t\t\n\t\t\t\t\t\t\t\n\t\t\t\t\t\t\t\n\t\t\t\t                    <div class=\"entry-content wd-entry-content\">\n\t\t\t\t\t\t\n\t\t\t\t\t\t\t\t\t\t\t<\/div><!-- .entry-content -->\n\t\t\t\t\n\t\t\t\t\t\t\t\n\t\t\t\n\t\t\t\t\t<\/div>\n\t<\/div>\n<\/article><!-- #post -->\n\n\n\t\t\t\t\t\t\t\t\t\t\t\t\t\t\t\t\t\t\t\n<article id=\"post-16822\" class=\"blog-design-masonry blog-post-loop blog-style-bg wd-add-shadow  col-lg-4 col-md-4 col-sm-6 col-12 post-16822 post type-post status-publish format-standard has-post-thumbnail hentry category-noticias-neo\">\n\t<div class=\"article-inner\">\n\t\t\t\t\t<header class=\"entry-header\">\n\t\t\t\t\t\t\t\t\t\n\t\t\t\t\t<figure id=\"carousel-932\" class=\"entry-thumbnail\" data-owl-carousel data-hide_pagination_control=\"yes\" data-desktop=\"1\" data-tablet=\"1\" data-tablet_landscape=\"1\" data-mobile=\"1\">\n\t\t\t\t\t\t\n\t\t\t\t\t\t\t<div class=\"post-img-wrapp\">\n\t\t\t\t\t\t\t\t<a href=\"https:\/\/novaenergiaosona.cat\/es\/2022\/05\/13\/tres-cooperativas-energeticas-de-osona-reciben-una-subvencion-estatal-de-mas-de-600-000-euros\/\">\n\t\t\t\t\t\t\t\t\t<img loading=\"lazy\" decoding=\"async\" width=\"768\" height=\"432\" src=\"https:\/\/novaenergiaosona.cat\/wp-content\/uploads\/2023\/11\/Instal\u00b7lacio-FV.jpg\" class=\"attachment-large size-large\" alt=\"\" srcset=\"https:\/\/novaenergiaosona.cat\/wp-content\/uploads\/2023\/11\/Instal\u00b7lacio-FV.jpg 768w, https:\/\/novaenergiaosona.cat\/wp-content\/uploads\/2023\/11\/Instal\u00b7lacio-FV-430x242.jpg 430w, https:\/\/novaenergiaosona.cat\/wp-content\/uploads\/2023\/11\/Instal\u00b7lacio-FV-150x84.jpg 150w, https:\/\/novaenergiaosona.cat\/wp-content\/uploads\/2023\/11\/Instal\u00b7lacio-FV-700x394.jpg 700w, https:\/\/novaenergiaosona.cat\/wp-content\/uploads\/2023\/11\/Instal\u00b7lacio-FV-400x225.jpg 400w\" sizes=\"(max-width: 768px) 100vw, 768px\" \/>\t\t\t\t\t\t\t\t<\/a>\n\t\t\t\t\t\t\t<\/div>\n\t\t\t\t\t\t\t<div class=\"post-image-mask\">\n\t\t\t\t\t\t\t\t<span><\/span>\n\t\t\t\t\t\t\t<\/div>\n\n\t\t\t\t\t\t\n\t\t\t\t\t<\/figure>\n\t\t\t\t\n\t\t\t\t\t\t\t\t\t\t\t\t<div class=\"post-date wd-post-date wd-style-with-bg\" onclick=\"\">\n\t\t\t\t<span class=\"post-date-day\">\n\t\t\t\t\t13\t\t\t\t<\/span>\n\t\t\t\t<span class=\"post-date-month\">\n\t\t\t\t\tMay\t\t\t\t<\/span>\n\t\t\t<\/div>\n\t\t\t\t\t\t\n\t\t\t<\/header><!-- .entry-header -->\n\n\t\t<div class=\"article-body-container\">\n\t\t\t\n\t\t\t\t\n\t\t\t\t\t\t\t\t\t<h3 class=\"wd-entities-title title post-title\">\n\t\t\t\t\t\t<a href=\"https:\/\/novaenergiaosona.cat\/es\/2022\/05\/13\/tres-cooperativas-energeticas-de-osona-reciben-una-subvencion-estatal-de-mas-de-600-000-euros\/\" rel=\"bookmark\">Tres cooperativas energ\u00e9ticas de Osona reciben una subvenci\u00f3n estatal de m\u00e1s de 600.000 euros<\/a>\n\t\t\t\t\t<\/h3>\n\t\t\t\t\n\t\t\t\t\t\t\t\n\t\t\t\t\t\t\t\n\t\t\t\t                    <div class=\"entry-content wd-entry-content\">\n\t\t\t\t\t\t\n\t\t\t\t\t\t\t\t\t\t\t<\/div><!-- .entry-content -->\n\t\t\t\t\n\t\t\t\t\t\t\t\n\t\t\t\n\t\t\t\t\t<\/div>\n\t<\/div>\n<\/article><!-- #post -->\n\n\n\t\t\t\t\t\t\t\t\t\t\t\t\t\t\t\t\t\t\t\n<article id=\"post-16800\" class=\"blog-design-masonry blog-post-loop blog-style-bg wd-add-shadow  col-lg-4 col-md-4 col-sm-6 col-12 last  post-16800 post type-post status-publish format-standard has-post-thumbnail hentry category-noticias-neo\">\n\t<div class=\"article-inner\">\n\t\t\t\t\t<header class=\"entry-header\">\n\t\t\t\t\t\t\t\t\t\n\t\t\t\t\t<figure id=\"carousel-785\" class=\"entry-thumbnail\" data-owl-carousel data-hide_pagination_control=\"yes\" data-desktop=\"1\" data-tablet=\"1\" data-tablet_landscape=\"1\" data-mobile=\"1\">\n\t\t\t\t\t\t\n\t\t\t\t\t\t\t<div class=\"post-img-wrapp\">\n\t\t\t\t\t\t\t\t<a href=\"https:\/\/novaenergiaosona.cat\/es\/2022\/02\/17\/osona-acogera-la-plataforma-de-integracion-de-energias-renovables-y-almacenamiento-del-irec\/\">\n\t\t\t\t\t\t\t\t\t<img loading=\"lazy\" decoding=\"async\" width=\"1024\" height=\"576\" src=\"https:\/\/novaenergiaosona.cat\/wp-content\/uploads\/2023\/11\/Conveni_Prima_editada-1024x576-1.jpg\" class=\"attachment-large size-large\" alt=\"\" srcset=\"https:\/\/novaenergiaosona.cat\/wp-content\/uploads\/2023\/11\/Conveni_Prima_editada-1024x576-1.jpg 1024w, https:\/\/novaenergiaosona.cat\/wp-content\/uploads\/2023\/11\/Conveni_Prima_editada-1024x576-1-430x242.jpg 430w, https:\/\/novaenergiaosona.cat\/wp-content\/uploads\/2023\/11\/Conveni_Prima_editada-1024x576-1-150x84.jpg 150w, https:\/\/novaenergiaosona.cat\/wp-content\/uploads\/2023\/11\/Conveni_Prima_editada-1024x576-1-700x394.jpg 700w, https:\/\/novaenergiaosona.cat\/wp-content\/uploads\/2023\/11\/Conveni_Prima_editada-1024x576-1-400x225.jpg 400w, https:\/\/novaenergiaosona.cat\/wp-content\/uploads\/2023\/11\/Conveni_Prima_editada-1024x576-1-768x432.jpg 768w, https:\/\/novaenergiaosona.cat\/wp-content\/uploads\/2023\/11\/Conveni_Prima_editada-1024x576-1-860x484.jpg 860w\" sizes=\"(max-width: 1024px) 100vw, 1024px\" \/>\t\t\t\t\t\t\t\t<\/a>\n\t\t\t\t\t\t\t<\/div>\n\t\t\t\t\t\t\t<div class=\"post-image-mask\">\n\t\t\t\t\t\t\t\t<span><\/span>\n\t\t\t\t\t\t\t<\/div>\n\n\t\t\t\t\t\t\n\t\t\t\t\t<\/figure>\n\t\t\t\t\n\t\t\t\t\t\t\t\t\t\t\t\t<div class=\"post-date wd-post-date wd-style-with-bg\" onclick=\"\">\n\t\t\t\t<span class=\"post-date-day\">\n\t\t\t\t\t17\t\t\t\t<\/span>\n\t\t\t\t<span class=\"post-date-month\">\n\t\t\t\t\tFeb\t\t\t\t<\/span>\n\t\t\t<\/div>\n\t\t\t\t\t\t\n\t\t\t<\/header><!-- .entry-header -->\n\n\t\t<div class=\"article-body-container\">\n\t\t\t\n\t\t\t\t\n\t\t\t\t\t\t\t\t\t<h3 class=\"wd-entities-title title post-title\">\n\t\t\t\t\t\t<a href=\"https:\/\/novaenergiaosona.cat\/es\/2022\/02\/17\/osona-acogera-la-plataforma-de-integracion-de-energias-renovables-y-almacenamiento-del-irec\/\" rel=\"bookmark\">Osona acoger\u00e1 la plataforma de integraci\u00f3n de energ\u00edas renovables y almacenamiento del IREC<\/a>\n\t\t\t\t\t<\/h3>\n\t\t\t\t\n\t\t\t\t\t\t\t\n\t\t\t\t\t\t\t\n\t\t\t\t                    <div class=\"entry-content wd-entry-content\">\n\t\t\t\t\t\t<p>El equipamiento al que el Instituto Catal\u00e1n de Energ\u00eda (ICAEN) ha destinado ya 3 millones de euros.<\/p>\n\n\t\t\t\t\t\t\t\t\t\t\t<\/div><!-- .entry-content -->\n\t\t\t\t\n\t\t\t\t\t\t\t\n\t\t\t\n\t\t\t\t\t<\/div>\n\t<\/div>\n<\/article><!-- #post -->\n\n\n\t\t\t\t\t\t\t\t\t\t\t\t\t\t\t\t\t\t\t\n<article id=\"post-16789\" class=\"blog-design-masonry blog-post-loop blog-style-bg wd-add-shadow  col-lg-4 col-md-4 col-sm-6 col-12 first  post-16789 post type-post status-publish format-standard has-post-thumbnail hentry category-noticias-neo\">\n\t<div class=\"article-inner\">\n\t\t\t\t\t<header class=\"entry-header\">\n\t\t\t\t\t\t\t\t\t\n\t\t\t\t\t<figure id=\"carousel-486\" class=\"entry-thumbnail\" data-owl-carousel data-hide_pagination_control=\"yes\" data-desktop=\"1\" data-tablet=\"1\" data-tablet_landscape=\"1\" data-mobile=\"1\">\n\t\t\t\t\t\t\n\t\t\t\t\t\t\t<div class=\"post-img-wrapp\">\n\t\t\t\t\t\t\t\t<a href=\"https:\/\/novaenergiaosona.cat\/es\/2022\/02\/17\/el-consejo-comarcal-de-osona-presenta-el-proyecto-nueva-energia-de-osona-en-los-consejos-comarcales-de-cataluna\/\">\n\t\t\t\t\t\t\t\t\t<img loading=\"lazy\" decoding=\"async\" width=\"1024\" height=\"576\" src=\"https:\/\/novaenergiaosona.cat\/wp-content\/uploads\/2023\/11\/Presentacio_NEO_web-1024x576-1.jpg\" class=\"attachment-large size-large\" alt=\"\" srcset=\"https:\/\/novaenergiaosona.cat\/wp-content\/uploads\/2023\/11\/Presentacio_NEO_web-1024x576-1.jpg 1024w, https:\/\/novaenergiaosona.cat\/wp-content\/uploads\/2023\/11\/Presentacio_NEO_web-1024x576-1-430x242.jpg 430w, https:\/\/novaenergiaosona.cat\/wp-content\/uploads\/2023\/11\/Presentacio_NEO_web-1024x576-1-150x84.jpg 150w, https:\/\/novaenergiaosona.cat\/wp-content\/uploads\/2023\/11\/Presentacio_NEO_web-1024x576-1-700x394.jpg 700w, https:\/\/novaenergiaosona.cat\/wp-content\/uploads\/2023\/11\/Presentacio_NEO_web-1024x576-1-400x225.jpg 400w, https:\/\/novaenergiaosona.cat\/wp-content\/uploads\/2023\/11\/Presentacio_NEO_web-1024x576-1-768x432.jpg 768w, https:\/\/novaenergiaosona.cat\/wp-content\/uploads\/2023\/11\/Presentacio_NEO_web-1024x576-1-860x484.jpg 860w\" sizes=\"(max-width: 1024px) 100vw, 1024px\" \/>\t\t\t\t\t\t\t\t<\/a>\n\t\t\t\t\t\t\t<\/div>\n\t\t\t\t\t\t\t<div class=\"post-image-mask\">\n\t\t\t\t\t\t\t\t<span><\/span>\n\t\t\t\t\t\t\t<\/div>\n\n\t\t\t\t\t\t\n\t\t\t\t\t<\/figure>\n\t\t\t\t\n\t\t\t\t\t\t\t\t\t\t\t\t<div class=\"post-date wd-post-date wd-style-with-bg\" onclick=\"\">\n\t\t\t\t<span class=\"post-date-day\">\n\t\t\t\t\t17\t\t\t\t<\/span>\n\t\t\t\t<span class=\"post-date-month\">\n\t\t\t\t\tFeb\t\t\t\t<\/span>\n\t\t\t<\/div>\n\t\t\t\t\t\t\n\t\t\t<\/header><!-- .entry-header -->\n\n\t\t<div class=\"article-body-container\">\n\t\t\t\n\t\t\t\t\n\t\t\t\t\t\t\t\t\t<h3 class=\"wd-entities-title title post-title\">\n\t\t\t\t\t\t<a href=\"https:\/\/novaenergiaosona.cat\/es\/2022\/02\/17\/el-consejo-comarcal-de-osona-presenta-el-proyecto-nueva-energia-de-osona-en-los-consejos-comarcales-de-cataluna\/\" rel=\"bookmark\">El Consejo Comarcal de Osona presenta el proyecto Nova Energ\u00eda de Osona en los consejos comarcales de Catalu\u00f1a<\/a>\n\t\t\t\t\t<\/h3>\n\t\t\t\t\n\t\t\t\t\t\t\t\n\t\t\t\t\t\t\t\n\t\t\t\t                    <div class=\"entry-content wd-entry-content\">\n\t\t\t\t\t\t<p>La comarca apuesta por un modelo energ\u00e9tico participativo y respetuoso, impulsado desde el territorio y el territorio.<\/p>\n\n\t\t\t\t\t\t\t\t\t\t\t<\/div><!-- .entry-content -->\n\t\t\t\t\n\t\t\t\t\t\t\t\n\t\t\t\n\t\t\t\t\t<\/div>\n\t<\/div>\n<\/article><!-- #post -->\n\n\n\t\t\t\t\t\t\t\t\t\t\t\t\t\t\t\t\t\t\t\n<article id=\"post-16780\" class=\"blog-design-masonry blog-post-loop blog-style-bg wd-add-shadow  col-lg-4 col-md-4 col-sm-6 col-12 post-16780 post type-post status-publish format-standard has-post-thumbnail hentry category-noticias-neo\">\n\t<div class=\"article-inner\">\n\t\t\t\t\t<header class=\"entry-header\">\n\t\t\t\t\t\t\t\t\t\n\t\t\t\t\t<figure id=\"carousel-918\" class=\"entry-thumbnail\" data-owl-carousel data-hide_pagination_control=\"yes\" data-desktop=\"1\" data-tablet=\"1\" data-tablet_landscape=\"1\" data-mobile=\"1\">\n\t\t\t\t\t\t\n\t\t\t\t\t\t\t<div class=\"post-img-wrapp\">\n\t\t\t\t\t\t\t\t<a href=\"https:\/\/novaenergiaosona.cat\/es\/2022\/02\/17\/neo-nueva-energia-de-osona-en-un-stand-en-la-feria-de-la-energia-y-la-construccion-sostenible\/\">\n\t\t\t\t\t\t\t\t\t<img loading=\"lazy\" decoding=\"async\" width=\"1024\" height=\"625\" src=\"https:\/\/novaenergiaosona.cat\/wp-content\/uploads\/2023\/11\/Autoritats_estand_web-1024x625-1.jpg\" class=\"attachment-large size-large\" alt=\"\" srcset=\"https:\/\/novaenergiaosona.cat\/wp-content\/uploads\/2023\/11\/Autoritats_estand_web-1024x625-1.jpg 1024w, https:\/\/novaenergiaosona.cat\/wp-content\/uploads\/2023\/11\/Autoritats_estand_web-1024x625-1-430x262.jpg 430w, https:\/\/novaenergiaosona.cat\/wp-content\/uploads\/2023\/11\/Autoritats_estand_web-1024x625-1-150x92.jpg 150w, https:\/\/novaenergiaosona.cat\/wp-content\/uploads\/2023\/11\/Autoritats_estand_web-1024x625-1-700x427.jpg 700w, https:\/\/novaenergiaosona.cat\/wp-content\/uploads\/2023\/11\/Autoritats_estand_web-1024x625-1-400x244.jpg 400w, https:\/\/novaenergiaosona.cat\/wp-content\/uploads\/2023\/11\/Autoritats_estand_web-1024x625-1-768x469.jpg 768w, https:\/\/novaenergiaosona.cat\/wp-content\/uploads\/2023\/11\/Autoritats_estand_web-1024x625-1-860x525.jpg 860w\" sizes=\"(max-width: 1024px) 100vw, 1024px\" \/>\t\t\t\t\t\t\t\t<\/a>\n\t\t\t\t\t\t\t<\/div>\n\t\t\t\t\t\t\t<div class=\"post-image-mask\">\n\t\t\t\t\t\t\t\t<span><\/span>\n\t\t\t\t\t\t\t<\/div>\n\n\t\t\t\t\t\t\n\t\t\t\t\t<\/figure>\n\t\t\t\t\n\t\t\t\t\t\t\t\t\t\t\t\t<div class=\"post-date wd-post-date wd-style-with-bg\" onclick=\"\">\n\t\t\t\t<span class=\"post-date-day\">\n\t\t\t\t\t17\t\t\t\t<\/span>\n\t\t\t\t<span class=\"post-date-month\">\n\t\t\t\t\tFeb\t\t\t\t<\/span>\n\t\t\t<\/div>\n\t\t\t\t\t\t\n\t\t\t<\/header><!-- .entry-header -->\n\n\t\t<div class=\"article-body-container\">\n\t\t\t\n\t\t\t\t\n\t\t\t\t\t\t\t\t\t<h3 class=\"wd-entities-title title post-title\">\n\t\t\t\t\t\t<a href=\"https:\/\/novaenergiaosona.cat\/es\/2022\/02\/17\/neo-nueva-energia-de-osona-en-un-stand-en-la-feria-de-la-energia-y-la-construccion-sostenible\/\" rel=\"bookmark\">NEO Nova Energ\u00eda de Osona en un stand en la Feria de la Energ\u00eda y la Construcci\u00f3n Sostenible<\/a>\n\t\t\t\t\t<\/h3>\n\t\t\t\t\n\t\t\t\t\t\t\t\n\t\t\t\t\t\t\t\n\t\t\t\t                    <div class=\"entry-content wd-entry-content\">\n\t\t\t\t\t\t<p>El Consejo Comarcal de Osona tiene un stand en la Feria de la Energ\u00eda y la Construcci\u00f3n Sostenible que se hace estos d\u00edas en el Recinto Ferial El Sucre.<\/p>\n\n\t\t\t\t\t\t\t\t\t\t\t<\/div><!-- .entry-content -->\n\t\t\t\t\n\t\t\t\t\t\t\t\n\t\t\t\n\t\t\t\t\t<\/div>\n\t<\/div>\n<\/article><!-- #post -->\n\n\n\t\t\t\t\t\t\t\t\t\t\t\t\t\t\t\t\t\t\t\n<article id=\"post-16872\" class=\"blog-design-masonry blog-post-loop blog-style-bg wd-add-shadow  col-lg-4 col-md-4 col-sm-6 col-12 last  post-16872 post type-post status-publish format-standard has-post-thumbnail hentry category-noticias-neo\">\n\t<div class=\"article-inner\">\n\t\t\t\t\t<header class=\"entry-header\">\n\t\t\t\t\t\t\t\t\t\n\t\t\t\t\t<figure id=\"carousel-839\" class=\"entry-thumbnail\" data-owl-carousel data-hide_pagination_control=\"yes\" data-desktop=\"1\" data-tablet=\"1\" data-tablet_landscape=\"1\" data-mobile=\"1\">\n\t\t\t\t\t\t\n\t\t\t\t\t\t\t<div class=\"post-img-wrapp\">\n\t\t\t\t\t\t\t\t<a href=\"https:\/\/novaenergiaosona.cat\/es\/2018\/10\/03\/16-municipios-de-osona-ya-tienen-comunidades-energeticas-constituidas-o-en-fase-de-creacion\/\">\n\t\t\t\t\t\t\t\t\t<img loading=\"lazy\" decoding=\"async\" width=\"1024\" height=\"588\" src=\"https:\/\/novaenergiaosona.cat\/wp-content\/uploads\/2023\/11\/rhyujikl-1024x588-1.jpg\" class=\"attachment-large size-large\" alt=\"\" srcset=\"https:\/\/novaenergiaosona.cat\/wp-content\/uploads\/2023\/11\/rhyujikl-1024x588-1.jpg 1024w, https:\/\/novaenergiaosona.cat\/wp-content\/uploads\/2023\/11\/rhyujikl-1024x588-1-430x247.jpg 430w, https:\/\/novaenergiaosona.cat\/wp-content\/uploads\/2023\/11\/rhyujikl-1024x588-1-150x86.jpg 150w, https:\/\/novaenergiaosona.cat\/wp-content\/uploads\/2023\/11\/rhyujikl-1024x588-1-700x402.jpg 700w, https:\/\/novaenergiaosona.cat\/wp-content\/uploads\/2023\/11\/rhyujikl-1024x588-1-400x230.jpg 400w, https:\/\/novaenergiaosona.cat\/wp-content\/uploads\/2023\/11\/rhyujikl-1024x588-1-768x441.jpg 768w, https:\/\/novaenergiaosona.cat\/wp-content\/uploads\/2023\/11\/rhyujikl-1024x588-1-860x494.jpg 860w\" sizes=\"(max-width: 1024px) 100vw, 1024px\" \/>\t\t\t\t\t\t\t\t<\/a>\n\t\t\t\t\t\t\t<\/div>\n\t\t\t\t\t\t\t<div class=\"post-image-mask\">\n\t\t\t\t\t\t\t\t<span><\/span>\n\t\t\t\t\t\t\t<\/div>\n\n\t\t\t\t\t\t\n\t\t\t\t\t<\/figure>\n\t\t\t\t\n\t\t\t\t\t\t\t\t\t\t\t\t<div class=\"post-date wd-post-date wd-style-with-bg\" onclick=\"\">\n\t\t\t\t<span class=\"post-date-day\">\n\t\t\t\t\t03\t\t\t\t<\/span>\n\t\t\t\t<span class=\"post-date-month\">\n\t\t\t\t\tOct\t\t\t\t<\/span>\n\t\t\t<\/div>\n\t\t\t\t\t\t\n\t\t\t<\/header><!-- .entry-header -->\n\n\t\t<div class=\"article-body-container\">\n\t\t\t\n\t\t\t\t\n\t\t\t\t\t\t\t\t\t<h3 class=\"wd-entities-title title post-title\">\n\t\t\t\t\t\t<a href=\"https:\/\/novaenergiaosona.cat\/es\/2018\/10\/03\/16-municipios-de-osona-ya-tienen-comunidades-energeticas-constituidas-o-en-fase-de-creacion\/\" rel=\"bookmark\">16 municipios de Osona ya tienen comunidades energ\u00e9ticas constituidas o en fase de creaci\u00f3n<\/a>\n\t\t\t\t\t<\/h3>\n\t\t\t\t\n\t\t\t\t\t\t\t\n\t\t\t\t\t\t\t\n\t\t\t\t                    <div class=\"entry-content wd-entry-content\">\n\t\t\t\t\t\t<p>El Consejo Comarcal de Osona organiz\u00f3 este mi\u00e9rcoles 12 de enero el primer encuentro de Comunidades Energ\u00e9ticas de Osona.<\/p>\n\n\t\t\t\t\t\t\t\t\t\t\t<\/div><!-- .entry-content -->\n\t\t\t\t\n\t\t\t\t\t\t\t\n\t\t\t\n\t\t\t\t\t<\/div>\n\t<\/div>\n<\/article><!-- #post -->\n\n\n\t\t\t\t\n\t\t\t\t\t\t\t<\/div>\n\t\t\t\n\t\t\t\t\t\t\t\t<\/div>\n\t\t\t\t<\/div>\n\t\t\t\t\t<\/div>\n\t\t\t\t<\/div>\n\t\t\t\t<\/div>\n\t\t","protected":false},"excerpt":{"rendered":"<p>05 Nov Osona o com accelerar la transici\u00f3 energ\u00e8tica des de baix Publicat originalment a Naci\u00f3 Digital 23 Oct Comunitats<\/p>\n","protected":false},"author":1,"featured_media":0,"parent":16784,"menu_order":0,"comment_status":"closed","ping_status":"closed","template":"","meta":{"_monsterinsights_skip_tracking":false,"_monsterinsights_sitenote_active":false,"_monsterinsights_sitenote_note":"","_monsterinsights_sitenote_category":0,"footnotes":""},"class_list":["post-16844","page","type-page","status-publish","hentry"],"_links":{"self":[{"href":"https:\/\/novaenergiaosona.cat\/es\/wp-json\/wp\/v2\/pages\/16844","targetHints":{"allow":["GET"]}}],"collection":[{"href":"https:\/\/novaenergiaosona.cat\/es\/wp-json\/wp\/v2\/pages"}],"about":[{"href":"https:\/\/novaenergiaosona.cat\/es\/wp-json\/wp\/v2\/types\/page"}],"author":[{"embeddable":true,"href":"https:\/\/novaenergiaosona.cat\/es\/wp-json\/wp\/v2\/users\/1"}],"replies":[{"embeddable":true,"href":"https:\/\/novaenergiaosona.cat\/es\/wp-json\/wp\/v2\/comments?post=16844"}],"version-history":[{"count":3,"href":"https:\/\/novaenergiaosona.cat\/es\/wp-json\/wp\/v2\/pages\/16844\/revisions"}],"predecessor-version":[{"id":17118,"href":"https:\/\/novaenergiaosona.cat\/es\/wp-json\/wp\/v2\/pages\/16844\/revisions\/17118"}],"up":[{"embeddable":true,"href":"https:\/\/novaenergiaosona.cat\/es\/wp-json\/wp\/v2\/pages\/16784"}],"wp:attachment":[{"href":"https:\/\/novaenergiaosona.cat\/es\/wp-json\/wp\/v2\/media?parent=16844"}],"curies":[{"name":"wp","href":"https:\/\/api.w.org\/{rel}","templated":true}]}}