{"id":16794,"date":"2023-12-11T16:04:13","date_gmt":"2023-12-11T15:04:13","guid":{"rendered":"https:\/\/novaenergiaosona.cat\/blog-otc\/"},"modified":"2024-05-28T11:29:51","modified_gmt":"2024-05-28T09:29:51","slug":"blog-otc","status":"publish","type":"page","link":"https:\/\/novaenergiaosona.cat\/es\/otc-osona-en-transicion\/blog-otc\/","title":{"rendered":"Not\u00edcias OTC"},"content":{"rendered":"\t\t<div data-elementor-type=\"wp-page\" data-elementor-id=\"16794\" class=\"elementor elementor-16794 elementor-15910\">\n\t\t\t\t<div class=\"wd-negative-gap elementor-element elementor-element-e4875e2 e-flex e-con-boxed wd-section-disabled e-con e-parent\" data-id=\"e4875e2\" data-element_type=\"container\">\n\t\t\t\t\t<div class=\"e-con-inner\">\n\t\t\t\t<div class=\"elementor-element elementor-element-679cca8 elementor-widget elementor-widget-wd_blog\" data-id=\"679cca8\" data-element_type=\"widget\" data-widget_type=\"wd_blog.default\">\n\t\t\t\t<div class=\"elementor-widget-container\">\n\t\t\t\t\t\t<link rel=\"stylesheet\" id=\"wd-blog-base-css\" href=\"https:\/\/novaenergiaosona.cat\/wp-content\/themes\/woodmart\/css\/parts\/blog-base.min.css?ver=7.3.4\" type=\"text\/css\" media=\"all\" \/> \t\t\t\t\t\t<link rel=\"stylesheet\" id=\"wd-blog-loop-base-old-css\" href=\"https:\/\/novaenergiaosona.cat\/wp-content\/themes\/woodmart\/css\/parts\/blog-loop-base-old.min.css?ver=7.3.4\" type=\"text\/css\" media=\"all\" \/> \t\t\t\t\t\t<link rel=\"stylesheet\" id=\"wd-blog-loop-design-masonry-css\" href=\"https:\/\/novaenergiaosona.cat\/wp-content\/themes\/woodmart\/css\/parts\/blog-loop-design-masonry.min.css?ver=7.3.4\" type=\"text\/css\" media=\"all\" \/> \t\t\t\t\t\t\t\t\t\t<div class=\"wd-blog-holder blog-shortcode blog-pagination- masonry-container wd-spacing-30 row\" id=\"69ee2d768fa34\" data-paged=\"1\" data-atts=\"{&quot;post_type&quot;:&quot;post&quot;,&quot;items_per_page&quot;:100,&quot;include&quot;:null,&quot;taxonomies&quot;:[&quot;78&quot;],&quot;offset&quot;:&quot;&quot;,&quot;orderby&quot;:&quot;&quot;,&quot;order&quot;:&quot;DESC&quot;,&quot;meta_key&quot;:null,&quot;exclude&quot;:&quot;&quot;,&quot;parts_media&quot;:true,&quot;parts_title&quot;:&quot;1&quot;,&quot;parts_meta&quot;:&quot;&quot;,&quot;parts_text&quot;:&quot;1&quot;,&quot;parts_btn&quot;:&quot;&quot;,&quot;img_size&quot;:&quot;large&quot;,&quot;blog_design&quot;:&quot;masonry&quot;,&quot;blog_carousel_design&quot;:null,&quot;blog_columns&quot;:{&quot;unit&quot;:&quot;px&quot;,&quot;size&quot;:3,&quot;sizes&quot;:[]},&quot;blog_columns_tablet&quot;:{&quot;size&quot;:&quot;&quot;},&quot;blog_columns_mobile&quot;:{&quot;size&quot;:&quot;&quot;},&quot;blog_spacing&quot;:30,&quot;pagination&quot;:&quot;&quot;,&quot;speed&quot;:null,&quot;slides_per_view&quot;:null,&quot;slides_per_view_tablet&quot;:{&quot;size&quot;:&quot;&quot;},&quot;slides_per_view_mobile&quot;:{&quot;size&quot;:&quot;&quot;},&quot;wrap&quot;:null,&quot;autoplay&quot;:null,&quot;hide_pagination_control&quot;:null,&quot;hide_prev_next_buttons&quot;:null,&quot;scroll_per_page&quot;:null,&quot;lazy_loading&quot;:&quot;no&quot;,&quot;scroll_carousel_init&quot;:null,&quot;ajax_page&quot;:&quot;&quot;,&quot;custom_sizes&quot;:false,&quot;elementor&quot;:true}\" data-source=\"shortcode\">\n\t\t\t\n\t\t\t\t\t\t\t\t\t\t\t\t\t\t\t\t\t\t\t\n<article id=\"post-18133\" class=\"blog-design-masonry blog-post-loop blog-style-bg wd-add-shadow  col-lg-4 col-md-4 col-sm-6 col-12 post-18133 post type-post status-publish format-standard has-post-thumbnail hentry category-noticias-neo category-noticias-otc category-noticies-neo category-noticies-otc\">\n\t<div class=\"article-inner\">\n\t\t\t\t\t<header class=\"entry-header\">\n\t\t\t\t\t\t\t\t\t\n\t\t\t\t\t<figure id=\"carousel-221\" class=\"entry-thumbnail\" data-owl-carousel data-hide_pagination_control=\"yes\" data-desktop=\"1\" data-tablet=\"1\" data-tablet_landscape=\"1\" data-mobile=\"1\">\n\t\t\t\t\t\t\n\t\t\t\t\t\t\t<div class=\"post-img-wrapp\">\n\t\t\t\t\t\t\t\t<a href=\"https:\/\/novaenergiaosona.cat\/es\/2025\/10\/06\/presentacion-de-la-guia-practica-de-participacion-en-comunidades-energeticas-en-alternat-2025\/\">\n\t\t\t\t\t\t\t\t\t<img fetchpriority=\"high\" decoding=\"async\" width=\"1067\" height=\"800\" src=\"https:\/\/novaenergiaosona.cat\/wp-content\/uploads\/2025\/10\/WhatsApp-Image-2025-10-06-at-08.14.43-1067x800.jpeg\" class=\"attachment-large size-large\" alt=\"\" srcset=\"https:\/\/novaenergiaosona.cat\/wp-content\/uploads\/2025\/10\/WhatsApp-Image-2025-10-06-at-08.14.43-1067x800.jpeg 1067w, https:\/\/novaenergiaosona.cat\/wp-content\/uploads\/2025\/10\/WhatsApp-Image-2025-10-06-at-08.14.43-400x300.jpeg 400w, https:\/\/novaenergiaosona.cat\/wp-content\/uploads\/2025\/10\/WhatsApp-Image-2025-10-06-at-08.14.43-768x576.jpeg 768w, https:\/\/novaenergiaosona.cat\/wp-content\/uploads\/2025\/10\/WhatsApp-Image-2025-10-06-at-08.14.43-1536x1152.jpeg 1536w, https:\/\/novaenergiaosona.cat\/wp-content\/uploads\/2025\/10\/WhatsApp-Image-2025-10-06-at-08.14.43-860x645.jpeg 860w, https:\/\/novaenergiaosona.cat\/wp-content\/uploads\/2025\/10\/WhatsApp-Image-2025-10-06-at-08.14.43-430x323.jpeg 430w, https:\/\/novaenergiaosona.cat\/wp-content\/uploads\/2025\/10\/WhatsApp-Image-2025-10-06-at-08.14.43-700x525.jpeg 700w, https:\/\/novaenergiaosona.cat\/wp-content\/uploads\/2025\/10\/WhatsApp-Image-2025-10-06-at-08.14.43-150x113.jpeg 150w, https:\/\/novaenergiaosona.cat\/wp-content\/uploads\/2025\/10\/WhatsApp-Image-2025-10-06-at-08.14.43.jpeg 1600w\" sizes=\"(max-width: 1067px) 100vw, 1067px\" \/>\t\t\t\t\t\t\t\t<\/a>\n\t\t\t\t\t\t\t<\/div>\n\t\t\t\t\t\t\t<div class=\"post-image-mask\">\n\t\t\t\t\t\t\t\t<span><\/span>\n\t\t\t\t\t\t\t<\/div>\n\n\t\t\t\t\t\t\n\t\t\t\t\t<\/figure>\n\t\t\t\t\n\t\t\t\t\t\t\t\t\t\t\t\t<div class=\"post-date wd-post-date wd-style-with-bg\" onclick=\"\">\n\t\t\t\t<span class=\"post-date-day\">\n\t\t\t\t\t06\t\t\t\t<\/span>\n\t\t\t\t<span class=\"post-date-month\">\n\t\t\t\t\tOct\t\t\t\t<\/span>\n\t\t\t<\/div>\n\t\t\t\t\t\t\n\t\t\t<\/header><!-- .entry-header -->\n\n\t\t<div class=\"article-body-container\">\n\t\t\t\n\t\t\t\t\n\t\t\t\t\t\t\t\t\t<h3 class=\"wd-entities-title title post-title\">\n\t\t\t\t\t\t<a href=\"https:\/\/novaenergiaosona.cat\/es\/2025\/10\/06\/presentacion-de-la-guia-practica-de-participacion-en-comunidades-energeticas-en-alternat-2025\/\" rel=\"bookmark\">Presentaci\u00f3n de la Gu\u00eda pr\u00e1ctica de participaci\u00f3n en comunidades energ\u00e9ticas en alTERna\u2019t 2025<\/a>\n\t\t\t\t\t<\/h3>\n\t\t\t\t\n\t\t\t\t\t\t\t\n\t\t\t\t\t\t\t\n\t\t\t\t                    <div class=\"entry-content wd-entry-content\">\n\t\t\t\t\t\t\n\t\t\t\t\t\t\t\t\t\t\t<\/div><!-- .entry-content -->\n\t\t\t\t\n\t\t\t\t\t\t\t\n\t\t\t\n\t\t\t\t\t<\/div>\n\t<\/div>\n<\/article><!-- #post -->\n\n\n\t\t\t\t\t\t\t\t\t\t\t\t\t\t\t\t\t\t\t\n<article id=\"post-18052\" class=\"blog-design-masonry blog-post-loop blog-style-bg wd-add-shadow  col-lg-4 col-md-4 col-sm-6 col-12 first  post-18052 post type-post status-publish format-standard has-post-thumbnail hentry category-noticias-neo category-noticias-otc category-noticies-neo category-noticies-otc\">\n\t<div class=\"article-inner\">\n\t\t\t\t\t<header class=\"entry-header\">\n\t\t\t\t\t\t\t\t\t\n\t\t\t\t\t<figure id=\"carousel-287\" class=\"entry-thumbnail\" data-owl-carousel data-hide_pagination_control=\"yes\" data-desktop=\"1\" data-tablet=\"1\" data-tablet_landscape=\"1\" data-mobile=\"1\">\n\t\t\t\t\t\t\n\t\t\t\t\t\t\t<div class=\"post-img-wrapp\">\n\t\t\t\t\t\t\t\t<a href=\"https:\/\/novaenergiaosona.cat\/es\/2025\/06\/14\/comunidades-energeticas-en-accion\/\">\n\t\t\t\t\t\t\t\t\t<img decoding=\"async\" width=\"1200\" height=\"800\" src=\"https:\/\/novaenergiaosona.cat\/wp-content\/uploads\/2025\/07\/Igualada-1200x800.jpg\" class=\"attachment-large size-large\" alt=\"\" srcset=\"https:\/\/novaenergiaosona.cat\/wp-content\/uploads\/2025\/07\/Igualada-1200x800.jpg 1200w, https:\/\/novaenergiaosona.cat\/wp-content\/uploads\/2025\/07\/Igualada-400x267.jpg 400w, https:\/\/novaenergiaosona.cat\/wp-content\/uploads\/2025\/07\/Igualada-768x512.jpg 768w, https:\/\/novaenergiaosona.cat\/wp-content\/uploads\/2025\/07\/Igualada-391x260.jpg 391w, https:\/\/novaenergiaosona.cat\/wp-content\/uploads\/2025\/07\/Igualada-860x573.jpg 860w, https:\/\/novaenergiaosona.cat\/wp-content\/uploads\/2025\/07\/Igualada-430x287.jpg 430w, https:\/\/novaenergiaosona.cat\/wp-content\/uploads\/2025\/07\/Igualada-700x467.jpg 700w, https:\/\/novaenergiaosona.cat\/wp-content\/uploads\/2025\/07\/Igualada-150x100.jpg 150w, https:\/\/novaenergiaosona.cat\/wp-content\/uploads\/2025\/07\/Igualada.jpg 1476w\" sizes=\"(max-width: 1200px) 100vw, 1200px\" \/>\t\t\t\t\t\t\t\t<\/a>\n\t\t\t\t\t\t\t<\/div>\n\t\t\t\t\t\t\t<div class=\"post-image-mask\">\n\t\t\t\t\t\t\t\t<span><\/span>\n\t\t\t\t\t\t\t<\/div>\n\n\t\t\t\t\t\t\n\t\t\t\t\t<\/figure>\n\t\t\t\t\n\t\t\t\t\t\t\t\t\t\t\t\t<div class=\"post-date wd-post-date wd-style-with-bg\" onclick=\"\">\n\t\t\t\t<span class=\"post-date-day\">\n\t\t\t\t\t14\t\t\t\t<\/span>\n\t\t\t\t<span class=\"post-date-month\">\n\t\t\t\t\tJun\t\t\t\t<\/span>\n\t\t\t<\/div>\n\t\t\t\t\t\t\n\t\t\t<\/header><!-- .entry-header -->\n\n\t\t<div class=\"article-body-container\">\n\t\t\t\n\t\t\t\t\n\t\t\t\t\t\t\t\t\t<h3 class=\"wd-entities-title title post-title\">\n\t\t\t\t\t\t<a href=\"https:\/\/novaenergiaosona.cat\/es\/2025\/06\/14\/comunidades-energeticas-en-accion\/\" rel=\"bookmark\">Comunidades energ\u00e9ticas en acci\u00f3n<\/a>\n\t\t\t\t\t<\/h3>\n\t\t\t\t\n\t\t\t\t\t\t\t\n\t\t\t\t\t\t\t\n\t\t\t\t                    <div class=\"entry-content wd-entry-content\">\n\t\t\t\t\t\t\n\t\t\t\t\t\t\t\t\t\t\t<\/div><!-- .entry-content -->\n\t\t\t\t\n\t\t\t\t\t\t\t\n\t\t\t\n\t\t\t\t\t<\/div>\n\t<\/div>\n<\/article><!-- #post -->\n\n\n\t\t\t\t\t\t\t\t\t\t\t\t\t\t\t\t\t\t\t\n<article id=\"post-18008\" class=\"blog-design-masonry blog-post-loop blog-style-bg wd-add-shadow  col-lg-4 col-md-4 col-sm-6 col-12 post-18008 post type-post status-publish format-standard has-post-thumbnail hentry category-noticias-otc\">\n\t<div class=\"article-inner\">\n\t\t\t\t\t<header class=\"entry-header\">\n\t\t\t\t\t\t\t\t\t\n\t\t\t\t\t<figure id=\"carousel-433\" class=\"entry-thumbnail\" data-owl-carousel data-hide_pagination_control=\"yes\" data-desktop=\"1\" data-tablet=\"1\" data-tablet_landscape=\"1\" data-mobile=\"1\">\n\t\t\t\t\t\t\n\t\t\t\t\t\t\t<div class=\"post-img-wrapp\">\n\t\t\t\t\t\t\t\t<a href=\"https:\/\/novaenergiaosona.cat\/es\/2025\/05\/13\/comunidades-energeticas-asamblea-el-motor-de-la-comunidad\/\">\n\t\t\t\t\t\t\t\t\t<img decoding=\"async\" width=\"566\" height=\"800\" src=\"https:\/\/novaenergiaosona.cat\/wp-content\/uploads\/2025\/04\/Cartell-formacio-assemblea-CE-566x800.png\" class=\"attachment-large size-large\" alt=\"\" srcset=\"https:\/\/novaenergiaosona.cat\/wp-content\/uploads\/2025\/04\/Cartell-formacio-assemblea-CE-566x800.png 566w, https:\/\/novaenergiaosona.cat\/wp-content\/uploads\/2025\/04\/Cartell-formacio-assemblea-CE-212x300.png 212w, https:\/\/novaenergiaosona.cat\/wp-content\/uploads\/2025\/04\/Cartell-formacio-assemblea-CE-768x1086.png 768w, https:\/\/novaenergiaosona.cat\/wp-content\/uploads\/2025\/04\/Cartell-formacio-assemblea-CE-1086x1536.png 1086w, https:\/\/novaenergiaosona.cat\/wp-content\/uploads\/2025\/04\/Cartell-formacio-assemblea-CE-1448x2048.png 1448w, https:\/\/novaenergiaosona.cat\/wp-content\/uploads\/2025\/04\/Cartell-formacio-assemblea-CE-860x1216.png 860w, https:\/\/novaenergiaosona.cat\/wp-content\/uploads\/2025\/04\/Cartell-formacio-assemblea-CE-430x608.png 430w, https:\/\/novaenergiaosona.cat\/wp-content\/uploads\/2025\/04\/Cartell-formacio-assemblea-CE-700x990.png 700w, https:\/\/novaenergiaosona.cat\/wp-content\/uploads\/2025\/04\/Cartell-formacio-assemblea-CE-150x212.png 150w\" sizes=\"(max-width: 566px) 100vw, 566px\" \/>\t\t\t\t\t\t\t\t<\/a>\n\t\t\t\t\t\t\t<\/div>\n\t\t\t\t\t\t\t<div class=\"post-image-mask\">\n\t\t\t\t\t\t\t\t<span><\/span>\n\t\t\t\t\t\t\t<\/div>\n\n\t\t\t\t\t\t\n\t\t\t\t\t<\/figure>\n\t\t\t\t\n\t\t\t\t\t\t\t\t\t\t\t\t<div class=\"post-date wd-post-date wd-style-with-bg\" onclick=\"\">\n\t\t\t\t<span class=\"post-date-day\">\n\t\t\t\t\t13\t\t\t\t<\/span>\n\t\t\t\t<span class=\"post-date-month\">\n\t\t\t\t\tMay\t\t\t\t<\/span>\n\t\t\t<\/div>\n\t\t\t\t\t\t\n\t\t\t<\/header><!-- .entry-header -->\n\n\t\t<div class=\"article-body-container\">\n\t\t\t\n\t\t\t\t\n\t\t\t\t\t\t\t\t\t<h3 class=\"wd-entities-title title post-title\">\n\t\t\t\t\t\t<a href=\"https:\/\/novaenergiaosona.cat\/es\/2025\/05\/13\/comunidades-energeticas-asamblea-el-motor-de-la-comunidad\/\" rel=\"bookmark\">Comunidades energ\u00e9ticas: Asamblea, el motor de la comunidad<\/a>\n\t\t\t\t\t<\/h3>\n\t\t\t\t\n\t\t\t\t\t\t\t\n\t\t\t\t\t\t\t\n\t\t\t\t                    <div class=\"entry-content wd-entry-content\">\n\t\t\t\t\t\t\n\t\t\t\t\t\t\t\t\t\t\t<\/div><!-- .entry-content -->\n\t\t\t\t\n\t\t\t\t\t\t\t\n\t\t\t\n\t\t\t\t\t<\/div>\n\t<\/div>\n<\/article><!-- #post -->\n\n\n\t\t\t\t\t\t\t\t\t\t\t\t\t\t\t\t\t\t\t\n<article id=\"post-17674\" class=\"blog-design-masonry blog-post-loop blog-style-bg wd-add-shadow  col-lg-4 col-md-4 col-sm-6 col-12 last  post-17674 post type-post status-publish format-standard has-post-thumbnail hentry category-noticias-neo category-noticias-otc tag-neonews-es\">\n\t<div class=\"article-inner\">\n\t\t\t\t\t<header class=\"entry-header\">\n\t\t\t\t\t\t\t\t\t\n\t\t\t\t\t<figure id=\"carousel-895\" class=\"entry-thumbnail\" data-owl-carousel data-hide_pagination_control=\"yes\" data-desktop=\"1\" data-tablet=\"1\" data-tablet_landscape=\"1\" data-mobile=\"1\">\n\t\t\t\t\t\t\n\t\t\t\t\t\t\t<div class=\"post-img-wrapp\">\n\t\t\t\t\t\t\t\t<a href=\"https:\/\/novaenergiaosona.cat\/es\/2024\/12\/19\/otono-formativo-caracteristicas-de-los-autoconsumos-como-servicio-para-comunidades-energeticas\/\">\n\t\t\t\t\t\t\t\t\t<img loading=\"lazy\" decoding=\"async\" width=\"566\" height=\"800\" src=\"https:\/\/novaenergiaosona.cat\/wp-content\/uploads\/2024\/09\/Formacions-per-comunitats-energetiques-2-566x800.jpg\" class=\"attachment-large size-large\" alt=\"\" srcset=\"https:\/\/novaenergiaosona.cat\/wp-content\/uploads\/2024\/09\/Formacions-per-comunitats-energetiques-2-566x800.jpg 566w, https:\/\/novaenergiaosona.cat\/wp-content\/uploads\/2024\/09\/Formacions-per-comunitats-energetiques-2-212x300.jpg 212w, https:\/\/novaenergiaosona.cat\/wp-content\/uploads\/2024\/09\/Formacions-per-comunitats-energetiques-2-768x1086.jpg 768w, https:\/\/novaenergiaosona.cat\/wp-content\/uploads\/2024\/09\/Formacions-per-comunitats-energetiques-2-1086x1536.jpg 1086w, https:\/\/novaenergiaosona.cat\/wp-content\/uploads\/2024\/09\/Formacions-per-comunitats-energetiques-2-1448x2048.jpg 1448w, https:\/\/novaenergiaosona.cat\/wp-content\/uploads\/2024\/09\/Formacions-per-comunitats-energetiques-2-860x1217.jpg 860w, https:\/\/novaenergiaosona.cat\/wp-content\/uploads\/2024\/09\/Formacions-per-comunitats-energetiques-2-430x608.jpg 430w, https:\/\/novaenergiaosona.cat\/wp-content\/uploads\/2024\/09\/Formacions-per-comunitats-energetiques-2-700x990.jpg 700w, https:\/\/novaenergiaosona.cat\/wp-content\/uploads\/2024\/09\/Formacions-per-comunitats-energetiques-2-150x212.jpg 150w, https:\/\/novaenergiaosona.cat\/wp-content\/uploads\/2024\/09\/Formacions-per-comunitats-energetiques-2.jpg 1587w\" sizes=\"(max-width: 566px) 100vw, 566px\" \/>\t\t\t\t\t\t\t\t<\/a>\n\t\t\t\t\t\t\t<\/div>\n\t\t\t\t\t\t\t<div class=\"post-image-mask\">\n\t\t\t\t\t\t\t\t<span><\/span>\n\t\t\t\t\t\t\t<\/div>\n\n\t\t\t\t\t\t\n\t\t\t\t\t<\/figure>\n\t\t\t\t\n\t\t\t\t\t\t\t\t\t\t\t\t<div class=\"post-date wd-post-date wd-style-with-bg\" onclick=\"\">\n\t\t\t\t<span class=\"post-date-day\">\n\t\t\t\t\t19\t\t\t\t<\/span>\n\t\t\t\t<span class=\"post-date-month\">\n\t\t\t\t\tDic\t\t\t\t<\/span>\n\t\t\t<\/div>\n\t\t\t\t\t\t\n\t\t\t<\/header><!-- .entry-header -->\n\n\t\t<div class=\"article-body-container\">\n\t\t\t\n\t\t\t\t\n\t\t\t\t\t\t\t\t\t<h3 class=\"wd-entities-title title post-title\">\n\t\t\t\t\t\t<a href=\"https:\/\/novaenergiaosona.cat\/es\/2024\/12\/19\/otono-formativo-caracteristicas-de-los-autoconsumos-como-servicio-para-comunidades-energeticas\/\" rel=\"bookmark\">Oto\u00f1o formativo: Caracter\u00edsticas de los autoconsumos como servicio para comunidades energ\u00e9ticas<\/a>\n\t\t\t\t\t<\/h3>\n\t\t\t\t\n\t\t\t\t\t\t\t\n\t\t\t\t\t\t\t\n\t\t\t\t                    <div class=\"entry-content wd-entry-content\">\n\t\t\t\t\t\t\n\t\t\t\t\t\t\t\t\t\t\t<\/div><!-- .entry-content -->\n\t\t\t\t\n\t\t\t\t\t\t\t\n\t\t\t\n\t\t\t\t\t<\/div>\n\t<\/div>\n<\/article><!-- #post -->\n\n\n\t\t\t\t\t\t\t\t\t\t\t\t\t\t\t\t\t\t\t\n<article id=\"post-18150\" class=\"blog-design-masonry blog-post-loop blog-style-bg wd-add-shadow  col-lg-4 col-md-4 col-sm-6 col-12 first  post-18150 post type-post status-publish format-standard has-post-thumbnail hentry category-noticias-neo category-noticias-otc category-noticies-neo category-noticies-otc\">\n\t<div class=\"article-inner\">\n\t\t\t\t\t<header class=\"entry-header\">\n\t\t\t\t\t\t\t\t\t\n\t\t\t\t\t<figure id=\"carousel-920\" class=\"entry-thumbnail\" data-owl-carousel data-hide_pagination_control=\"yes\" data-desktop=\"1\" data-tablet=\"1\" data-tablet_landscape=\"1\" data-mobile=\"1\">\n\t\t\t\t\t\t\n\t\t\t\t\t\t\t<div class=\"post-img-wrapp\">\n\t\t\t\t\t\t\t\t<a href=\"https:\/\/novaenergiaosona.cat\/es\/2024\/05\/13\/primer-encuentro-virtual-otc\/\">\n\t\t\t\t\t\t\t\t\t<img loading=\"lazy\" decoding=\"async\" width=\"1300\" height=\"585\" src=\"https:\/\/novaenergiaosona.cat\/wp-content\/uploads\/2025\/10\/1er-encuentro-virtual-OTC.jpg\" class=\"attachment-large size-large\" alt=\"\" srcset=\"https:\/\/novaenergiaosona.cat\/wp-content\/uploads\/2025\/10\/1er-encuentro-virtual-OTC.jpg 1300w, https:\/\/novaenergiaosona.cat\/wp-content\/uploads\/2025\/10\/1er-encuentro-virtual-OTC-400x180.jpg 400w, https:\/\/novaenergiaosona.cat\/wp-content\/uploads\/2025\/10\/1er-encuentro-virtual-OTC-768x346.jpg 768w, https:\/\/novaenergiaosona.cat\/wp-content\/uploads\/2025\/10\/1er-encuentro-virtual-OTC-860x387.jpg 860w, https:\/\/novaenergiaosona.cat\/wp-content\/uploads\/2025\/10\/1er-encuentro-virtual-OTC-430x194.jpg 430w, https:\/\/novaenergiaosona.cat\/wp-content\/uploads\/2025\/10\/1er-encuentro-virtual-OTC-700x315.jpg 700w, https:\/\/novaenergiaosona.cat\/wp-content\/uploads\/2025\/10\/1er-encuentro-virtual-OTC-150x68.jpg 150w\" sizes=\"(max-width: 1300px) 100vw, 1300px\" \/>\t\t\t\t\t\t\t\t<\/a>\n\t\t\t\t\t\t\t<\/div>\n\t\t\t\t\t\t\t<div class=\"post-image-mask\">\n\t\t\t\t\t\t\t\t<span><\/span>\n\t\t\t\t\t\t\t<\/div>\n\n\t\t\t\t\t\t\n\t\t\t\t\t<\/figure>\n\t\t\t\t\n\t\t\t\t\t\t\t\t\t\t\t\t<div class=\"post-date wd-post-date wd-style-with-bg\" onclick=\"\">\n\t\t\t\t<span class=\"post-date-day\">\n\t\t\t\t\t13\t\t\t\t<\/span>\n\t\t\t\t<span class=\"post-date-month\">\n\t\t\t\t\tMay\t\t\t\t<\/span>\n\t\t\t<\/div>\n\t\t\t\t\t\t\n\t\t\t<\/header><!-- .entry-header -->\n\n\t\t<div class=\"article-body-container\">\n\t\t\t\n\t\t\t\t\n\t\t\t\t\t\t\t\t\t<h3 class=\"wd-entities-title title post-title\">\n\t\t\t\t\t\t<a href=\"https:\/\/novaenergiaosona.cat\/es\/2024\/05\/13\/primer-encuentro-virtual-otc\/\" rel=\"bookmark\">Primer encuentro virtual OTC<\/a>\n\t\t\t\t\t<\/h3>\n\t\t\t\t\n\t\t\t\t\t\t\t\n\t\t\t\t\t\t\t\n\t\t\t\t                    <div class=\"entry-content wd-entry-content\">\n\t\t\t\t\t\t\n\t\t\t\t\t\t\t\t\t\t\t<\/div><!-- .entry-content -->\n\t\t\t\t\n\t\t\t\t\t\t\t\n\t\t\t\n\t\t\t\t\t<\/div>\n\t<\/div>\n<\/article><!-- #post -->\n\n\n\t\t\t\t\t\t\t\t\t\t\t\t\t\t\t\t\t\t\t\n<article id=\"post-18148\" class=\"blog-design-masonry blog-post-loop blog-style-bg wd-add-shadow  col-lg-4 col-md-4 col-sm-6 col-12 post-18148 post type-post status-publish format-standard has-post-thumbnail hentry category-noticias-neo category-noticias-otc category-noticies-neo category-noticies-otc\">\n\t<div class=\"article-inner\">\n\t\t\t\t\t<header class=\"entry-header\">\n\t\t\t\t\t\t\t\t\t\n\t\t\t\t\t<figure id=\"carousel-992\" class=\"entry-thumbnail\" data-owl-carousel data-hide_pagination_control=\"yes\" data-desktop=\"1\" data-tablet=\"1\" data-tablet_landscape=\"1\" data-mobile=\"1\">\n\t\t\t\t\t\t\n\t\t\t\t\t\t\t<div class=\"post-img-wrapp\">\n\t\t\t\t\t\t\t\t<a href=\"https:\/\/novaenergiaosona.cat\/es\/2024\/04\/22\/reunion-de-coordinacion-entre-el-idae-y-las-otcs-aclaraciones-clave-sobre-la-justificacion-y-los-limites-de-actuacion\/\">\n\t\t\t\t\t\t\t\t\t<img loading=\"lazy\" decoding=\"async\" width=\"1300\" height=\"668\" src=\"https:\/\/novaenergiaosona.cat\/wp-content\/uploads\/2025\/10\/IDAE-preparacion-reunion-1300x668.jpg\" class=\"attachment-large size-large\" alt=\"\" srcset=\"https:\/\/novaenergiaosona.cat\/wp-content\/uploads\/2025\/10\/IDAE-preparacion-reunion-1300x668.jpg 1300w, https:\/\/novaenergiaosona.cat\/wp-content\/uploads\/2025\/10\/IDAE-preparacion-reunion-400x206.jpg 400w, https:\/\/novaenergiaosona.cat\/wp-content\/uploads\/2025\/10\/IDAE-preparacion-reunion-768x395.jpg 768w, https:\/\/novaenergiaosona.cat\/wp-content\/uploads\/2025\/10\/IDAE-preparacion-reunion-860x442.jpg 860w, https:\/\/novaenergiaosona.cat\/wp-content\/uploads\/2025\/10\/IDAE-preparacion-reunion-430x221.jpg 430w, https:\/\/novaenergiaosona.cat\/wp-content\/uploads\/2025\/10\/IDAE-preparacion-reunion-700x360.jpg 700w, https:\/\/novaenergiaosona.cat\/wp-content\/uploads\/2025\/10\/IDAE-preparacion-reunion-150x77.jpg 150w, https:\/\/novaenergiaosona.cat\/wp-content\/uploads\/2025\/10\/IDAE-preparacion-reunion.jpg 1354w\" sizes=\"(max-width: 1300px) 100vw, 1300px\" \/>\t\t\t\t\t\t\t\t<\/a>\n\t\t\t\t\t\t\t<\/div>\n\t\t\t\t\t\t\t<div class=\"post-image-mask\">\n\t\t\t\t\t\t\t\t<span><\/span>\n\t\t\t\t\t\t\t<\/div>\n\n\t\t\t\t\t\t\n\t\t\t\t\t<\/figure>\n\t\t\t\t\n\t\t\t\t\t\t\t\t\t\t\t\t<div class=\"post-date wd-post-date wd-style-with-bg\" onclick=\"\">\n\t\t\t\t<span class=\"post-date-day\">\n\t\t\t\t\t22\t\t\t\t<\/span>\n\t\t\t\t<span class=\"post-date-month\">\n\t\t\t\t\tAbr\t\t\t\t<\/span>\n\t\t\t<\/div>\n\t\t\t\t\t\t\n\t\t\t<\/header><!-- .entry-header -->\n\n\t\t<div class=\"article-body-container\">\n\t\t\t\n\t\t\t\t\n\t\t\t\t\t\t\t\t\t<h3 class=\"wd-entities-title title post-title\">\n\t\t\t\t\t\t<a href=\"https:\/\/novaenergiaosona.cat\/es\/2024\/04\/22\/reunion-de-coordinacion-entre-el-idae-y-las-otcs-aclaraciones-clave-sobre-la-justificacion-y-los-limites-de-actuacion\/\" rel=\"bookmark\">Reuni\u00f3n de coordinaci\u00f3n entre el IDAE y las OTCs: aclaraciones clave sobre la justificaci\u00f3n y los l\u00edmites de actuaci\u00f3n<\/a>\n\t\t\t\t\t<\/h3>\n\t\t\t\t\n\t\t\t\t\t\t\t\n\t\t\t\t\t\t\t\n\t\t\t\t                    <div class=\"entry-content wd-entry-content\">\n\t\t\t\t\t\t\n\t\t\t\t\t\t\t\t\t\t\t<\/div><!-- .entry-content -->\n\t\t\t\t\n\t\t\t\t\t\t\t\n\t\t\t\n\t\t\t\t\t<\/div>\n\t<\/div>\n<\/article><!-- #post -->\n\n\n\t\t\t\t\t\t\t\t\t\t\t\t\t\t\t\t\t\t\t\n<article id=\"post-18112\" class=\"blog-design-masonry blog-post-loop blog-style-bg wd-add-shadow  col-lg-4 col-md-4 col-sm-6 col-12 last  post-18112 post type-post status-publish format-standard has-post-thumbnail hentry category-noticias-otc\">\n\t<div class=\"article-inner\">\n\t\t\t\t\t<header class=\"entry-header\">\n\t\t\t\t\t\t\t\t\t\n\t\t\t\t\t<figure id=\"carousel-635\" class=\"entry-thumbnail\" data-owl-carousel data-hide_pagination_control=\"yes\" data-desktop=\"1\" data-tablet=\"1\" data-tablet_landscape=\"1\" data-mobile=\"1\">\n\t\t\t\t\t\t\n\t\t\t\t\t\t\t<div class=\"post-img-wrapp\">\n\t\t\t\t\t\t\t\t<a href=\"https:\/\/novaenergiaosona.cat\/es\/2024\/04\/08\/reunio-de-coordinacio-amb-fmit-i-oecoop-per-a-la-collaboracio-entre-otcs\/\">\n\t\t\t\t\t\t\t\t\t<img loading=\"lazy\" decoding=\"async\" width=\"600\" height=\"800\" src=\"https:\/\/novaenergiaosona.cat\/wp-content\/uploads\/2025\/09\/Encuentro-coordinacion-FMIT-1-600x800.jpg\" class=\"attachment-large size-large\" alt=\"\" srcset=\"https:\/\/novaenergiaosona.cat\/wp-content\/uploads\/2025\/09\/Encuentro-coordinacion-FMIT-1-600x800.jpg 600w, https:\/\/novaenergiaosona.cat\/wp-content\/uploads\/2025\/09\/Encuentro-coordinacion-FMIT-1-225x300.jpg 225w, https:\/\/novaenergiaosona.cat\/wp-content\/uploads\/2025\/09\/Encuentro-coordinacion-FMIT-1-300x400.jpg 300w, https:\/\/novaenergiaosona.cat\/wp-content\/uploads\/2025\/09\/Encuentro-coordinacion-FMIT-1-430x573.jpg 430w, https:\/\/novaenergiaosona.cat\/wp-content\/uploads\/2025\/09\/Encuentro-coordinacion-FMIT-1-150x200.jpg 150w, https:\/\/novaenergiaosona.cat\/wp-content\/uploads\/2025\/09\/Encuentro-coordinacion-FMIT-1-rotated.jpg 647w\" sizes=\"(max-width: 600px) 100vw, 600px\" \/>\t\t\t\t\t\t\t\t<\/a>\n\t\t\t\t\t\t\t<\/div>\n\t\t\t\t\t\t\t<div class=\"post-image-mask\">\n\t\t\t\t\t\t\t\t<span><\/span>\n\t\t\t\t\t\t\t<\/div>\n\n\t\t\t\t\t\t\n\t\t\t\t\t<\/figure>\n\t\t\t\t\n\t\t\t\t\t\t\t\t\t\t\t\t<div class=\"post-date wd-post-date wd-style-with-bg\" onclick=\"\">\n\t\t\t\t<span class=\"post-date-day\">\n\t\t\t\t\t08\t\t\t\t<\/span>\n\t\t\t\t<span class=\"post-date-month\">\n\t\t\t\t\tAbr\t\t\t\t<\/span>\n\t\t\t<\/div>\n\t\t\t\t\t\t\n\t\t\t<\/header><!-- .entry-header -->\n\n\t\t<div class=\"article-body-container\">\n\t\t\t\n\t\t\t\t\n\t\t\t\t\t\t\t\t\t<h3 class=\"wd-entities-title title post-title\">\n\t\t\t\t\t\t<a href=\"https:\/\/novaenergiaosona.cat\/es\/2024\/04\/08\/reunio-de-coordinacio-amb-fmit-i-oecoop-per-a-la-collaboracio-entre-otcs\/\" rel=\"bookmark\">Reuni\u00f3 de coordinaci\u00f3 amb FMIT i OECoop per a la col\u00b7laboraci\u00f3 entre OTCs<\/a>\n\t\t\t\t\t<\/h3>\n\t\t\t\t\n\t\t\t\t\t\t\t\n\t\t\t\t\t\t\t\n\t\t\t\t                    <div class=\"entry-content wd-entry-content\">\n\t\t\t\t\t\t\n\t\t\t\t\t\t\t\t\t\t\t<\/div><!-- .entry-content -->\n\t\t\t\t\n\t\t\t\t\t\t\t\n\t\t\t\n\t\t\t\t\t<\/div>\n\t<\/div>\n<\/article><!-- #post -->\n\n\n\t\t\t\t\t\t\t\t\t\t\t\t\t\t\t\t\t\t\t\n<article id=\"post-18093\" class=\"blog-design-masonry blog-post-loop blog-style-bg wd-add-shadow  col-lg-4 col-md-4 col-sm-6 col-12 first  post-18093 post type-post status-publish format-standard has-post-thumbnail hentry category-noticias-otc\">\n\t<div class=\"article-inner\">\n\t\t\t\t\t<header class=\"entry-header\">\n\t\t\t\t\t\t\t\t\t\n\t\t\t\t\t<figure id=\"carousel-916\" class=\"entry-thumbnail\" data-owl-carousel data-hide_pagination_control=\"yes\" data-desktop=\"1\" data-tablet=\"1\" data-tablet_landscape=\"1\" data-mobile=\"1\">\n\t\t\t\t\t\t\n\t\t\t\t\t\t\t<div class=\"post-img-wrapp\">\n\t\t\t\t\t\t\t\t<a href=\"https:\/\/novaenergiaosona.cat\/es\/2024\/02\/17\/reunio-de-treball-de-les-otc-catalanes-a-la-fira-de-lenergia-de-vic\/\">\n\t\t\t\t\t\t\t\t\t<img loading=\"lazy\" decoding=\"async\" width=\"775\" height=\"582\" src=\"https:\/\/novaenergiaosona.cat\/wp-content\/uploads\/2025\/09\/Encuentro-OTC-catalanas-1.jpg\" class=\"attachment-large size-large\" alt=\"\" srcset=\"https:\/\/novaenergiaosona.cat\/wp-content\/uploads\/2025\/09\/Encuentro-OTC-catalanas-1.jpg 775w, https:\/\/novaenergiaosona.cat\/wp-content\/uploads\/2025\/09\/Encuentro-OTC-catalanas-1-400x300.jpg 400w, https:\/\/novaenergiaosona.cat\/wp-content\/uploads\/2025\/09\/Encuentro-OTC-catalanas-1-768x577.jpg 768w, https:\/\/novaenergiaosona.cat\/wp-content\/uploads\/2025\/09\/Encuentro-OTC-catalanas-1-430x323.jpg 430w, https:\/\/novaenergiaosona.cat\/wp-content\/uploads\/2025\/09\/Encuentro-OTC-catalanas-1-700x526.jpg 700w, https:\/\/novaenergiaosona.cat\/wp-content\/uploads\/2025\/09\/Encuentro-OTC-catalanas-1-150x113.jpg 150w\" sizes=\"(max-width: 775px) 100vw, 775px\" \/>\t\t\t\t\t\t\t\t<\/a>\n\t\t\t\t\t\t\t<\/div>\n\t\t\t\t\t\t\t<div class=\"post-image-mask\">\n\t\t\t\t\t\t\t\t<span><\/span>\n\t\t\t\t\t\t\t<\/div>\n\n\t\t\t\t\t\t\n\t\t\t\t\t<\/figure>\n\t\t\t\t\n\t\t\t\t\t\t\t\t\t\t\t\t<div class=\"post-date wd-post-date wd-style-with-bg\" onclick=\"\">\n\t\t\t\t<span class=\"post-date-day\">\n\t\t\t\t\t17\t\t\t\t<\/span>\n\t\t\t\t<span class=\"post-date-month\">\n\t\t\t\t\tFeb\t\t\t\t<\/span>\n\t\t\t<\/div>\n\t\t\t\t\t\t\n\t\t\t<\/header><!-- .entry-header -->\n\n\t\t<div class=\"article-body-container\">\n\t\t\t\n\t\t\t\t\n\t\t\t\t\t\t\t\t\t<h3 class=\"wd-entities-title title post-title\">\n\t\t\t\t\t\t<a href=\"https:\/\/novaenergiaosona.cat\/es\/2024\/02\/17\/reunio-de-treball-de-les-otc-catalanes-a-la-fira-de-lenergia-de-vic\/\" rel=\"bookmark\">Reuni\u00f3n de trabajo de las OTC catalanas en la Feria de la Energ\u00eda de Vic<\/a>\n\t\t\t\t\t<\/h3>\n\t\t\t\t\n\t\t\t\t\t\t\t\n\t\t\t\t\t\t\t\n\t\t\t\t                    <div class=\"entry-content wd-entry-content\">\n\t\t\t\t\t\t\n\t\t\t\t\t\t\t\t\t\t\t<\/div><!-- .entry-content -->\n\t\t\t\t\n\t\t\t\t\t\t\t\n\t\t\t\n\t\t\t\t\t<\/div>\n\t<\/div>\n<\/article><!-- #post -->\n\n\n\t\t\t\t\t\t\t\t\t\t\t\t\t\t\t\t\t\t\t\n<article id=\"post-16885\" class=\"blog-design-masonry blog-post-loop blog-style-bg wd-add-shadow  col-lg-4 col-md-4 col-sm-6 col-12 post-16885 post type-post status-publish format-standard has-post-thumbnail hentry category-noticias-neo category-noticias-otc tag-neonews-es\">\n\t<div class=\"article-inner\">\n\t\t\t\t\t<header class=\"entry-header\">\n\t\t\t\t\t\t\t\t\t\n\t\t\t\t\t<figure id=\"carousel-452\" class=\"entry-thumbnail\" data-owl-carousel data-hide_pagination_control=\"yes\" data-desktop=\"1\" data-tablet=\"1\" data-tablet_landscape=\"1\" data-mobile=\"1\">\n\t\t\t\t\t\t\n\t\t\t\t\t\t\t<div class=\"post-img-wrapp\">\n\t\t\t\t\t\t\t\t<a href=\"https:\/\/novaenergiaosona.cat\/es\/2024\/02\/15\/la-transicion-energetica-avanza-a-un-ritmo-desigual\/\">\n\t\t\t\t\t\t\t\t\t<img loading=\"lazy\" decoding=\"async\" width=\"1062\" height=\"800\" src=\"https:\/\/novaenergiaosona.cat\/wp-content\/uploads\/2024\/02\/Portada-NEONews-3-1062x800.jpg\" class=\"attachment-large size-large\" alt=\"\" srcset=\"https:\/\/novaenergiaosona.cat\/wp-content\/uploads\/2024\/02\/Portada-NEONews-3-1062x800.jpg 1062w, https:\/\/novaenergiaosona.cat\/wp-content\/uploads\/2024\/02\/Portada-NEONews-3-398x300.jpg 398w, https:\/\/novaenergiaosona.cat\/wp-content\/uploads\/2024\/02\/Portada-NEONews-3-768x579.jpg 768w, https:\/\/novaenergiaosona.cat\/wp-content\/uploads\/2024\/02\/Portada-NEONews-3-860x648.jpg 860w, https:\/\/novaenergiaosona.cat\/wp-content\/uploads\/2024\/02\/Portada-NEONews-3-430x324.jpg 430w, https:\/\/novaenergiaosona.cat\/wp-content\/uploads\/2024\/02\/Portada-NEONews-3-700x527.jpg 700w, https:\/\/novaenergiaosona.cat\/wp-content\/uploads\/2024\/02\/Portada-NEONews-3-150x113.jpg 150w, https:\/\/novaenergiaosona.cat\/wp-content\/uploads\/2024\/02\/Portada-NEONews-3.jpg 1412w\" sizes=\"(max-width: 1062px) 100vw, 1062px\" \/>\t\t\t\t\t\t\t\t<\/a>\n\t\t\t\t\t\t\t<\/div>\n\t\t\t\t\t\t\t<div class=\"post-image-mask\">\n\t\t\t\t\t\t\t\t<span><\/span>\n\t\t\t\t\t\t\t<\/div>\n\n\t\t\t\t\t\t\n\t\t\t\t\t<\/figure>\n\t\t\t\t\n\t\t\t\t\t\t\t\t\t\t\t\t<div class=\"post-date wd-post-date wd-style-with-bg\" onclick=\"\">\n\t\t\t\t<span class=\"post-date-day\">\n\t\t\t\t\t15\t\t\t\t<\/span>\n\t\t\t\t<span class=\"post-date-month\">\n\t\t\t\t\tFeb\t\t\t\t<\/span>\n\t\t\t<\/div>\n\t\t\t\t\t\t\n\t\t\t<\/header><!-- .entry-header -->\n\n\t\t<div class=\"article-body-container\">\n\t\t\t\n\t\t\t\t\n\t\t\t\t\t\t\t\t\t<h3 class=\"wd-entities-title title post-title\">\n\t\t\t\t\t\t<a href=\"https:\/\/novaenergiaosona.cat\/es\/2024\/02\/15\/la-transicion-energetica-avanza-a-un-ritmo-desigual\/\" rel=\"bookmark\">La transici\u00f3n energ\u00e9tica avanza a un ritmo desigual<\/a>\n\t\t\t\t\t<\/h3>\n\t\t\t\t\n\t\t\t\t\t\t\t\n\t\t\t\t\t\t\t\n\t\t\t\t                    <div class=\"entry-content wd-entry-content\">\n\t\t\t\t\t\t\n\t\t\t\t\t\t\t\t\t\t\t<\/div><!-- .entry-content -->\n\t\t\t\t\n\t\t\t\t\t\t\t\n\t\t\t\n\t\t\t\t\t<\/div>\n\t<\/div>\n<\/article><!-- #post -->\n\n\n\t\t\t\t\t\t\t\t\t\t\t\t\t\t\t\t\t\t\t\n<article id=\"post-16936\" class=\"blog-design-masonry blog-post-loop blog-style-bg wd-add-shadow  col-lg-4 col-md-4 col-sm-6 col-12 last  post-16936 post type-post status-publish format-standard has-post-thumbnail hentry category-noticias-neo category-noticias-otc tag-fecs-es\">\n\t<div class=\"article-inner\">\n\t\t\t\t\t<header class=\"entry-header\">\n\t\t\t\t\t\t\t\t\t\n\t\t\t\t\t<figure id=\"carousel-670\" class=\"entry-thumbnail\" data-owl-carousel data-hide_pagination_control=\"yes\" data-desktop=\"1\" data-tablet=\"1\" data-tablet_landscape=\"1\" data-mobile=\"1\">\n\t\t\t\t\t\t\n\t\t\t\t\t\t\t<div class=\"post-img-wrapp\">\n\t\t\t\t\t\t\t\t<a href=\"https:\/\/novaenergiaosona.cat\/es\/2024\/02\/12\/llega-una-nueva-edicion-de-la-feria-de-la-energia-y-la-construccion-sostenible\/\">\n\t\t\t\t\t\t\t\t\t<img loading=\"lazy\" decoding=\"async\" width=\"566\" height=\"800\" src=\"https:\/\/novaenergiaosona.cat\/wp-content\/uploads\/2024\/02\/FECS-2024-566x800.jpg\" class=\"attachment-large size-large\" alt=\"\" srcset=\"https:\/\/novaenergiaosona.cat\/wp-content\/uploads\/2024\/02\/FECS-2024-566x800.jpg 566w, https:\/\/novaenergiaosona.cat\/wp-content\/uploads\/2024\/02\/FECS-2024-212x300.jpg 212w, https:\/\/novaenergiaosona.cat\/wp-content\/uploads\/2024\/02\/FECS-2024-768x1085.jpg 768w, https:\/\/novaenergiaosona.cat\/wp-content\/uploads\/2024\/02\/FECS-2024-430x608.jpg 430w, https:\/\/novaenergiaosona.cat\/wp-content\/uploads\/2024\/02\/FECS-2024-700x989.jpg 700w, https:\/\/novaenergiaosona.cat\/wp-content\/uploads\/2024\/02\/FECS-2024-150x212.jpg 150w, https:\/\/novaenergiaosona.cat\/wp-content\/uploads\/2024\/02\/FECS-2024.jpg 843w\" sizes=\"(max-width: 566px) 100vw, 566px\" \/>\t\t\t\t\t\t\t\t<\/a>\n\t\t\t\t\t\t\t<\/div>\n\t\t\t\t\t\t\t<div class=\"post-image-mask\">\n\t\t\t\t\t\t\t\t<span><\/span>\n\t\t\t\t\t\t\t<\/div>\n\n\t\t\t\t\t\t\n\t\t\t\t\t<\/figure>\n\t\t\t\t\n\t\t\t\t\t\t\t\t\t\t\t\t<div class=\"post-date wd-post-date wd-style-with-bg\" onclick=\"\">\n\t\t\t\t<span class=\"post-date-day\">\n\t\t\t\t\t12\t\t\t\t<\/span>\n\t\t\t\t<span class=\"post-date-month\">\n\t\t\t\t\tFeb\t\t\t\t<\/span>\n\t\t\t<\/div>\n\t\t\t\t\t\t\n\t\t\t<\/header><!-- .entry-header -->\n\n\t\t<div class=\"article-body-container\">\n\t\t\t\n\t\t\t\t\n\t\t\t\t\t\t\t\t\t<h3 class=\"wd-entities-title title post-title\">\n\t\t\t\t\t\t<a href=\"https:\/\/novaenergiaosona.cat\/es\/2024\/02\/12\/llega-una-nueva-edicion-de-la-feria-de-la-energia-y-la-construccion-sostenible\/\" rel=\"bookmark\">Llega una nueva edici\u00f3n de la Feria de la Energ\u00eda y la Construcci\u00f3n Sostenible<\/a>\n\t\t\t\t\t<\/h3>\n\t\t\t\t\n\t\t\t\t\t\t\t\n\t\t\t\t\t\t\t\n\t\t\t\t                    <div class=\"entry-content wd-entry-content\">\n\t\t\t\t\t\t\nM\u00e1s informaci\u00f3n aqu\u00ed\n\n\t\t\t\t\t\t\t\t\t\t\t<\/div><!-- .entry-content -->\n\t\t\t\t\n\t\t\t\t\t\t\t\n\t\t\t\n\t\t\t\t\t<\/div>\n\t<\/div>\n<\/article><!-- #post -->\n\n\n\t\t\t\t\t\t\t\t\t\t\t\t\t\t\t\t\t\t\t\n<article id=\"post-18085\" class=\"blog-design-masonry blog-post-loop blog-style-bg wd-add-shadow  col-lg-4 col-md-4 col-sm-6 col-12 first  post-18085 post type-post status-publish format-standard has-post-thumbnail hentry category-noticias-otc\">\n\t<div class=\"article-inner\">\n\t\t\t\t\t<header class=\"entry-header\">\n\t\t\t\t\t\t\t\t\t\n\t\t\t\t\t<figure id=\"carousel-840\" class=\"entry-thumbnail\" data-owl-carousel data-hide_pagination_control=\"yes\" data-desktop=\"1\" data-tablet=\"1\" data-tablet_landscape=\"1\" data-mobile=\"1\">\n\t\t\t\t\t\t\n\t\t\t\t\t\t\t<div class=\"post-img-wrapp\">\n\t\t\t\t\t\t\t\t<a href=\"https:\/\/novaenergiaosona.cat\/es\/2023\/12\/15\/reunio-de-coordinacio-entre-les-cinc-otc-rurals\/\">\n\t\t\t\t\t\t\t\t\t<img loading=\"lazy\" decoding=\"async\" width=\"1066\" height=\"800\" src=\"https:\/\/novaenergiaosona.cat\/wp-content\/uploads\/2025\/09\/Encuentro-OTC-rurales-1066x800.jpg\" class=\"attachment-large size-large\" alt=\"\" srcset=\"https:\/\/novaenergiaosona.cat\/wp-content\/uploads\/2025\/09\/Encuentro-OTC-rurales-1066x800.jpg 1066w, https:\/\/novaenergiaosona.cat\/wp-content\/uploads\/2025\/09\/Encuentro-OTC-rurales-400x300.jpg 400w, https:\/\/novaenergiaosona.cat\/wp-content\/uploads\/2025\/09\/Encuentro-OTC-rurales-768x576.jpg 768w, https:\/\/novaenergiaosona.cat\/wp-content\/uploads\/2025\/09\/Encuentro-OTC-rurales-1536x1153.jpg 1536w, https:\/\/novaenergiaosona.cat\/wp-content\/uploads\/2025\/09\/Encuentro-OTC-rurales-860x645.jpg 860w, https:\/\/novaenergiaosona.cat\/wp-content\/uploads\/2025\/09\/Encuentro-OTC-rurales-430x323.jpg 430w, https:\/\/novaenergiaosona.cat\/wp-content\/uploads\/2025\/09\/Encuentro-OTC-rurales-700x525.jpg 700w, https:\/\/novaenergiaosona.cat\/wp-content\/uploads\/2025\/09\/Encuentro-OTC-rurales-150x113.jpg 150w, https:\/\/novaenergiaosona.cat\/wp-content\/uploads\/2025\/09\/Encuentro-OTC-rurales.jpg 1599w\" sizes=\"(max-width: 1066px) 100vw, 1066px\" \/>\t\t\t\t\t\t\t\t<\/a>\n\t\t\t\t\t\t\t<\/div>\n\t\t\t\t\t\t\t<div class=\"post-image-mask\">\n\t\t\t\t\t\t\t\t<span><\/span>\n\t\t\t\t\t\t\t<\/div>\n\n\t\t\t\t\t\t\n\t\t\t\t\t<\/figure>\n\t\t\t\t\n\t\t\t\t\t\t\t\t\t\t\t\t<div class=\"post-date wd-post-date wd-style-with-bg\" onclick=\"\">\n\t\t\t\t<span class=\"post-date-day\">\n\t\t\t\t\t15\t\t\t\t<\/span>\n\t\t\t\t<span class=\"post-date-month\">\n\t\t\t\t\tDic\t\t\t\t<\/span>\n\t\t\t<\/div>\n\t\t\t\t\t\t\n\t\t\t<\/header><!-- .entry-header -->\n\n\t\t<div class=\"article-body-container\">\n\t\t\t\n\t\t\t\t\n\t\t\t\t\t\t\t\t\t<h3 class=\"wd-entities-title title post-title\">\n\t\t\t\t\t\t<a href=\"https:\/\/novaenergiaosona.cat\/es\/2023\/12\/15\/reunio-de-coordinacio-entre-les-cinc-otc-rurals\/\" rel=\"bookmark\">Reuni\u00f3n de coordinaci\u00f3n entre las cinco OTC rurales<\/a>\n\t\t\t\t\t<\/h3>\n\t\t\t\t\n\t\t\t\t\t\t\t\n\t\t\t\t\t\t\t\n\t\t\t\t                    <div class=\"entry-content wd-entry-content\">\n\t\t\t\t\t\t\n\t\t\t\t\t\t\t\t\t\t\t<\/div><!-- .entry-content -->\n\t\t\t\t\n\t\t\t\t\t\t\t\n\t\t\t\n\t\t\t\t\t<\/div>\n\t<\/div>\n<\/article><!-- #post -->\n\n\n\t\t\t\t\t\t\t\t\t\t\t\t\t\t\t\t\t\t\t\n<article id=\"post-18078\" class=\"blog-design-masonry blog-post-loop blog-style-bg wd-add-shadow  col-lg-4 col-md-4 col-sm-6 col-12 post-18078 post type-post status-publish format-standard has-post-thumbnail hentry category-noticias-otc\">\n\t<div class=\"article-inner\">\n\t\t\t\t\t<header class=\"entry-header\">\n\t\t\t\t\t\t\t\t\t\n\t\t\t\t\t<figure id=\"carousel-776\" class=\"entry-thumbnail\" data-owl-carousel data-hide_pagination_control=\"yes\" data-desktop=\"1\" data-tablet=\"1\" data-tablet_landscape=\"1\" data-mobile=\"1\">\n\t\t\t\t\t\t\n\t\t\t\t\t\t\t<div class=\"post-img-wrapp\">\n\t\t\t\t\t\t\t\t<a href=\"https:\/\/novaenergiaosona.cat\/es\/2023\/12\/14\/reunio-de-treball-sobre-la-coordinacio-de-les-otc-catalanes\/\">\n\t\t\t\t\t\t\t\t\t<img loading=\"lazy\" decoding=\"async\" width=\"1300\" height=\"731\" src=\"https:\/\/novaenergiaosona.cat\/wp-content\/uploads\/2025\/09\/Encuentro-OTC-catalanas-1300x731.jpg\" class=\"attachment-large size-large\" alt=\"\" srcset=\"https:\/\/novaenergiaosona.cat\/wp-content\/uploads\/2025\/09\/Encuentro-OTC-catalanas-1300x731.jpg 1300w, https:\/\/novaenergiaosona.cat\/wp-content\/uploads\/2025\/09\/Encuentro-OTC-catalanas-400x225.jpg 400w, https:\/\/novaenergiaosona.cat\/wp-content\/uploads\/2025\/09\/Encuentro-OTC-catalanas-768x432.jpg 768w, https:\/\/novaenergiaosona.cat\/wp-content\/uploads\/2025\/09\/Encuentro-OTC-catalanas-1536x864.jpg 1536w, https:\/\/novaenergiaosona.cat\/wp-content\/uploads\/2025\/09\/Encuentro-OTC-catalanas-860x484.jpg 860w, https:\/\/novaenergiaosona.cat\/wp-content\/uploads\/2025\/09\/Encuentro-OTC-catalanas-430x242.jpg 430w, https:\/\/novaenergiaosona.cat\/wp-content\/uploads\/2025\/09\/Encuentro-OTC-catalanas-700x394.jpg 700w, https:\/\/novaenergiaosona.cat\/wp-content\/uploads\/2025\/09\/Encuentro-OTC-catalanas-150x84.jpg 150w, https:\/\/novaenergiaosona.cat\/wp-content\/uploads\/2025\/09\/Encuentro-OTC-catalanas.jpg 1600w\" sizes=\"(max-width: 1300px) 100vw, 1300px\" \/>\t\t\t\t\t\t\t\t<\/a>\n\t\t\t\t\t\t\t<\/div>\n\t\t\t\t\t\t\t<div class=\"post-image-mask\">\n\t\t\t\t\t\t\t\t<span><\/span>\n\t\t\t\t\t\t\t<\/div>\n\n\t\t\t\t\t\t\n\t\t\t\t\t<\/figure>\n\t\t\t\t\n\t\t\t\t\t\t\t\t\t\t\t\t<div class=\"post-date wd-post-date wd-style-with-bg\" onclick=\"\">\n\t\t\t\t<span class=\"post-date-day\">\n\t\t\t\t\t14\t\t\t\t<\/span>\n\t\t\t\t<span class=\"post-date-month\">\n\t\t\t\t\tDic\t\t\t\t<\/span>\n\t\t\t<\/div>\n\t\t\t\t\t\t\n\t\t\t<\/header><!-- .entry-header -->\n\n\t\t<div class=\"article-body-container\">\n\t\t\t\n\t\t\t\t\n\t\t\t\t\t\t\t\t\t<h3 class=\"wd-entities-title title post-title\">\n\t\t\t\t\t\t<a href=\"https:\/\/novaenergiaosona.cat\/es\/2023\/12\/14\/reunio-de-treball-sobre-la-coordinacio-de-les-otc-catalanes\/\" rel=\"bookmark\">Reuni\u00f3n de trabajo sobre la coordinaci\u00f3n de las OTC catalanas<\/a>\n\t\t\t\t\t<\/h3>\n\t\t\t\t\n\t\t\t\t\t\t\t\n\t\t\t\t\t\t\t\n\t\t\t\t                    <div class=\"entry-content wd-entry-content\">\n\t\t\t\t\t\t\n\t\t\t\t\t\t\t\t\t\t\t<\/div><!-- .entry-content -->\n\t\t\t\t\n\t\t\t\t\t\t\t\n\t\t\t\n\t\t\t\t\t<\/div>\n\t<\/div>\n<\/article><!-- #post -->\n\n\n\t\t\t\t\t\t\t\t\t\t\t\t\t\t\t\t\t\t\t\n<article id=\"post-18071\" class=\"blog-design-masonry blog-post-loop blog-style-bg wd-add-shadow  col-lg-4 col-md-4 col-sm-6 col-12 last  post-18071 post type-post status-publish format-standard has-post-thumbnail hentry category-noticias-otc\">\n\t<div class=\"article-inner\">\n\t\t\t\t\t<header class=\"entry-header\">\n\t\t\t\t\t\t\t\t\t\n\t\t\t\t\t<figure id=\"carousel-573\" class=\"entry-thumbnail\" data-owl-carousel data-hide_pagination_control=\"yes\" data-desktop=\"1\" data-tablet=\"1\" data-tablet_landscape=\"1\" data-mobile=\"1\">\n\t\t\t\t\t\t\n\t\t\t\t\t\t\t<div class=\"post-img-wrapp\">\n\t\t\t\t\t\t\t\t<a href=\"https:\/\/novaenergiaosona.cat\/es\/2023\/12\/14\/reunio-de-treball-sobre-el-foment-i-suport-a-les-comunitats-energetiques-a-la-provincia-de-girona\/\">\n\t\t\t\t\t\t\t\t\t<img loading=\"lazy\" decoding=\"async\" width=\"479\" height=\"639\" src=\"https:\/\/novaenergiaosona.cat\/wp-content\/uploads\/2025\/09\/Reunion-CEL-Girona-2.jpg\" class=\"attachment-large size-large\" alt=\"\" srcset=\"https:\/\/novaenergiaosona.cat\/wp-content\/uploads\/2025\/09\/Reunion-CEL-Girona-2.jpg 479w, https:\/\/novaenergiaosona.cat\/wp-content\/uploads\/2025\/09\/Reunion-CEL-Girona-2-225x300.jpg 225w, https:\/\/novaenergiaosona.cat\/wp-content\/uploads\/2025\/09\/Reunion-CEL-Girona-2-300x400.jpg 300w, https:\/\/novaenergiaosona.cat\/wp-content\/uploads\/2025\/09\/Reunion-CEL-Girona-2-430x574.jpg 430w, https:\/\/novaenergiaosona.cat\/wp-content\/uploads\/2025\/09\/Reunion-CEL-Girona-2-150x200.jpg 150w\" sizes=\"(max-width: 479px) 100vw, 479px\" \/>\t\t\t\t\t\t\t\t<\/a>\n\t\t\t\t\t\t\t<\/div>\n\t\t\t\t\t\t\t<div class=\"post-image-mask\">\n\t\t\t\t\t\t\t\t<span><\/span>\n\t\t\t\t\t\t\t<\/div>\n\n\t\t\t\t\t\t\n\t\t\t\t\t<\/figure>\n\t\t\t\t\n\t\t\t\t\t\t\t\t\t\t\t\t<div class=\"post-date wd-post-date wd-style-with-bg\" onclick=\"\">\n\t\t\t\t<span class=\"post-date-day\">\n\t\t\t\t\t14\t\t\t\t<\/span>\n\t\t\t\t<span class=\"post-date-month\">\n\t\t\t\t\tDic\t\t\t\t<\/span>\n\t\t\t<\/div>\n\t\t\t\t\t\t\n\t\t\t<\/header><!-- .entry-header -->\n\n\t\t<div class=\"article-body-container\">\n\t\t\t\n\t\t\t\t\n\t\t\t\t\t\t\t\t\t<h3 class=\"wd-entities-title title post-title\">\n\t\t\t\t\t\t<a href=\"https:\/\/novaenergiaosona.cat\/es\/2023\/12\/14\/reunio-de-treball-sobre-el-foment-i-suport-a-les-comunitats-energetiques-a-la-provincia-de-girona\/\" rel=\"bookmark\">Reuni\u00f3n de trabajo sobre el fomento y apoyo a las comunidades energ\u00e9ticas en la provincia de Girona<\/a>\n\t\t\t\t\t<\/h3>\n\t\t\t\t\n\t\t\t\t\t\t\t\n\t\t\t\t\t\t\t\n\t\t\t\t                    <div class=\"entry-content wd-entry-content\">\n\t\t\t\t\t\t\n\t\t\t\t\t\t\t\t\t\t\t<\/div><!-- .entry-content -->\n\t\t\t\t\n\t\t\t\t\t\t\t\n\t\t\t\n\t\t\t\t\t<\/div>\n\t<\/div>\n<\/article><!-- #post -->\n\n\n\t\t\t\t\n\t\t\t\t\t\t\t<\/div>\n\t\t\t\n\t\t\t\t\t\t\t\t<\/div>\n\t\t\t\t<\/div>\n\t\t\t\t\t<\/div>\n\t\t\t\t<\/div>\n\t\t<div class=\"wd-negative-gap elementor-element elementor-element-2f74bee e-flex e-con-boxed wd-section-disabled e-con e-parent\" data-id=\"2f74bee\" data-element_type=\"container\">\n\t\t\t\t\t<div class=\"e-con-inner\">\n\t\t<div class=\"elementor-element elementor-element-87dfc2c e-con-full e-flex wd-section-disabled e-con e-child\" data-id=\"87dfc2c\" data-element_type=\"container\">\n\t\t\t\t<div class=\"elementor-element elementor-element-464111d elementor-widget elementor-widget-wd_title\" data-id=\"464111d\" data-element_type=\"widget\" data-widget_type=\"wd_title.default\">\n\t\t\t\t<div class=\"elementor-widget-container\">\n\t\t\t\t\t\t<link rel=\"stylesheet\" id=\"wd-section-title-css\" href=\"https:\/\/novaenergiaosona.cat\/wp-content\/themes\/woodmart\/css\/parts\/el-section-title.min.css?ver=7.3.4\" type=\"text\/css\" media=\"all\" \/> \t\t\t\t\t<div class=\"title-wrapper set-mb-s reset-last-child wd-title-color-default wd-title-style-default wd-title-size-default text-center\">\n\n\t\t\t\n\t\t\t<div class=\"liner-continer\">\n\t\t\t\t<h4 class=\"woodmart-title-container title wd-fontsize-l\">Web NEO<\/h4> \n\t\t\t\t\t\t\t<\/div>\n\n\t\t\t\t\t<\/div>\n\t\t\t\t<\/div>\n\t\t\t\t<\/div>\n\t\t\t\t<div class=\"elementor-element elementor-element-c23b2a0 elementor-widget elementor-widget-wd_text_block\" data-id=\"c23b2a0\" data-element_type=\"widget\" data-widget_type=\"wd_text_block.default\">\n\t\t\t\t<div class=\"elementor-widget-container\">\n\t\t\t\t\t\t<link rel=\"stylesheet\" id=\"wd-text-block-css\" href=\"https:\/\/novaenergiaosona.cat\/wp-content\/themes\/woodmart\/css\/parts\/el-text-block.min.css?ver=7.3.4\" type=\"text\/css\" media=\"all\" \/> \t\t\t\t\t<div class=\"wd-text-block reset-last-child text-center\">\n\t\t\t\n\t\t\t<p>\u00bfQuieres conocer la estrategia de transici\u00f3n energ\u00e9tica en Osona?<\/p>\n\t\t\t\t\t<\/div>\n\t\t\t\t<\/div>\n\t\t\t\t<\/div>\n\t\t\t\t<div class=\"elementor-element elementor-element-0cda491 elementor-widget__width-auto elementor-widget elementor-widget-wd_button\" data-id=\"0cda491\" data-element_type=\"widget\" data-widget_type=\"wd_button.default\">\n\t\t\t\t<div class=\"elementor-widget-container\">\n\t\t\t\t\t<div class=\"wd-button-wrapper text-center\" >\n\t\t\t<a class=\"btn btn-style-default btn-style-round btn-size-default btn-color-primary btn-icon-pos-right\"  href=\"https:\/\/novaenergiaosona.cat\/es\/nueva-energia-osona\/\">\n\t\t\t\t<span class=\"wd-btn-text\" data-elementor-setting-key=\"text\">\n\t\t\t\t\tNueva energ\u00eda osona\t\t\t\t<\/span>\n\n\t\t\t\t\t\t\t<\/a>\n\t\t<\/div>\n\t\t\t\t<\/div>\n\t\t\t\t<\/div>\n\t\t\t\t<\/div>\n\t\t\t\t\t<\/div>\n\t\t\t\t<\/div>\n\t\t\t\t<\/div>\n\t\t","protected":false},"excerpt":{"rendered":"<p>02 abr. OSONA, COMARCA PIONERA EN L&#8217;IMPULS DE LA MOBILITAT EL\u00c8CTRICA COMPARTIDA I LA TRANSICI\u00d3 ENERG\u00c8TICA Not\u00edcia publicada al butllet\u00ed<\/p>\n","protected":false},"author":1,"featured_media":0,"parent":16882,"menu_order":0,"comment_status":"closed","ping_status":"closed","template":"","meta":{"_monsterinsights_skip_tracking":false,"_monsterinsights_sitenote_active":false,"_monsterinsights_sitenote_note":"","_monsterinsights_sitenote_category":0,"footnotes":""},"class_list":["post-16794","page","type-page","status-publish","hentry"],"_links":{"self":[{"href":"https:\/\/novaenergiaosona.cat\/es\/wp-json\/wp\/v2\/pages\/16794","targetHints":{"allow":["GET"]}}],"collection":[{"href":"https:\/\/novaenergiaosona.cat\/es\/wp-json\/wp\/v2\/pages"}],"about":[{"href":"https:\/\/novaenergiaosona.cat\/es\/wp-json\/wp\/v2\/types\/page"}],"author":[{"embeddable":true,"href":"https:\/\/novaenergiaosona.cat\/es\/wp-json\/wp\/v2\/users\/1"}],"replies":[{"embeddable":true,"href":"https:\/\/novaenergiaosona.cat\/es\/wp-json\/wp\/v2\/comments?post=16794"}],"version-history":[{"count":6,"href":"https:\/\/novaenergiaosona.cat\/es\/wp-json\/wp\/v2\/pages\/16794\/revisions"}],"predecessor-version":[{"id":17287,"href":"https:\/\/novaenergiaosona.cat\/es\/wp-json\/wp\/v2\/pages\/16794\/revisions\/17287"}],"up":[{"embeddable":true,"href":"https:\/\/novaenergiaosona.cat\/es\/wp-json\/wp\/v2\/pages\/16882"}],"wp:attachment":[{"href":"https:\/\/novaenergiaosona.cat\/es\/wp-json\/wp\/v2\/media?parent=16794"}],"curies":[{"name":"wp","href":"https:\/\/api.w.org\/{rel}","templated":true}]}}