{"id":16777,"date":"2023-11-23T16:28:54","date_gmt":"2023-11-23T15:28:54","guid":{"rendered":"https:\/\/novaenergiaosona.cat\/proteccion-de-datos\/"},"modified":"2024-05-14T09:52:29","modified_gmt":"2024-05-14T07:52:29","slug":"proteccion-de-datos","status":"publish","type":"page","link":"https:\/\/novaenergiaosona.cat\/es\/proteccion-de-datos\/","title":{"rendered":"Protecci\u00f3n de datos"},"content":{"rendered":"\n<p>\u00c9sta es la pol\u00edtica de protecci\u00f3n de datos del Consejo Comarcal de Osona. Se refiere a los datos de personas f\u00edsicas con las que se relaciona en el ejercicio de sus competencias y funciones. El tratamiento se efect\u00faa cumpliendo el Reglamento General de Protecci\u00f3n de Datos ( <em>Reglamento (UE) 2016\/679 del Parlamento Europeo y del Consejo, de 27 de abril de 2016<\/em> ) y la <em>Ley org\u00e1nica 3\/2018, de 5 de diciembre, de protecci\u00f3n de datos personales y garant\u00eda de los derechos digitales<\/em> .<\/p>\n\n\n\n<p><strong>\u00bfQui\u00e9n es el responsable del tratamiento de los datos personales?<\/strong><\/p>\n\n\n\n<p>El responsable del tratamiento de los datos personales es el Consejo Comarcal de Osona (en adelante, el Consejo), con CIF P-5800015-I y domicilio en calle Ramon de Abadal y de Vinyals, 5, 3\u00aa planta, de Vic (CP 08500), correo electr\u00f3nico<a href=\"mailto:informa@ccosona.cat\"><\/a> <a href=\"mailto:informa@ccosona.cat\">informa@ccosona.cat<\/a> .<\/p>\n\n\n\n<p>En el caso de los tratamientos que se efect\u00faen por encargo de entes p\u00fablicos, el Consejo trata los datos en calidad de encargado del tratamiento, siendo el Responsable del Tratamiento el ente delegante.<\/p>\n\n\n\n<p><strong>\u00bfCon qu\u00e9 criterios tratamos los datos personales?<\/strong><\/p>\n\n\n\n<p>En el tratamiento de los datos asumimos plenamente los principios del Reglamento General de Protecci\u00f3n de Datos.<\/p>\n\n\n\n<p>a) Las tratamos de forma l\u00edcita (\u00fanicamente cuando tenemos una base legal que nos lo permite y con transparencia ante el interesado).<\/p>\n\n\n\n<p>b) Las destinamos a las finalidades determinadas, expl\u00edcitas y leg\u00edtimas que expliquemos en el momento de obtenerlas. Posteriormente no los tratamos de forma incompatible con estos fines.<\/p>\n\n\n\n<p>c) Tratamos \u00fanicamente los datos adecuados, pertinentes y limitados a lo necesario en cada caso y para cada finalidad.<\/p>\n\n\n\n<p>d) Nos esforzamos para que los datos est\u00e9n actualizados.<\/p>\n\n\n\n<p>e) Las conservamos durante el tiempo necesario, cumpliendo con la normativa que regula la conservaci\u00f3n de la informaci\u00f3n p\u00fablica.<\/p>\n\n\n\n<p>f) Aplicamos las medidas t\u00e9cnicas u organizativas adecuadas para evitar el tratamiento no autorizado o il\u00edcito, o su p\u00e9rdida, destrucci\u00f3n o da\u00f1o accidental.  <\/p>\n\n\n\n<p>g) Como criterio general s\u00f3lo pueden comunicar datos las personas mayores de 14 a\u00f1os. En caso de menores de 14 a\u00f1os ser\u00e1 necesaria la autorizaci\u00f3n de sus padres o representantes legales.<\/p>\n\n\n\n<p><strong>Quien es el Delegado de Protecci\u00f3n de Datos.<\/strong><\/p>\n\n\n\n<p>El Delegado de Protecci\u00f3n de Datos (DPD) es la persona que supervisa el cumplimiento de la pol\u00edtica de protecci\u00f3n de datos del Consejo Comarcal de Osona, velando por que se traten adecuadamente los datos personales y se protejan los derechos de las personas. Entre sus funciones figura la de atender cualquier duda, sugerencia, queja o reclamaci\u00f3n de las personas de las que se tratan datos. Se puede contactar con el Delegado de Protecci\u00f3n de Datos dirigi\u00e9ndose por escrito a calle Ramon de Abadal y de Vinyals, 5, 3a planta, de Vic (CP 08500) tel. 938 832 212 o en la direcci\u00f3n electr\u00f3nica  <a href=\"mailto:dpd@ccosona.cat\"><\/a><a href=\"mailto:dpd@ccosona.cat\">dpd@ccosona.cat<\/a> .  <\/p>\n\n\n\n<p><strong>Con qu\u00e9 finalidad tratamos los datos<\/strong> <strong>y al que les comunicamos.<\/strong><\/p>\n\n\n\n<p>El Consejo Comarcal trata los datos para ejercer sus competencias y funciones. Los servicios del Consejo Comarcal se describen en su web y en su sede electr\u00f3nica. Una descripci\u00f3n completa de los tratamientos y de las finalidades a las que se destinan los datos figura en el Registro de las Actividades de Tratamiento consultable en este <a href=\"https:\/\/www.seu-e.cat\/ca\/web\/ccosona\/govern-obert-i-transparencia\/informacio-institucional-i-organitzativa\/proteccio-de-dades-personals\/registre-de-les-activitats-de-tractament-de-dades-personals\">enlace<\/a> .<a href=\"https:\/\/www.seu-e.cat\/ca\/web\/ccosona\/govern-obert-i-transparencia\/informacio-institucional-i-organitzativa\/proteccio-de-dades-personals\/registre-de-les-activitats-de-tractament-de-dades-personals\"><\/a><\/p>\n\n\n\n<p>Procedimientos Administrativos y tr\u00e1mites.<\/p>\n\n\n\n<p>En base a las solicitudes de los interesados, utilizamos sus datos para seguir la tramitaci\u00f3n correspondiente. El cat\u00e1logo de tr\u00e1mites y el procedimiento que se sigue se puede consultar en <a href=\"https:\/\/www.seu-e.cat\/ca\/web\/ccosona\/govern-obert-i-transparencia\/serveis-i-tramits\">este enlace<\/a> . Seg\u00fan el procedimiento, los datos se pueden comunicar a otras administraciones competentes en la materia. En algunos casos deben ser objeto de publicaci\u00f3n en cumplimiento del principio de transparencia.<\/p>\n\n\n\n<p>Gesti\u00f3n tributaria y recaudaci\u00f3n.<\/p>\n\n\n\n<p>La gesti\u00f3n de los tributos y la percepci\u00f3n de otros ingresos de derecho p\u00fablico comporta el tratamiento de un importante volumen de datos personales, datos que se tratan de forma continuada y que en algunas ocasiones provienen de otras administraciones. Se tratan \u00fanicamente a tal fin. Siguiendo siempre la normativa reguladora, los datos se pueden comunicar a otras administraciones. En algunos casos deben ser objeto de publicaci\u00f3n a efectos de notificaciones.<\/p>\n\n\n\n<p>Servicios.<\/p>\n\n\n\n<p>Para la prestaci\u00f3n de los servicios tratamos los datos aportados por las personas usuarias o las que hemos obtenido de otras administraciones. Ofrecer estos servicios conlleva a menudo realizar un seguimiento y obtener nuevos datos de las personas usuarias. El cat\u00e1logo de servicios se puede consultar en <a href=\"https:\/\/www.seu-e.cat\/ca\/web\/ccosona\/govern-obert-i-transparencia\/serveis-i-tramits\">este enlace<\/a> . Como criterio general, los datos no se comunican a otras personas sin el consentimiento expl\u00edcito del usuario del servicio.<\/p>\n\n\n\n<p>Actividades.<\/p>\n\n\n\n<p>En la organizaci\u00f3n de actividades culturales, de ocio, formativas o deportivas recibimos datos de las personas que se inscriben, a fin de organizar la actividad. Como criterio general, los datos no se comunican a otras personas sin el consentimiento expl\u00edcito de la persona que participa en la actividad.<\/p>\n\n\n\n<p>Contacto.<\/p>\n\n\n\n<p>Atendemos a las consultas de las personas que utilizan los formularios de contacto de nuestra p\u00e1gina web. Los datos se utilizan \u00fanicamente para este fin y no se comunican a otras personas.<\/p>\n\n\n\n<p>Selecci\u00f3n de personal.<\/p>\n\n\n\n<p>Cuando se convocan procesos de selecci\u00f3n de personal se siguen en todo momento las normas de acceso a la funci\u00f3n p\u00fablica y, en este contexto, los datos aportados por los interesados \u200b\u200bsirven de base para evaluar los m\u00e9ritos y analizar la adecuaci\u00f3n del perfil de los candidatos en funci\u00f3n de los puestos vacantes o de nueva creaci\u00f3n. No se comunican a otras personas si bien durante el proceso, de acuerdo con los contenidos de las bases, se pueden hacer p\u00fablicos datos identificativos para informar de las personas admitidas, excluidas o ganadoras de las plazas.<\/p>\n\n\n\n<p>Env\u00edo de informaci\u00f3n.<\/p>\n\n\n\n<p>Con la autorizaci\u00f3n expl\u00edcita de cada persona utilizamos los datos de contacto que nos ha proporcionado para informarle de nuestras iniciativas, servicios o actividades. Lo hacemos por diferentes canales en funci\u00f3n de c\u00f3mo lo ha autorizado cada persona. No se comunican a otras personas sin su consentimiento.<\/p>\n\n\n\n<p>Gesti\u00f3n de datos de nuestros proveedores.<\/p>\n\n\n\n<p>Registramos y tratamos los datos de los proveedores de quienes obtenemos servicios o bienes. Pueden ser los datos de personas que act\u00faan como aut\u00f3nomos y tambi\u00e9n datos de representantes de personas jur\u00eddicas. Obtenemos los datos imprescindibles para mantener la relaci\u00f3n comercial y los destinamos \u00fanicamente a tal fin. En cumplimiento de obligaciones legales (normativa fiscal) comunicamos datos a la administraci\u00f3n tributaria.<\/p>\n\n\n\n<p><strong>\u00bfCu\u00e1l es la legitimaci\u00f3n legal para el tratamiento de los datos<\/strong> <strong>.<\/strong><\/p>\n\n\n\n<p>Los tratamientos de datos que llevamos a cabo tienen distintos fundamentos legales, seg\u00fan la naturaleza de cada tratamiento.<\/p>\n\n\n\n<p>Cumplimiento de obligaciones legales.<\/p>\n\n\n\n<p>Los tratamientos de los datos en el contexto de procedimientos administrativos se realiza siguiendo las normas reguladoras de cada uno de los procedimientos. Se lleva a cabo en cumplimiento de obligaciones legales.<\/p>\n\n\n\n<p>Cumplir misi\u00f3n en inter\u00e9s p\u00fablico.<\/p>\n\n\n\n<p>Los tratamientos resultantes de la prestaci\u00f3n de nuestros servicios tienen su justificaci\u00f3n al satisfacer el inter\u00e9s p\u00fablico. Tambi\u00e9n las im\u00e1genes que obtenemos con las c\u00e1maras de videovigilancia se tratan por preservar el inter\u00e9s p\u00fablico.<\/p>\n\n\n\n<p>Cumplimiento de una relaci\u00f3n contractual o precontractual.<\/p>\n\n\n\n<p>Tratamos los datos de nuestros proveedores siguiendo la normativa de contrataci\u00f3n propia del sector p\u00fablico, en el grado y con el alcance necesario para el desarrollo de la relaci\u00f3n contractual. En otro sentido, pero tambi\u00e9n en el marco de relaciones contractuales o precontractual, tratamos datos de personas que participan en procesos selectivos o que se incorporen a nuestra instituci\u00f3n.<\/p>\n\n\n\n<p>En base al consentimiento.<\/p>\n\n\n\n<p>Cuando realizamos env\u00edos de informaci\u00f3n de nuestras iniciativas, servicios o actividades tratamos los datos de contacto de los receptores con su autorizaci\u00f3n o consentimiento expl\u00edcito.<\/p>\n\n\n\n<p><strong>Cu\u00e1nto tiempo conservamos los datos<\/strong> <strong>.<\/strong><\/p>\n\n\n\n<p>El tiempo de conservaci\u00f3n de los datos viene determinado por diferentes factores, principalmente el hecho de que los datos sigan siendo necesarios para atender a los fines para los que hayan sido recogidos en cada caso. En segundo lugar se conservan para hacer frente a posibles responsabilidades por el tratamiento de los datos por parte del Consejo Comarcal de Osona, y por atender cualquier requerimiento de otras administraciones p\u00fablicas u \u00f3rganos judiciales.<\/p>\n\n\n\n<p>En consecuencia los datos deben conservarse durante el tiempo necesario para preservar su valor legal o informativo o para acreditar el cumplimiento de las obligaciones legales, pero no por un per\u00edodo superior al necesario de acuerdo con las finalidades del tratamiento.<\/p>\n\n\n\n<p>En determinados casos, como el de los datos que figuran en la documentaci\u00f3n contable y la facturaci\u00f3n, la normativa fiscal obliga a conservarlos hasta que prescriban las responsabilidades en esta materia.<\/p>\n\n\n\n<p>En el caso de los datos que se traten exclusivamente en base al consentimiento de la persona interesada, se conservan hasta que esta persona revoca ese consentimiento.<\/p>\n\n\n\n<p>Por \u00faltimo, en el caso de las im\u00e1genes obtenidas por las c\u00e1maras de videovigilancia, se conservan como m\u00e1ximo durante un mes, si bien en el caso de incidentes que lo justifiquen se conservan el tiempo necesario para facilitar las actuaciones de los cuerpos y fuerzas de seguridad o de los \u00f3rganos judiciales.<\/p>\n\n\n\n<p>La normativa reguladora de la conservaci\u00f3n de la documentaci\u00f3n p\u00fablica, y los dict\u00e1menes de la <a href=\"https:\/\/cultura.gencat.cat\/ca\/temes\/arxius-i-gestio-documental\/cnaatd\/\">Comisi\u00f3n Nacional de Acceso, Evaluaci\u00f3n y Elecci\u00f3n Documental<\/a> son un referente determinan los criterios que seguimos en la conservaci\u00f3n o eliminaci\u00f3n de los datos.<\/p>\n\n\n\n<p><strong>Qu\u00e9 derechos tienen las personas en relaci\u00f3n a los datos que tratamos<\/strong> <strong>.<\/strong><\/p>\n\n\n\n<p>Tal y como prev\u00e9 el Reglamento General de Protecci\u00f3n de Datos, las personas de las que tratamos datos tienen los siguientes derechos:<\/p>\n\n\n\n<p>A saber si se trata. Cualquier persona tiene, en primer lugar, derecho a saber si tratamos sus datos, con independencia de si ha existido una relaci\u00f3n previa.<\/p>\n\n\n\n<p>A ser informado en la recogida. Cuando los datos personales se obtienen del propio interesado, en el momento de proporcionarlos tendr\u00e1 informaci\u00f3n clara de las finalidades a las que se destinar\u00e1n, de qui\u00e9n ser\u00e1 el responsable del tratamiento y de los principales aspectos derivados de este tratamiento.<\/p>\n\n\n\n<p>A acceder. Derecho muy amplio que incluye saber con precisi\u00f3n qu\u00e9 datos personales son objeto de tratamiento, cu\u00e1l es la finalidad por la que se tratan, las comunicaciones a otras personas que se har\u00e1n (en su caso) o el derecho a obtenerlo. copia oa saber el plazo previsto de conservaci\u00f3n.<\/p>\n\n\n\n<p>A pedir su rectificaci\u00f3n. Es el derecho a hacer rectificar los datos inexactos que sean objeto de tratamiento por nuestra parte.<\/p>\n\n\n\n<p>A pedir su supresi\u00f3n. En determinadas circunstancias existe el derecho a pedir la supresi\u00f3n de los datos cuando, entre otros motivos, ya no sean necesarios para los fines para los que fueron recogidos y justificaron su tratamiento.<\/p>\n\n\n\n<p>A pedir la limitaci\u00f3n del tratamiento. Tambi\u00e9n en determinadas circunstancias se reconoce el derecho a solicitar la limitaci\u00f3n del tratamiento de los datos. En este caso dejar\u00e1n de ser tratadas y s\u00f3lo se conservar\u00e1n para el ejercicio o defensa de reclamaciones, de acuerdo con el Reglamento General de Protecci\u00f3n de Datos.<\/p>\n\n\n\n<p>En la portabilidad.<strong> <\/strong>Es el derecho a recibir los datos personales en un formato estructurado, de uso com\u00fan, de lectura mec\u00e1nica e interoperable, oa pedir que se transfieran de esta forma a otro Responsable del tratamiento. Se reconoce este derecho cuando el tratamiento se fundamenta en el consentimiento o relaci\u00f3n contractual.<\/p>\n\n\n\n<p>A oponerse al tratamiento.<strong> <\/strong>Como criterio general, cuando el tratamiento de datos se basa en el cumplimiento de una misi\u00f3n realizada en inter\u00e9s p\u00fablico, una persona puede aducir motivos relacionados con su situaci\u00f3n particular, motivos que obligar\u00edan a dejar de tratar sus datos en el grado o medida que le pueda comportar un perjuicio, salvo que existan motivos leg\u00edtimos para seguir haci\u00e9ndolo o bien que sea necesario para formular o defenderse de reclamaciones.<\/p>\n\n\n\n<p>A no recibir informaci\u00f3n. Atendemos inmediatamente a las peticiones de no seguir recibiendo informaci\u00f3n de nuestras actividades y servicios, cuando estos env\u00edos se fundamentaban \u00fanicamente en el consentimiento de la persona que es receptora.<\/p>\n\n\n\n<p><strong>C\u00f3mo ejercer o defender los derechos.<\/strong><\/p>\n\n\n\n<p>Los derechos que acabamos de enumerar se pueden ejercitar dirigiendo una solicitud al Consejo Comarcal de Osona en la direcci\u00f3n postal o en los dem\u00e1s datos de contacto indicados en el encabezamiento.<\/p>\n\n\n\n<p>Si no se ha obtenido respuesta satisfactoria en el ejercicio de los derechos es posible presentar una reclamaci\u00f3n ante la Autoridad Catalana de Protecci\u00f3n de Datos, por medio de los formularios u otros canales accesibles desde su web ( <a href=\"http:\/\/www.apd.cat\/\">www.apd.cat<\/a> ).<\/p>\n\n\n\n<p>En todos los casos, ya sea para presentar reclamaciones, pedir aclaraciones o enviar sugerencias, es posible dirigirse al Delegado de Protecci\u00f3n de Datos mediante mensaje de correo electr\u00f3nico a la direcci\u00f3n<a href=\"mailto:dpd@ccosona.cat\"><\/a> <a href=\"mailto:dpd@ccosona.cat\">dpd@ccosona.cat<\/a> .<\/p>\n","protected":false},"excerpt":{"rendered":"<p>\u00c9sta es la pol\u00edtica de protecci\u00f3n de datos del Consejo Comarcal de Osona. Se refiere a los datos de personas<\/p>\n","protected":false},"author":1,"featured_media":0,"parent":0,"menu_order":0,"comment_status":"closed","ping_status":"open","template":"","meta":{"_monsterinsights_skip_tracking":false,"_monsterinsights_sitenote_active":false,"_monsterinsights_sitenote_note":"","_monsterinsights_sitenote_category":0,"footnotes":""},"class_list":["post-16777","page","type-page","status-publish","hentry"],"_links":{"self":[{"href":"https:\/\/novaenergiaosona.cat\/es\/wp-json\/wp\/v2\/pages\/16777","targetHints":{"allow":["GET"]}}],"collection":[{"href":"https:\/\/novaenergiaosona.cat\/es\/wp-json\/wp\/v2\/pages"}],"about":[{"href":"https:\/\/novaenergiaosona.cat\/es\/wp-json\/wp\/v2\/types\/page"}],"author":[{"embeddable":true,"href":"https:\/\/novaenergiaosona.cat\/es\/wp-json\/wp\/v2\/users\/1"}],"replies":[{"embeddable":true,"href":"https:\/\/novaenergiaosona.cat\/es\/wp-json\/wp\/v2\/comments?post=16777"}],"version-history":[{"count":5,"href":"https:\/\/novaenergiaosona.cat\/es\/wp-json\/wp\/v2\/pages\/16777\/revisions"}],"predecessor-version":[{"id":17197,"href":"https:\/\/novaenergiaosona.cat\/es\/wp-json\/wp\/v2\/pages\/16777\/revisions\/17197"}],"wp:attachment":[{"href":"https:\/\/novaenergiaosona.cat\/es\/wp-json\/wp\/v2\/media?parent=16777"}],"curies":[{"name":"wp","href":"https:\/\/api.w.org\/{rel}","templated":true}]}}